{"id":754,"date":"2019-08-15T20:18:44","date_gmt":"2019-08-15T18:18:44","guid":{"rendered":"http:\/\/dhr.se\/goteborg\/?page_id=754"},"modified":"2025-12-15T14:53:50","modified_gmt":"2025-12-15T13:53:50","slug":"drivhuset-stockholm","status":"publish","type":"page","link":"https:\/\/dhr.se\/goteborg\/","title":{"rendered":"DHR -G\u00f6teborg"},"content":{"rendered":"<section class=\"block-hero\" style=\"background-image:url(https:\/\/dhr.se\/goteborg\/wp-content\/uploads\/sites\/3\/2020\/05\/Best\u00e4mma-\u00f6ver-sitt-liv-beskuren.jpg);\">\n\n<video autoplay loop playsinline muted loop>\n    <source src=\"\" type=\"video\/mp4\">\n    Your browser does not support HTML5 video.\n<\/video>\n\n<div class=\"overlay overlay-dark\"><\/div>\n    <div class=\"main\">\n        <div class=\"main-inner\">\n            <p class=\"small-title\"><\/p>\n            <h1> V\u00c4LKOMMEN TILL DHR G\u00d6TEBORG<\/h1>\n            <p class=\"text\">V\u00e5rt m\u00e5l \u00e4r att alla m\u00e4nniskor ska k\u00e4nna sig v\u00e4lkomna och inkluderade i samh\u00e4llet. V\u00e5r vision \u00e4r ett universellt utformat samh\u00e4lle \u2013 ett j\u00e4mlikt och j\u00e4mst\u00e4llt samh\u00e4lle d\u00e4r varje m\u00e4nniska ses som en tillg\u00e5ng.<br \/>\r\n<br \/>\r\n<\/p>\n\n\n            \n\n\n\n        <\/div>\n    <\/div>\n<\/section>\n\n<section class=\"block-calender\">\n    <div class=\"main\">\n        <div class=\"main-inner\">\n            <div class=\"title\">\n                <h2>Kalenderh\u00e4ndelser<\/h2>\n                            <\/div>\n            <div class=\"flex-container\">\n\n                                            \n                    \n                                <a class=\"one-post bright-background\" href=\"https:\/\/dhr.se\/goteborg\/event\/kansliet-ar-stangt-over-valborg\/\">\n                                    <div class=\"date\">\n                                        <p class=\"day title-color\"><\/p>\n                                        <p class=\"month title-color\"><\/p>\n                                    <\/div>\n                                    <div class=\"text-container\">\n                                        <h3 class=\"accent-text\">Kansliet \u00e4r st\u00e4ngt \u00f6ver Valborg<\/h3>\n                                        <div class=\"event-info\">\n                                            <p class=\"time\"><\/p>\n                                            <p class=\"place text-darker\"><\/p>\n                                        <\/div>\n                                    <\/div>\n                                <\/a>\n                        \n                                                    \n                    \n                                <a class=\"one-post bright-background\" href=\"https:\/\/dhr.se\/goteborg\/event\/var-hang-med-medlemssociala-kommitten-i-botaniska-tradgarden\/\">\n                                    <div class=\"date\">\n                                        <p class=\"day title-color\">6<\/p>\n                                        <p class=\"month title-color\">Maj<\/p>\n                                    <\/div>\n                                    <div class=\"text-container\">\n                                        <h3 class=\"accent-text\">V\u00e5r-h\u00e4ng med medlemssociala kommitt\u00e9n i Botaniska tr\u00e4dg\u00e5rden<\/h3>\n                                        <div class=\"event-info\">\n                                            <p class=\"time\">6 maj Klockan 13<\/p>\n                                            <p class=\"place text-darker\">Botaniska tr\u00e4dg\u00e5rden<\/p>\n                                        <\/div>\n                                    <\/div>\n                                <\/a>\n                        \n                                                    \n                    \n                                <a class=\"one-post bright-background\" href=\"https:\/\/dhr.se\/goteborg\/event\/skogsbad\/\">\n                                    <div class=\"date\">\n                                        <p class=\"day title-color\">9<\/p>\n                                        <p class=\"month title-color\">Maj<\/p>\n                                    <\/div>\n                                    <div class=\"text-container\">\n                                        <h3 class=\"accent-text\">Skogsbad<\/h3>\n                                        <div class=\"event-info\">\n                                            <p class=\"time\">kl 14 till senast 16.30<\/p>\n                                            <p class=\"place text-darker\">Sisj\u00f6ns naturomr\u00e5de-Sisj\u00f6v\u00e4gen 601.<\/p>\n                                        <\/div>\n                                    <\/div>\n                                <\/a>\n                        \n                           \n            <\/div>\n        <\/div>\n    <\/div>\n<\/section>\n\n<section class=\"block-latest-news bright-background\">\n    <div class=\"main\">\n        <div class=\"main-inner\">\n            <div class=\"title\">\n                <h2>Nyheter<\/h2>\n                                    <a class=\"small-button-underline text-link\" href=\"http:\/\/dhr.se\/goteborg\/nyheter\/\" target=\"_self\">Fler nyheter<\/a>\n                \n            <\/div>\n            \n            <div class=\"flex-container\">\n\n                                        \n                                <div class=\"one-post\">\n                                                                            <a href=\"https:\/\/dhr.se\/goteborg\/l\/\">\n                                            <img loading=\"lazy\" decoding=\"async\" width=\"1134\" height=\"1512\" src=\"https:\/\/dhr.se\/goteborg\/wp-content\/uploads\/sites\/3\/2025\/10\/PO-rapport.jpg\" class=\"attachment-post-thumbnail size-post-thumbnail wp-post-image\" alt=\"Alt=&quot;&quot;\" srcset=\"https:\/\/dhr.se\/goteborg\/wp-content\/uploads\/sites\/3\/2025\/10\/PO-rapport.jpg 1134w, https:\/\/dhr.se\/goteborg\/wp-content\/uploads\/sites\/3\/2025\/10\/PO-rapport-225x300.jpg 225w, https:\/\/dhr.se\/goteborg\/wp-content\/uploads\/sites\/3\/2025\/10\/PO-rapport-768x1024.jpg 768w, https:\/\/dhr.se\/goteborg\/wp-content\/uploads\/sites\/3\/2025\/10\/PO-rapport-50x67.jpg 50w\" sizes=\"auto, (max-width: 1134px) 100vw, 1134px\" \/>                                        <\/a>\n                                                                        <h3>L\u00e4s v\u00e5r senaste bok<\/h3>\n                                    <!--<p class=\"date\"><\/p> -->\n                                    <p class=\"excerpt\"><\/p>\n\n                                    <a class=\"small-button text-link\" href=\"https:\/\/dhr.se\/goteborg\/l\/\">L\u00e4s mer<\/a>\n                                <\/div>\n                        \n                                                \n                                <div class=\"one-post\">\n                                                                        <h3>Hemtj\u00e4nst. Vad inneb\u00e4r det f\u00f6r dem som brukar den?<\/h3>\n                                    <!--<p class=\"date\"><\/p> -->\n                                    <p class=\"excerpt\"><\/p>\n\n                                    <a class=\"small-button text-link\" href=\"https:\/\/dhr.se\/goteborg\/dhr-goteborgspodden\/\">L\u00e4s mer<\/a>\n                                <\/div>\n                        \n                                                \n                                <div class=\"one-post\">\n                                                                            <a href=\"https:\/\/dhr.se\/goteborg\/skattetvang-for-handikappanpassade-fordon-kritiseras\/\">\n                                            <img loading=\"lazy\" decoding=\"async\" width=\"240\" height=\"320\" src=\"https:\/\/dhr.se\/goteborg\/wp-content\/uploads\/sites\/3\/2021\/05\/Micke-2.jpg\" class=\"attachment-post-thumbnail size-post-thumbnail wp-post-image\" alt=\"\" srcset=\"https:\/\/dhr.se\/goteborg\/wp-content\/uploads\/sites\/3\/2021\/05\/Micke-2.jpg 240w, https:\/\/dhr.se\/goteborg\/wp-content\/uploads\/sites\/3\/2021\/05\/Micke-2-225x300.jpg 225w\" sizes=\"auto, (max-width: 240px) 100vw, 240px\" \/>                                        <\/a>\n                                                                        <h3>Skattetv\u00e5ng f\u00f6r handikappanpassade fordon kritiseras<\/h3>\n                                    <!--<p class=\"date\"><\/p> -->\n                                    <p class=\"excerpt\"><\/p>\n\n                                    <a class=\"small-button text-link\" href=\"https:\/\/dhr.se\/goteborg\/skattetvang-for-handikappanpassade-fordon-kritiseras\/\">L\u00e4s mer<\/a>\n                                <\/div>\n                        \n                           \n            <\/div>\n\n                            <a class=\"button big accent\" href=\"http:\/\/dhr.se\/goteborg\/nyheter\/\" target=\"_self\">Fler nyheter<\/a>\n                        \n        <\/div>\n    <\/div>\n<\/section>\n\n<section class=\"block-image-and-text left grey\">\n    <div class=\"main\">\n        <div class=\"main-inner\">\n            <div class=\"left-col\" style=\"background-image: url(https:\/\/dhr.se\/goteborg\/wp-content\/uploads\/sites\/3\/2020\/03\/Kvinna-med-ljust-l\u00e5ngt-h\u00e5r-tittar-in-i-kameran-Botaniska.jpg);\"><\/div>\n\n            <div class=\"right-col\">\n                <h2>Bli medlem i DHR<\/h2>\n                <p class=\"text\">DHR beh\u00f6ver dig som medlem. Oavsett om du v\u00e4ljer att vara aktiv eller bara vill st\u00f6dja oss \u00e4r ditt medlemskap viktigt. Ju fler vi \u00e4r, desto starkare blir v\u00e5r r\u00f6st!<br \/>\r\n<br \/>\r\nUnder DHR:s lite mer \u00e4n 100 \u00e5r (vi fyllde 100 \u00e5r 2023) har villkoren f\u00f6r medlemmarna sj\u00e4lvklart f\u00f6rb\u00e4ttrats. Men nu b\u00f6rjar det bl\u00e5sa kallt igen, och behovet av en stark motst\u00e5ndsr\u00f6relse \u00e4r st\u00f6rre \u00e4n p\u00e5 m\u00e5nga \u00e5r. Den personliga assistansen \u00e4r i fara, parkeringstillst\u00e5nd dras in och det sn\u00e5las p\u00e5 bilst\u00f6d. Vi h\u00f6r till och med \u00e5sikter om att det borde inf\u00f6ras institutioner igen. D\u00e4rf\u00f6r beh\u00f6vs ocks\u00e5 du som medlem!<br \/>\r\n<br \/>\r\nSom medlem i DHR kan du tillsammans med andra medlemmar p\u00e5verka att samh\u00e4llet blir mer j\u00e4mlikt och j\u00e4mst\u00e4llt. Tillsammans med andra medlemmar kan du ocks\u00e5 delta i fritidsaktiviteter, kamratst\u00f6d och social gemenskap.<\/p>\n\n                                    <a class=\"button big accent\" href=\"https:\/\/sbtdhr.mysoft.no\/modules\/blimedlem\/blimedlem.aspx\" target=\"_blank\">Medlemsans\u00f6kan<\/a>\n                            <\/div>\n\n        <\/div>\n    <\/div>\n<\/section>\n\n<section class=\"block-box-links white\">\n    <div class=\"main\">\n        <div class=\"main-inner\">\n            <div class=\"flex-container\">\n\n                                \n                    <div class=\"one-box bright-background\">\n\n                                                    <div class=\"icon icon-statistics\"><\/div>\n                        \n                        <h4>R\u00e4ttighetsikoner<\/h4>\n                        <p>DHR har gjort det m\u00e5nga sagt borde g\u00f6ras \u2013 illustrerat artiklar ur Konventionen om r\u00e4ttigheter f\u00f6r personer med funktionsneds\u00e4ttning. Vi kopplar dem till de globala m\u00e5len \u2013 inte alla utan de som har direkt b\u00e4ring p\u00e5 personer med funktionsneds\u00e4ttning. <\/p>\n\n                                                    <a class=\"small-button text-link\" href=\"https:\/\/dhr.se\/globalarattigheter\" target=\"_blank\">Globala r\u00e4ttigheter<\/a>\n                                                \n                    <\/div>\n\n                                    \n                    <div class=\"one-box bright-background\">\n\n                                                    <div class=\"icon icon-document\"><\/div>\n                        \n                        <h4>VI G\u00d6R!<\/h4>\n                        <p>DHR:s G\u00f6teborgsavdelning arbetar utifr\u00e5n din vardag. Den blir v\u00e5rt r\u00e4ttighetspolitiska arbete. Vi tar fram fakta och beslutsunderlag, f\u00f6r tj\u00e4nstem\u00e4n och beslutsfattare, utifr\u00e5n de erfarenheter som m\u00e4nniskor med nedsatt r\u00f6relsef\u00f6rm\u00e5ga har.<\/p>\n\n                                                    <a class=\"small-button text-link\" href=\"http:\/\/dhr.se\/goteborg\/vad-vi-gor\/\" target=\"_self\">Vad vi g\u00f6r<\/a>\n                                                \n                    <\/div>\n\n                                    \n                    <div class=\"one-box bright-background\">\n\n                                                    <div class=\"icon icon-bulb\"><\/div>\n                        \n                        <h4>VI VILL!<\/h4>\n                        <p>Alla m\u00e4nniskor har lika v\u00e4rde! Och det oavsett k\u00f6n, k\u00f6nsidentitet eller k\u00f6nsuttryck, etnisk tillh\u00f6righet, religion eller annan trosuppfattning, funktionsneds\u00e4ttning, sexuell l\u00e4ggning eller \u00e5lder.<\/p>\n\n                                                \n                    <\/div>\n\n                    \n            <\/div>\n        <\/div>\n    <\/div>\n<\/section>\n\n\n<p><\/p>\n","protected":false},"excerpt":{"rendered":"","protected":false},"author":4,"featured_media":0,"parent":0,"menu_order":0,"comment_status":"closed","ping_status":"closed","template":"","meta":{"_acf_changed":false,"_monsterinsights_skip_tracking":false,"_monsterinsights_sitenote_active":false,"_monsterinsights_sitenote_note":"","_monsterinsights_sitenote_category":0,"footnotes":""},"class_list":["post-754","page","type-page","status-publish","hentry"],"acf":[],"yoast_head":"<!-- This site is optimized with the Yoast SEO plugin v27.5 - https:\/\/yoast.com\/product\/yoast-seo-wordpress\/ -->\n<title>DHR -G\u00f6teborg - DHR - G\u00f6teborg<\/title>\n<meta name=\"robots\" content=\"index, follow, max-snippet:-1, max-image-preview:large, max-video-preview:-1\" \/>\n<link rel=\"canonical\" href=\"https:\/\/dhr.se\/goteborg\/\" \/>\n<meta property=\"og:locale\" content=\"sv_SE\" \/>\n<meta property=\"og:type\" content=\"article\" \/>\n<meta property=\"og:title\" content=\"DHR -G\u00f6teborg - DHR - G\u00f6teborg\" \/>\n<meta property=\"og:url\" content=\"https:\/\/dhr.se\/goteborg\/\" \/>\n<meta property=\"og:site_name\" content=\"DHR - G\u00f6teborg\" \/>\n<meta property=\"article:modified_time\" content=\"2025-12-15T13:53:50+00:00\" \/>\n<meta name=\"twitter:card\" content=\"summary_large_image\" \/>\n<script type=\"application\/ld+json\" class=\"yoast-schema-graph\">{\"@context\":\"https:\\\/\\\/schema.org\",\"@graph\":[{\"@type\":\"WebPage\",\"@id\":\"https:\\\/\\\/dhr.se\\\/goteborg\\\/\",\"url\":\"https:\\\/\\\/dhr.se\\\/goteborg\\\/\",\"name\":\"DHR -G\u00f6teborg - DHR - G\u00f6teborg\",\"isPartOf\":{\"@id\":\"https:\\\/\\\/dhr.se\\\/goteborg\\\/#website\"},\"datePublished\":\"2019-08-15T18:18:44+00:00\",\"dateModified\":\"2025-12-15T13:53:50+00:00\",\"breadcrumb\":{\"@id\":\"https:\\\/\\\/dhr.se\\\/goteborg\\\/#breadcrumb\"},\"inLanguage\":\"sv-SE\",\"potentialAction\":[{\"@type\":\"ReadAction\",\"target\":[\"https:\\\/\\\/dhr.se\\\/goteborg\\\/\"]}]},{\"@type\":\"BreadcrumbList\",\"@id\":\"https:\\\/\\\/dhr.se\\\/goteborg\\\/#breadcrumb\",\"itemListElement\":[{\"@type\":\"ListItem\",\"position\":1,\"name\":\"Hem\",\"item\":\"https:\\\/\\\/dhr.se\\\/goteborg\\\/\"},{\"@type\":\"ListItem\",\"position\":2,\"name\":\"DHR -G\u00f6teborg\"}]},{\"@type\":\"WebSite\",\"@id\":\"https:\\\/\\\/dhr.se\\\/goteborg\\\/#website\",\"url\":\"https:\\\/\\\/dhr.se\\\/goteborg\\\/\",\"name\":\"DHR - G\u00f6teborg\",\"description\":\"Delaktighet, r\u00f6relsefrihet och handlingskraft\",\"potentialAction\":[{\"@type\":\"SearchAction\",\"target\":{\"@type\":\"EntryPoint\",\"urlTemplate\":\"https:\\\/\\\/dhr.se\\\/goteborg\\\/?s={search_term_string}\"},\"query-input\":{\"@type\":\"PropertyValueSpecification\",\"valueRequired\":true,\"valueName\":\"search_term_string\"}}],\"inLanguage\":\"sv-SE\"}]}<\/script>\n<!-- \/ Yoast SEO plugin. -->","yoast_head_json":{"title":"DHR -G\u00f6teborg - DHR - G\u00f6teborg","robots":{"index":"index","follow":"follow","max-snippet":"max-snippet:-1","max-image-preview":"max-image-preview:large","max-video-preview":"max-video-preview:-1"},"canonical":"https:\/\/dhr.se\/goteborg\/","og_locale":"sv_SE","og_type":"article","og_title":"DHR -G\u00f6teborg - DHR - G\u00f6teborg","og_url":"https:\/\/dhr.se\/goteborg\/","og_site_name":"DHR - G\u00f6teborg","article_modified_time":"2025-12-15T13:53:50+00:00","twitter_card":"summary_large_image","schema":{"@context":"https:\/\/schema.org","@graph":[{"@type":"WebPage","@id":"https:\/\/dhr.se\/goteborg\/","url":"https:\/\/dhr.se\/goteborg\/","name":"DHR -G\u00f6teborg - DHR - G\u00f6teborg","isPartOf":{"@id":"https:\/\/dhr.se\/goteborg\/#website"},"datePublished":"2019-08-15T18:18:44+00:00","dateModified":"2025-12-15T13:53:50+00:00","breadcrumb":{"@id":"https:\/\/dhr.se\/goteborg\/#breadcrumb"},"inLanguage":"sv-SE","potentialAction":[{"@type":"ReadAction","target":["https:\/\/dhr.se\/goteborg\/"]}]},{"@type":"BreadcrumbList","@id":"https:\/\/dhr.se\/goteborg\/#breadcrumb","itemListElement":[{"@type":"ListItem","position":1,"name":"Hem","item":"https:\/\/dhr.se\/goteborg\/"},{"@type":"ListItem","position":2,"name":"DHR -G\u00f6teborg"}]},{"@type":"WebSite","@id":"https:\/\/dhr.se\/goteborg\/#website","url":"https:\/\/dhr.se\/goteborg\/","name":"DHR - G\u00f6teborg","description":"Delaktighet, r\u00f6relsefrihet och handlingskraft","potentialAction":[{"@type":"SearchAction","target":{"@type":"EntryPoint","urlTemplate":"https:\/\/dhr.se\/goteborg\/?s={search_term_string}"},"query-input":{"@type":"PropertyValueSpecification","valueRequired":true,"valueName":"search_term_string"}}],"inLanguage":"sv-SE"}]}},"publishpress_future_workflow_manual_trigger":{"enabledWorkflows":[]},"_links":{"self":[{"href":"https:\/\/dhr.se\/goteborg\/wp-json\/wp\/v2\/pages\/754","targetHints":{"allow":["GET"]}}],"collection":[{"href":"https:\/\/dhr.se\/goteborg\/wp-json\/wp\/v2\/pages"}],"about":[{"href":"https:\/\/dhr.se\/goteborg\/wp-json\/wp\/v2\/types\/page"}],"author":[{"embeddable":true,"href":"https:\/\/dhr.se\/goteborg\/wp-json\/wp\/v2\/users\/4"}],"replies":[{"embeddable":true,"href":"https:\/\/dhr.se\/goteborg\/wp-json\/wp\/v2\/comments?post=754"}],"version-history":[{"count":0,"href":"https:\/\/dhr.se\/goteborg\/wp-json\/wp\/v2\/pages\/754\/revisions"}],"wp:attachment":[{"href":"https:\/\/dhr.se\/goteborg\/wp-json\/wp\/v2\/media?parent=754"}],"curies":[{"name":"wp","href":"https:\/\/api.w.org\/{rel}","templated":true}]}}