{"id":1959,"date":"2020-05-01T09:57:53","date_gmt":"2020-05-01T07:57:53","guid":{"rendered":"http:\/\/dhr.se\/halland\/?page_id=1959"},"modified":"2022-06-08T09:52:23","modified_gmt":"2022-06-08T07:52:23","slug":"verksamhetsomraden","status":"publish","type":"page","link":"https:\/\/dhr.se\/halland\/verksamhetsomraden\/","title":{"rendered":"Verksamhetsomr\u00e5den"},"content":{"rendered":"<section class=\"block-simple-text\">\n    <div class=\"main\">\n        <div class=\"main-inner\">\n            <div class=\"ingress text-darker\"><p>DHR Region Halland Verksamhetsomr\u00e5den<\/p>\n<\/div>\n            <div class=\"content\"><p><strong>Det allm\u00e4nna arbetet<\/strong><\/p>\n<p>DHR Region Halland medverkar till att<\/p>\n<p>\u2013 ge avdelningarna <strong>support<\/strong> i olika fr\u00e5gor, samt underl\u00e4tta f\u00f6ruts\u00e4ttningar f\u00f6r deras medlemsrekrytering.<br \/>\n\u2013 Utveckla <strong>samarbeten<\/strong> med andra distrikt inom valkretsen. Kallat Forum Syd, best\u00e5ende av distrikten Blekinge, Kalmar och Kronobergs l\u00e4n samt Sk\u00e5ne. F\u00f6r att f\u00e5 kompetens, erfarenhet och en bra samarbetsplattform f\u00f6r v\u00e5rt gemensamma arbete, f\u00f6r DHR.<\/p>\n<p>&nbsp;<\/p>\n<p><strong>Tillg\u00e4nglighet<br \/>\n<\/strong>I det regionala Funktionshinderr\u00e5det och dess referensgrupp d\u00e4r vi har representanter som driver och p\u00e5verkar de olika tillg\u00e4nglighetsfr\u00e5gorna.<\/p>\n<p><strong>P\u00e5verkansarbete<br \/>\n<\/strong>P\u00e5verkansarbete i Region Halland bedrivs genom Regionala Funktionshinderr\u00e5det, f\u00f6r fr\u00e5gor som handlar om V\u00e5rd, omsorg och tillg\u00e4nglighet.<br \/>\nDe fr\u00e5gor som ber\u00f6r t.ex. V\u00e5rdcentraler i respektive kommun, skall rapporteras till Regionala Funktionshinderr\u00e5det, via det Regionala Funktionshinderr\u00e5det referensgrupp. Referensgruppen har fyra m\u00f6ten per \u00e5r.<\/p>\n<p><strong>Avdelningarnas p\u00e5verkansarbete<br \/>\n<\/strong>Varje avdelning driver sina kommunala fr\u00e5gorna, i huvudsak genom respektive Kommunala r\u00e5dens Referensgrupp<br \/>\nDHR Region Halland prioriterade p\u00e5verkans omr\u00e5den \u00e4r LSS, tillg\u00e4nglighet och omsorgen<\/p>\n<p><strong>Utbildning<br \/>\n<\/strong>F\u00f6r att \u00f6ka kompetensen s\u00e5 unders\u00f6ker vi vika utbildnings m\u00f6jligheter det finns inom ABF och DHR. Dessa utbildningar publiceras p\u00e5 hemsidan.<br \/>\nDet finns olika seminarier lokalt, regionalt och centralt som en del i kompetens utvecklingen.<\/p>\n<\/div>\n        <\/div>\n    <\/div>\n<\/section>\n\n<section class=\"block-textbox\" style=\"background-image:url();\">\n    <div class=\"main\">\n        <div class=\"main-inner\">\n\n                <div class=\"text-container\">\n                    <h2><\/h2>\n                    <p><br \/>\r\n<\/p>\n\n                    \n                <\/div>\n\n        <\/div>\n    <\/div>\n<\/section>\n\n<section class=\"block-simple-text\">\n    <div class=\"main\">\n        <div class=\"main-inner\">\n            <div class=\"ingress text-darker\"><\/div>\n            <div class=\"content\"><\/div>\n        <\/div>\n    <\/div>\n<\/section>\n\n<section class=\"block-simple-text\">\n    <div class=\"main\">\n        <div class=\"main-inner\">\n            <div class=\"ingress text-darker\"><\/div>\n            <div class=\"content\"><\/div>\n        <\/div>\n    <\/div>\n<\/section>\n\n<section class=\"block-simple-text\">\n    <div class=\"main\">\n        <div class=\"main-inner\">\n            <div class=\"ingress text-darker\"><\/div>\n            <div class=\"content\"><\/div>\n        <\/div>\n    <\/div>\n<\/section>","protected":false},"excerpt":{"rendered":"","protected":false},"author":33,"featured_media":0,"parent":0,"menu_order":0,"comment_status":"closed","ping_status":"closed","template":"","meta":{"_acf_changed":false,"_monsterinsights_skip_tracking":false,"_monsterinsights_sitenote_active":false,"_monsterinsights_sitenote_note":"","_monsterinsights_sitenote_category":0,"footnotes":""},"class_list":["post-1959","page","type-page","status-publish","hentry"],"acf":[],"yoast_head":"<!-- This site is optimized with the Yoast SEO plugin v27.2 - https:\/\/yoast.com\/product\/yoast-seo-wordpress\/ -->\n<title>Verksamhetsomr\u00e5den - DHR - Region Halland<\/title>\n<meta name=\"robots\" content=\"index, follow, max-snippet:-1, max-image-preview:large, max-video-preview:-1\" \/>\n<link rel=\"canonical\" href=\"https:\/\/dhr.se\/halland\/verksamhetsomraden\/\" \/>\n<meta property=\"og:locale\" content=\"sv_SE\" \/>\n<meta property=\"og:type\" content=\"article\" \/>\n<meta property=\"og:title\" content=\"Verksamhetsomr\u00e5den - DHR - Region Halland\" \/>\n<meta property=\"og:url\" content=\"https:\/\/dhr.se\/halland\/verksamhetsomraden\/\" \/>\n<meta property=\"og:site_name\" content=\"DHR - Region Halland\" \/>\n<meta property=\"article:modified_time\" content=\"2022-06-08T07:52:23+00:00\" \/>\n<meta name=\"twitter:card\" content=\"summary_large_image\" \/>\n<script type=\"application\/ld+json\" class=\"yoast-schema-graph\">{\"@context\":\"https:\/\/schema.org\",\"@graph\":[{\"@type\":\"WebPage\",\"@id\":\"https:\/\/dhr.se\/halland\/verksamhetsomraden\/\",\"url\":\"https:\/\/dhr.se\/halland\/verksamhetsomraden\/\",\"name\":\"Verksamhetsomr\u00e5den - DHR - Region Halland\",\"isPartOf\":{\"@id\":\"https:\/\/dhr.se\/halland\/#website\"},\"datePublished\":\"2020-05-01T07:57:53+00:00\",\"dateModified\":\"2022-06-08T07:52:23+00:00\",\"breadcrumb\":{\"@id\":\"https:\/\/dhr.se\/halland\/verksamhetsomraden\/#breadcrumb\"},\"inLanguage\":\"sv-SE\",\"potentialAction\":[{\"@type\":\"ReadAction\",\"target\":[\"https:\/\/dhr.se\/halland\/verksamhetsomraden\/\"]}]},{\"@type\":\"BreadcrumbList\",\"@id\":\"https:\/\/dhr.se\/halland\/verksamhetsomraden\/#breadcrumb\",\"itemListElement\":[{\"@type\":\"ListItem\",\"position\":1,\"name\":\"Hem\",\"item\":\"https:\/\/dhr.se\/halland\/\"},{\"@type\":\"ListItem\",\"position\":2,\"name\":\"Verksamhetsomr\u00e5den\"}]},{\"@type\":\"WebSite\",\"@id\":\"https:\/\/dhr.se\/halland\/#website\",\"url\":\"https:\/\/dhr.se\/halland\/\",\"name\":\"DHR - Region Halland\",\"description\":\"Delaktighet, r\u00f6relsefrihet och handlingskraft\",\"potentialAction\":[{\"@type\":\"SearchAction\",\"target\":{\"@type\":\"EntryPoint\",\"urlTemplate\":\"https:\/\/dhr.se\/halland\/?s={search_term_string}\"},\"query-input\":{\"@type\":\"PropertyValueSpecification\",\"valueRequired\":true,\"valueName\":\"search_term_string\"}}],\"inLanguage\":\"sv-SE\"}]}<\/script>\n<!-- \/ Yoast SEO plugin. -->","yoast_head_json":{"title":"Verksamhetsomr\u00e5den - DHR - Region Halland","robots":{"index":"index","follow":"follow","max-snippet":"max-snippet:-1","max-image-preview":"max-image-preview:large","max-video-preview":"max-video-preview:-1"},"canonical":"https:\/\/dhr.se\/halland\/verksamhetsomraden\/","og_locale":"sv_SE","og_type":"article","og_title":"Verksamhetsomr\u00e5den - DHR - Region Halland","og_url":"https:\/\/dhr.se\/halland\/verksamhetsomraden\/","og_site_name":"DHR - Region Halland","article_modified_time":"2022-06-08T07:52:23+00:00","twitter_card":"summary_large_image","schema":{"@context":"https:\/\/schema.org","@graph":[{"@type":"WebPage","@id":"https:\/\/dhr.se\/halland\/verksamhetsomraden\/","url":"https:\/\/dhr.se\/halland\/verksamhetsomraden\/","name":"Verksamhetsomr\u00e5den - DHR - Region Halland","isPartOf":{"@id":"https:\/\/dhr.se\/halland\/#website"},"datePublished":"2020-05-01T07:57:53+00:00","dateModified":"2022-06-08T07:52:23+00:00","breadcrumb":{"@id":"https:\/\/dhr.se\/halland\/verksamhetsomraden\/#breadcrumb"},"inLanguage":"sv-SE","potentialAction":[{"@type":"ReadAction","target":["https:\/\/dhr.se\/halland\/verksamhetsomraden\/"]}]},{"@type":"BreadcrumbList","@id":"https:\/\/dhr.se\/halland\/verksamhetsomraden\/#breadcrumb","itemListElement":[{"@type":"ListItem","position":1,"name":"Hem","item":"https:\/\/dhr.se\/halland\/"},{"@type":"ListItem","position":2,"name":"Verksamhetsomr\u00e5den"}]},{"@type":"WebSite","@id":"https:\/\/dhr.se\/halland\/#website","url":"https:\/\/dhr.se\/halland\/","name":"DHR - Region Halland","description":"Delaktighet, r\u00f6relsefrihet och handlingskraft","potentialAction":[{"@type":"SearchAction","target":{"@type":"EntryPoint","urlTemplate":"https:\/\/dhr.se\/halland\/?s={search_term_string}"},"query-input":{"@type":"PropertyValueSpecification","valueRequired":true,"valueName":"search_term_string"}}],"inLanguage":"sv-SE"}]}},"publishpress_future_action":{"enabled":false,"date":"2026-05-04 02:00:36","action":"change-status","newStatus":"draft","terms":[],"taxonomy":"translation_priority","extraData":[]},"publishpress_future_workflow_manual_trigger":{"enabledWorkflows":[]},"_links":{"self":[{"href":"https:\/\/dhr.se\/halland\/wp-json\/wp\/v2\/pages\/1959","targetHints":{"allow":["GET"]}}],"collection":[{"href":"https:\/\/dhr.se\/halland\/wp-json\/wp\/v2\/pages"}],"about":[{"href":"https:\/\/dhr.se\/halland\/wp-json\/wp\/v2\/types\/page"}],"author":[{"embeddable":true,"href":"https:\/\/dhr.se\/halland\/wp-json\/wp\/v2\/users\/33"}],"replies":[{"embeddable":true,"href":"https:\/\/dhr.se\/halland\/wp-json\/wp\/v2\/comments?post=1959"}],"version-history":[{"count":0,"href":"https:\/\/dhr.se\/halland\/wp-json\/wp\/v2\/pages\/1959\/revisions"}],"wp:attachment":[{"href":"https:\/\/dhr.se\/halland\/wp-json\/wp\/v2\/media?parent=1959"}],"curies":[{"name":"wp","href":"https:\/\/api.w.org\/{rel}","templated":true}]}}