{"id":2142,"date":"2025-10-12T21:05:18","date_gmt":"2025-10-12T19:05:18","guid":{"rendered":"https:\/\/dhr.se\/hoganas\/?page_id=2142"},"modified":"2026-04-16T22:24:14","modified_gmt":"2026-04-16T20:24:14","slug":"aktuellt","status":"publish","type":"page","link":"https:\/\/dhr.se\/hoganas\/aktuellt\/","title":{"rendered":"Aktuellt"},"content":{"rendered":"<section class=\"block-simple-text\">\n    <div class=\"main\">\n        <div class=\"main-inner\">\n            <div class=\"ingress text-darker\"><p class=\"p1\"><span class=\"s1\">Hej <\/span><\/p>\n<p class=\"p1\"><span class=\"s1\">\u201dJag vill tacka alla medlemmar som kom p\u00e5 v\u00e5rt \u00e5rsm\u00f6te ikv\u00e4ll med DHR H\u00f6gan\u00e4s:-) \u201d<\/span><\/p>\n<p class=\"p3\"><span class=\"s2\">\u201dJag vill ocks\u00e5 tacka f\u00f6r f\u00f6rtroendet att bli vald till ordf\u00f6rande och ser framemot arbetet tillsammans med styrelsen best\u00e5ende av Pernilla , Jenny , Ian , Stefan, Hans och Annette i och f\u00f6r DHR. \u201d<\/span><\/p>\n<p class=\"p3\"><span class=\"s2\">DHR H\u00f6gan\u00e4s <\/span><\/p>\n<p class=\"p3\"><span class=\"s2\">Vi \u00e4r en organisation f\u00f6r personer med funktionsneds\u00e4ttning och funktionsvariation. V\u00e5rt m\u00e5l \u00e4r att alla m\u00e4nniskor ska k\u00e4nna sig v\u00e4lkomna och inkluderade i samh\u00e4llet. V\u00e5r vision \u00e4r ett universellt utformat samh\u00e4lle \u2013 ett j\u00e4mlikt och j\u00e4mst\u00e4llt samh\u00e4lle d\u00e4r varje m\u00e4nniska ses som en tillg\u00e5ng.<\/span><\/p>\n<p class=\"p3\"><span class=\"s2\">V\u00e4l m\u00f6tt och tack igen f\u00f6r f\u00f6rtroendet <\/span><\/p>\n<p class=\"p3\"><span class=\"s2\">Med v\u00e4nlig h\u00e4lsning, <\/span><\/p>\n<p class=\"p3\"><span class=\"s2\">Ordf\u00f6rande Emma Wennerholm och styrelsen <\/span><\/p>\n<\/div>\n            <div class=\"content\"><\/div>\n        <\/div>\n    <\/div>\n<\/section>\n\n<section class=\"block-image-and-text left white\">\n    <div class=\"main\">\n        <div class=\"main-inner\">\n            <div class=\"left-col\" style=\"background-image: url(https:\/\/dhr.se\/hoganas\/wp-content\/uploads\/sites\/79\/2026\/03\/IMG_8080.jpeg);\"><\/div>\n\n            <div class=\"right-col\">\n                <h2>V\u00e4lkomna till extra \u00e5rsm\u00f6te 16 april 2026 klockan 18.30 <\/h2>\n                <p class=\"text\">Hej <br \/>\r\n<br \/>\r\nDHR &#8211; H\u00f6gan\u00e4s kallar alla medlemmar v\u00e4lkomna till extra \u00e5rsm\u00f6te 2026 \u2013 04-16<br \/>\r\nPlats: HSO H\u00f6gan\u00e4s Lokal Kabyssen L\u00e5ngar\u00f6dsv\u00e4gen 30 18.30<br \/>\r\n<br \/>\r\nVi har kommit l\u00e5ngt in i 2026 och det \u00e4r dags f\u00f6r ett \u00e5rsm\u00f6te d\u00e4r vi redovisar verksamheten och<br \/>\r\nber\u00e4ttelsen f\u00f6r 2025.<br \/>\r\n<br \/>\r\nProgram:<br \/>\r\n\u2022 Verksamhetsber\u00e4ttelse och \u00e5rsredovisning, styrelseval m.m<br \/>\r\n<br \/>\r\n\u2022 L\u00e4ttare f\u00f6rt\u00e4ring s\u00e5 styrelsen vill g\u00e4rna att ni anm\u00e4ler er<br \/>\r\n<br \/>\r\nAnm\u00e4l er till vice ordf\u00f6rande Emma Wennerholm 0735304238 eller till v\u00e5r mail: hoganas@dhr.se senast 13 april 2026<br \/>\r\n<br \/>\r\n<br \/>\r\nAlla medlemmar \u00e4r hj\u00e4rtligt v\u00e4lkomna, unga som \u00e4ldre, nya medlemmar som befintliga. <br \/>\r\n<br \/>\r\nTa g\u00e4rna<br \/>\r\nmed en v\u00e4n.<br \/>\r\n<br \/>\r\nHemsida: https:\/\/dhr.se\/hoganas\/<br \/>\r\n<br \/>\r\nMed v\u00e4nlig h\u00e4lsning,<br \/>\r\n<br \/>\r\nDHR H\u00f6gan\u00e4s<\/p>\n\n                            <\/div>\n\n        <\/div>\n    <\/div>\n<\/section>\n\n<section class=\"block-image-and-text left white\">\n    <div class=\"main\">\n        <div class=\"main-inner\">\n            <div class=\"left-col\" style=\"background-image: url(https:\/\/dhr.se\/hoganas\/wp-content\/uploads\/sites\/79\/2026\/02\/IMG_7148.jpeg);\"><\/div>\n\n            <div class=\"right-col\">\n                <h2>\u00c5rsm\u00f6te med DHR H\u00f6gan\u00e4s <\/h2>\n                <p class=\"text\">DHR &#8211; H\u00f6gan\u00e4s kallar alla medlemmar v\u00e4lkomna till \u00e5rsm\u00f6te 2026 \u2013 03 \u2013 04<br \/>\r\n<br \/>\r\nVi har kommit l\u00e5ngt in i 2026 och det \u00e4r dags f\u00f6r ett \u00e5rsm\u00f6te d\u00e4r vi redovisar verksamheten och<br \/>\r\n<br \/>\r\nber\u00e4ttelsen av dito f\u00f6r 2025.<br \/>\r\n<br \/>\r\n<br \/>\r\nProgram:<br \/>\r\n<br \/>\r\n\u2022 Vi har bjudit in en g\u00e4st, Yasmine Bladelius, f\u00f6r att ber\u00e4tta om det sociala ansvaret man i ett<br \/>\r\n<br \/>\r\nsamh\u00e4lle \u00e4ger. Fr\u00e5n de som styr till alla som lever och bor i ens n\u00e4rhet. Detta \u00e4r generellt f\u00f6r<br \/>\r\n<br \/>\r\nhela landet men denna ber\u00e4ttelse tar sats i H\u00f6gan\u00e4s f\u00f6rr och nu i synnerhet.<br \/>\r\n<br \/>\r\n<br \/>\r\n\u2022 Verksamhetsber\u00e4ttelse och \u00e5rsredovisning, styrelseval m.m<br \/>\r\n<br \/>\r\n<br \/>\r\n\u2022 M\u00e5ltid: Vi v\u00e4ljer fr\u00e5n H\u00f6gan\u00e4s hamnkrogs pubmeny. K\u00f6tt eller fisk bokas i anm\u00e4lan.<br \/>\r\n<br \/>\r\nAlternativ 1: 200 g H\u00f6grevsburgare, med sallad, ost, dressing, r\u00f6dl\u00f6k, jalapenos, pressgurka.<br \/>\r\n<br \/>\r\nServeras med pommes.<br \/>\r\n<br \/>\r\nAlternativ 2: 250 g Fish n\u00b4 Chips. Serveras med tartars\u00e5s, citron och pommes<br \/>\r\n<br \/>\r\nDessert med chokladkaka o Kaffe<br \/>\r\n<br \/>\r\nMedlemspriser 175 Sek per person ( Hamnkrogens priser 279 Sek)<br \/>\r\n<br \/>\r\nOBS! Dryck till sj\u00e4lvkostnadspriser.<br \/>\r\n<br \/>\r\n<br \/>\r\n\u2022 Eftersom maten f\u00f6rbest\u00e4lls \u00e4r anm\u00e4lan bindande.<br \/>\r\n<br \/>\r\nAnm\u00e4l er till Stefan B. 0702 \u2013 64 28 50 eller e-post: berggrenstefan65@gmail.com senast 1 mars 2026<br \/>\r\n<br \/>\r\n<br \/>\r\nHemsida: https:\/\/dhr.se\/hoganas\/<br \/>\r\n<br \/>\r\nV\u00e4lkomna <br \/>\r\n<br \/>\r\nAlla medlemmar \u00e4r hj\u00e4rtligt v\u00e4lkomna, unga som \u00e4ldre, nya medlemmar som befintliga. Ta g\u00e4rna med en v\u00e4n<\/p>\n\n                            <\/div>\n\n        <\/div>\n    <\/div>\n<\/section>\n\n<section class=\"block-image-and-text left white\">\n    <div class=\"main\">\n        <div class=\"main-inner\">\n            <div class=\"left-col\" style=\"background-image: url(https:\/\/dhr.se\/hoganas\/wp-content\/uploads\/sites\/79\/2026\/01\/IMG_6968.jpeg);\"><\/div>\n\n            <div class=\"right-col\">\n                <h2><\/h2>\n                <p class=\"text\">F\u00f6rslag p\u00e5 kandidater till styrelseuppdrag m m inom DHR H\u00f6gan\u00e4s ska vara valberedningen, Bengt Silfverstrand, tillhanda senast onsdag 11\/2. Eventuella motioner ska vara styrelsen, Stefan Berggren, tillhanda senast onsdag 11\/2.<br \/>\r\nKallelse till \u00e5rsm\u00f6tet onsdag 4\/3 kommer h\u00e4r och i HD l\u00f6rdagen den 14\/2.<\/p>\n\n                            <\/div>\n\n        <\/div>\n    <\/div>\n<\/section>\n\n<section class=\"block-simple-text\">\n    <div class=\"main\">\n        <div class=\"main-inner\">\n            <div class=\"ingress text-darker\"><p>Organisationen DHR (Delaktighet, handlingskraft, r\u00f6relsefrihet) arbetar f\u00f6r att ta tillvara r\u00e4ttigheter f\u00f6r personer med nedsatt r\u00f6relsef\u00f6rm\u00e5ga. H\u00f6gan\u00e4savdelningen har delat ut ett tillg\u00e4nglighetspris sedan 2015. Marianne Klittvall har enligt motiveringen till priset med sitt \u201dlivsl\u00e5nga engagemang f\u00f6r och inlevelse i andra m\u00e4nniskors livsvillkor blivit sinnebilden f\u00f6r vad DHR st\u00e5r f\u00f6r \u2013 alla m\u00e4nniskors lika v\u00e4rde.\u201d<\/p>\n<p><a href=\"https:\/\/www.hd.se\/familj\/postumt-pris-till-eldsjal-i-hoganas\/?shareSource=iossharebutton\">https:\/\/www.hd.se\/familj\/postumt-pris-till-eldsjal-i-hoganas\/?shareSource=iossharebutton<\/a><\/p>\n<\/div>\n            <div class=\"content\"><\/div>\n        <\/div>\n    <\/div>\n<\/section>\n\n<section class=\"block-image-and-text left white\">\n    <div class=\"main\">\n        <div class=\"main-inner\">\n            <div class=\"left-col\" style=\"background-image: url(https:\/\/dhr.se\/hoganas\/wp-content\/uploads\/sites\/79\/2025\/12\/IMG_5790.jpeg);\"><\/div>\n\n            <div class=\"right-col\">\n                <h2>Internationella Funktionshinderdagen 3 december p\u00e5 H\u00f6gan\u00e4s Kulturhus.<\/h2>\n                <p class=\"text\">Med avstamp i den lysande, k\u00e4rleksfulla och medk\u00e4nnande filmen \u201dDET KUNDE VARIT VI\u201d av Glada Hudikteatern firades Internationella Funktionshinderdagen ig\u00e5r, 3 december p\u00e5 H\u00f6gan\u00e4s Kulturhus.<br \/>\r\nFilmen blev en minnesv\u00e4rd p\u00e5minnelse om funktionshinderr\u00f6relsens 150-\u00e5riga kamp fr\u00e5n en m\u00f6rk tid d\u00e5 demokratins styvbarn kallades sinnessl\u00f6a till dagens ALLA M\u00c4NNISKORS LIKA V\u00c4RDE som omfattar \u00e4ven funktionsvarierade.<br \/>\r\n<br \/>\r\nBakom anstalter f\u00f6r dessa s k \u201dsinnessl\u00f6a\u201d som \u00f6k\u00e4nda Vipeholm i Lund l\u00e5g rasbiologen Herman Lundborgs forskning om bl a skallm\u00e4tning. Borta \u00e4r dessb\u00e4ttre Lundborg och hans inskr\u00e4nkta forskarkollegor men hans andliga \u00e4ttlingar finns kvar i v\u00e5rt land och skanderar RENA FOLKSTAMMEN p\u00e5 gator och torg och sorglige dagligen i sociala media.<br \/>\r\n<br \/>\r\nFilmen f\u00f6ljdes av ett stimulerande samtal mellan de n\u00e4rvarande under eminent ledning av Rebecka Hansson. Fr\u00e5n DHR H\u00f6gan\u00e4s deltog med liv och lust Ian o Pernilla Persson, Stefan Berggren, Bengt Silfverstrand och Hans Sj\u00f6din. Fr\u00e5n v\u00e5r n\u00e4rmaste samarbetspartner Hj\u00e4rtLung fick vi god uppbackning i diskussionen av ordf. Leif Olsson.<br \/>\r\n<br \/>\r\nDet \u00e4r en h\u00e4ndelse som ser ut som en tanke att vi I DHR H\u00f6gan\u00e4s dagen innan delat ut \u00e5rets Tillg\u00e4nglighetspris postumt till Marianne Klittvall f\u00f6r hennes livsl\u00e5nga arbete f\u00f6r just . ALLA M\u00c4NNISKORS LIKA V\u00c4RDE.<br \/>\r\nEn m\u00e4nniska med funktionsneds\u00e4ttning \u00e4r i v\u00e5r v\u00e4rld egentligen inte en m\u00e4nniska med  s\u00e4rskilda behov utan  en m\u00e4nniska med vanliga behov som m\u00e5ste tillgodoses med s\u00e4rskilda insatser.<\/p>\n\n                            <\/div>\n\n        <\/div>\n    <\/div>\n<\/section>\n\n<section class=\"block-image-and-text left white\">\n    <div class=\"main\">\n        <div class=\"main-inner\">\n            <div class=\"left-col\" style=\"background-image: url(https:\/\/dhr.se\/hoganas\/wp-content\/uploads\/sites\/79\/2025\/12\/0D7ABDC8-E7C9-4C93-8CE5-68A8AAE2B75C.jpeg);\"><\/div>\n\n            <div class=\"right-col\">\n                <h2>Julm\u00f6te 2 december 2025 med Tillg\u00e4nglighetspriset 2025<\/h2>\n                <p class=\"text\">DHR H\u00f6gan\u00e4savdelnings Tillg\u00e4nglighetspris f\u00f6r 2025 tilldelades vid en minnesstund i samband med f\u00f6reningens julm\u00f6te p\u00e5 tisdagskv\u00e4llen postumt Marianne Klittvall. V\u00e5r m\u00e5ng\u00e5riga v\u00e4n, medlem och  medm\u00e4nniska Marianne avled den 11 maj vid 86 \u00e5rs \u00e5lder efter en tids sjukdom. Man kan utan \u00f6verdrift s\u00e4ga att Marianne var aktiv i v\u00e5r verksamhet intill sista andetaget.<br \/>\r\nHon l\u00e4mnar med sitt s\u00e4tt att vara och verka ett stort tomrum efter sig.<br \/>\r\nMotiveringen f\u00f6r priset lyder:<br \/>\r\n\u201dDU HAR MED DITT LIVSL\u00c5NGA ENGAGEMANG F\u00d6R OCH INLEVELSE I ANDRA M\u00c4NNISKORS LIVSVILLKOR BLIVIT SINNEBILDEN F\u00d6R VAD DHR ST\u00c5R F\u00d6R &#8211; ALLA M\u00c4NNISKORS LIKA V\u00c4RDE!<br \/>\r\n<br \/>\r\nF\u00f6reningens medlemsm\u00f6te i \u00f6vrigt inramades av s\u00e5ng- och musikunderh\u00e5llning av LENA OCH JAG (Lena Joelssons och Lena Nilsson) fr\u00e5gesport med anknytning till H\u00f6gan\u00e4s regisserad av ordf\u00f6rande Stefan Berggren och sist men inte minst av Hamnkrogens v\u00e4lsmakande jultallrik.<\/p>\n\n                            <\/div>\n\n        <\/div>\n    <\/div>\n<\/section>\n\n<section class=\"block-textbox\" style=\"background-image:url();\">\n    <div class=\"main\">\n        <div class=\"main-inner\">\n\n                <div class=\"text-container\">\n                    <h2>Aktuellt <\/h2>\n                    <p>https:\/\/www.hd.se\/2025-10-11\/hog-tid-att-lyssna-pa-funktionshinderrorelsen\/<br \/>\r\n<br \/>\r\n<\/p>\n\n                                            <a class=\"button big accent\" href=\"https:\/\/www.hd.se\/2025-10-11\/hog-tid-att-lyssna-pa-funktionshinderrorelsen\/\" target=\"_self\"><\/a>\n                    \n                <\/div>\n\n        <\/div>\n    <\/div>\n<\/section>\n\n<section class=\"block-textbox\" style=\"background-image:url();\">\n    <div class=\"main\">\n        <div class=\"main-inner\">\n\n                <div class=\"text-container\">\n                    <h2>Kostnader v\u00e4gs tyngre \u00e4n m\u00e4nskliga r\u00e4ttigheter DHR: Funktionsr\u00e4tt \u00e4r inte en v\u00e4lg\u00f6renhetsfr\u00e5ga<\/h2>\n                    <p>Kostnader v\u00e4gs tyngre \u00e4n m\u00e4nskliga r\u00e4ttigheter<br \/>\r\nDHR: Funktionsr\u00e4tt \u00e4r inte en v\u00e4lg\u00f6renhetsfr\u00e5ga <br \/>\r\n<br \/>\r\nDebattartikel i Aftonbladet fr\u00e5n DHR <\/p>\n\n                                            <a class=\"button big accent\" href=\"https:\/\/www.aftonbladet.se\/debatt\/a\/OkbvgE\/dhr-kostnader-vags-tyngre-an-manskliga-rattigheter?utm_source=iosapp&#038;utm_medium=share\" target=\"_self\"><\/a>\n                    \n                <\/div>\n\n        <\/div>\n    <\/div>\n<\/section>\n\n<section class=\"block-simple-text\">\n    <div class=\"main\">\n        <div class=\"main-inner\">\n            <div class=\"ingress text-darker\"><\/div>\n            <div class=\"content\"><p>Medlemsm\u00f6te 15 oktober 2025 :<\/p>\n<p><img loading=\"lazy\" decoding=\"async\" class=\"alignnone size-medium wp-image-2147\" src=\"https:\/\/dhr.se\/hoganas\/wp-content\/uploads\/sites\/79\/2025\/10\/IMG_4746-300x225.jpeg\" alt=\"\" width=\"300\" height=\"225\" srcset=\"https:\/\/dhr.se\/hoganas\/wp-content\/uploads\/sites\/79\/2025\/10\/IMG_4746-300x225.jpeg 300w, https:\/\/dhr.se\/hoganas\/wp-content\/uploads\/sites\/79\/2025\/10\/IMG_4746-768x576.jpeg 768w, https:\/\/dhr.se\/hoganas\/wp-content\/uploads\/sites\/79\/2025\/10\/IMG_4746-50x38.jpeg 50w, https:\/\/dhr.se\/hoganas\/wp-content\/uploads\/sites\/79\/2025\/10\/IMG_4746.jpeg 960w\" sizes=\"auto, (max-width: 300px) 100vw, 300px\" \/><\/p>\n<p>Med den medryckande danska visan \u201dS\u00e5 l\u00e4nge jag lever\u201d slog trubaduren och entertainern Pontus Stenkvist an takt och ton, d\u00e5 han g\u00e4stade DHR H\u00f6gan\u00e4savdelnings medlemsm\u00f6te p\u00e5 H\u00f6gan\u00e4s Hamnkrog p\u00e5 onsdagskv\u00e4llen. Och han fick verkligen auditoriet att b\u00e5de leva upp och sjunga med i allt fr\u00e5n Hasse Anderssons \u00c4nglahund till Edvard Perssons dagsaktuella \u201dLite grann fr\u00e5n ovan\u201d<br \/>\n\u201dNu jordens alla murar b\u00f6rjar knaka<br \/>\nEn samling d\u00e5rar satt v\u00e5r v\u00e4rld i brand.<br \/>\nVad f\u00e4derna byggt upp blir pannekaka<br \/>\nDet rycks och slits i gamla v\u00e4nskapsband.<br \/>\nEn l\u00e4ttsam t\u00e4vling d\u00e4r de n\u00e4rvarande fick gissa vilken sport som dolde sig bakom ett antal visor bidrog ytterligare till gemyt och gemenskap.<\/p>\n<p>Ordf\u00f6rande Stefan Berggren informerade om f\u00f6reningens aktiva insatser f\u00f6r att avhj\u00e4lpa uppenbara brister i tillg\u00e4ngligheten i v\u00e5r kommun. Det handlar bland annat om den fortfarande otillg\u00e4ngliga entr\u00e9n till Tivolihuset f\u00f6r \u00e4ldre och personer med funktionsneds\u00e4ttning, avsaknad av ledst\u00e5ng l\u00e4ngs Kulturhuset p\u00e5 K\u00f6pmansgatan f\u00f6r att f\u00f6rebygga fallolyckor vid bl\u00e5sigt v\u00e4der.<br \/>\nBengt Silfverstrand informerade om att \u00e5rets Tillg\u00e4nglighetspris kommer att delas ut p\u00e5 julm\u00f6tet den 2 december.<br \/>\nEn v\u00e4lsmakande kycklingm\u00e5ltid gav extra krydda \u00e5t sammankomsten.<\/p>\n<p><img loading=\"lazy\" decoding=\"async\" class=\"alignnone size-medium wp-image-2149\" src=\"https:\/\/dhr.se\/hoganas\/wp-content\/uploads\/sites\/79\/2025\/10\/IMG_4747-225x300.jpeg\" alt=\"\" width=\"225\" height=\"300\" srcset=\"https:\/\/dhr.se\/hoganas\/wp-content\/uploads\/sites\/79\/2025\/10\/IMG_4747-225x300.jpeg 225w, https:\/\/dhr.se\/hoganas\/wp-content\/uploads\/sites\/79\/2025\/10\/IMG_4747-50x67.jpeg 50w, https:\/\/dhr.se\/hoganas\/wp-content\/uploads\/sites\/79\/2025\/10\/IMG_4747.jpeg 720w\" sizes=\"auto, (max-width: 225px) 100vw, 225px\" \/><\/p>\n<\/div>\n        <\/div>\n    <\/div>\n<\/section>\n\n<section class=\"block-image-and-text  \">\n    <div class=\"main\">\n        <div class=\"main-inner\">\n            <div class=\"left-col\" style=\"background-image: url();\"><\/div>\n\n            <div class=\"right-col\">\n                <h2><\/h2>\n                <p class=\"text\"><\/p>\n\n                            <\/div>\n\n        <\/div>\n    <\/div>\n<\/section>","protected":false},"excerpt":{"rendered":"","protected":false},"author":91,"featured_media":0,"parent":0,"menu_order":0,"comment_status":"closed","ping_status":"closed","template":"","meta":{"_acf_changed":false,"_monsterinsights_skip_tracking":false,"_monsterinsights_sitenote_active":false,"_monsterinsights_sitenote_note":"","_monsterinsights_sitenote_category":0,"footnotes":""},"class_list":["post-2142","page","type-page","status-publish","hentry"],"acf":[],"yoast_head":"<!-- This site is optimized with the Yoast SEO plugin v27.5 - https:\/\/yoast.com\/product\/yoast-seo-wordpress\/ -->\n<title>Aktuellt - DHR - H\u00f6gan\u00e4s<\/title>\n<meta name=\"robots\" content=\"index, follow, max-snippet:-1, max-image-preview:large, max-video-preview:-1\" \/>\n<link rel=\"canonical\" href=\"https:\/\/dhr.se\/hoganas\/aktuellt\/\" \/>\n<meta property=\"og:locale\" content=\"sv_SE\" \/>\n<meta property=\"og:type\" content=\"article\" \/>\n<meta property=\"og:title\" content=\"Aktuellt - DHR - H\u00f6gan\u00e4s\" \/>\n<meta property=\"og:url\" content=\"https:\/\/dhr.se\/hoganas\/aktuellt\/\" \/>\n<meta property=\"og:site_name\" content=\"DHR - H\u00f6gan\u00e4s\" \/>\n<meta property=\"article:modified_time\" content=\"2026-04-16T20:24:14+00:00\" \/>\n<meta name=\"twitter:card\" content=\"summary_large_image\" \/>\n<script type=\"application\/ld+json\" class=\"yoast-schema-graph\">{\"@context\":\"https:\\\/\\\/schema.org\",\"@graph\":[{\"@type\":\"WebPage\",\"@id\":\"https:\\\/\\\/dhr.se\\\/hoganas\\\/aktuellt\\\/\",\"url\":\"https:\\\/\\\/dhr.se\\\/hoganas\\\/aktuellt\\\/\",\"name\":\"Aktuellt - DHR - H\u00f6gan\u00e4s\",\"isPartOf\":{\"@id\":\"https:\\\/\\\/dhr.se\\\/hoganas\\\/#website\"},\"datePublished\":\"2025-10-12T19:05:18+00:00\",\"dateModified\":\"2026-04-16T20:24:14+00:00\",\"breadcrumb\":{\"@id\":\"https:\\\/\\\/dhr.se\\\/hoganas\\\/aktuellt\\\/#breadcrumb\"},\"inLanguage\":\"sv-SE\",\"potentialAction\":[{\"@type\":\"ReadAction\",\"target\":[\"https:\\\/\\\/dhr.se\\\/hoganas\\\/aktuellt\\\/\"]}]},{\"@type\":\"BreadcrumbList\",\"@id\":\"https:\\\/\\\/dhr.se\\\/hoganas\\\/aktuellt\\\/#breadcrumb\",\"itemListElement\":[{\"@type\":\"ListItem\",\"position\":1,\"name\":\"Hem\",\"item\":\"https:\\\/\\\/dhr.se\\\/hoganas\\\/\"},{\"@type\":\"ListItem\",\"position\":2,\"name\":\"Aktuellt\"}]},{\"@type\":\"WebSite\",\"@id\":\"https:\\\/\\\/dhr.se\\\/hoganas\\\/#website\",\"url\":\"https:\\\/\\\/dhr.se\\\/hoganas\\\/\",\"name\":\"DHR - H\u00f6gan\u00e4s\",\"description\":\"Delaktighet, r\u00f6relsefrihet och handlingskraft\",\"potentialAction\":[{\"@type\":\"SearchAction\",\"target\":{\"@type\":\"EntryPoint\",\"urlTemplate\":\"https:\\\/\\\/dhr.se\\\/hoganas\\\/?s={search_term_string}\"},\"query-input\":{\"@type\":\"PropertyValueSpecification\",\"valueRequired\":true,\"valueName\":\"search_term_string\"}}],\"inLanguage\":\"sv-SE\"}]}<\/script>\n<!-- \/ Yoast SEO plugin. -->","yoast_head_json":{"title":"Aktuellt - DHR - H\u00f6gan\u00e4s","robots":{"index":"index","follow":"follow","max-snippet":"max-snippet:-1","max-image-preview":"max-image-preview:large","max-video-preview":"max-video-preview:-1"},"canonical":"https:\/\/dhr.se\/hoganas\/aktuellt\/","og_locale":"sv_SE","og_type":"article","og_title":"Aktuellt - DHR - H\u00f6gan\u00e4s","og_url":"https:\/\/dhr.se\/hoganas\/aktuellt\/","og_site_name":"DHR - H\u00f6gan\u00e4s","article_modified_time":"2026-04-16T20:24:14+00:00","twitter_card":"summary_large_image","schema":{"@context":"https:\/\/schema.org","@graph":[{"@type":"WebPage","@id":"https:\/\/dhr.se\/hoganas\/aktuellt\/","url":"https:\/\/dhr.se\/hoganas\/aktuellt\/","name":"Aktuellt - DHR - H\u00f6gan\u00e4s","isPartOf":{"@id":"https:\/\/dhr.se\/hoganas\/#website"},"datePublished":"2025-10-12T19:05:18+00:00","dateModified":"2026-04-16T20:24:14+00:00","breadcrumb":{"@id":"https:\/\/dhr.se\/hoganas\/aktuellt\/#breadcrumb"},"inLanguage":"sv-SE","potentialAction":[{"@type":"ReadAction","target":["https:\/\/dhr.se\/hoganas\/aktuellt\/"]}]},{"@type":"BreadcrumbList","@id":"https:\/\/dhr.se\/hoganas\/aktuellt\/#breadcrumb","itemListElement":[{"@type":"ListItem","position":1,"name":"Hem","item":"https:\/\/dhr.se\/hoganas\/"},{"@type":"ListItem","position":2,"name":"Aktuellt"}]},{"@type":"WebSite","@id":"https:\/\/dhr.se\/hoganas\/#website","url":"https:\/\/dhr.se\/hoganas\/","name":"DHR - H\u00f6gan\u00e4s","description":"Delaktighet, r\u00f6relsefrihet och handlingskraft","potentialAction":[{"@type":"SearchAction","target":{"@type":"EntryPoint","urlTemplate":"https:\/\/dhr.se\/hoganas\/?s={search_term_string}"},"query-input":{"@type":"PropertyValueSpecification","valueRequired":true,"valueName":"search_term_string"}}],"inLanguage":"sv-SE"}]}},"publishpress_future_workflow_manual_trigger":{"enabledWorkflows":[]},"_links":{"self":[{"href":"https:\/\/dhr.se\/hoganas\/wp-json\/wp\/v2\/pages\/2142","targetHints":{"allow":["GET"]}}],"collection":[{"href":"https:\/\/dhr.se\/hoganas\/wp-json\/wp\/v2\/pages"}],"about":[{"href":"https:\/\/dhr.se\/hoganas\/wp-json\/wp\/v2\/types\/page"}],"author":[{"embeddable":true,"href":"https:\/\/dhr.se\/hoganas\/wp-json\/wp\/v2\/users\/91"}],"replies":[{"embeddable":true,"href":"https:\/\/dhr.se\/hoganas\/wp-json\/wp\/v2\/comments?post=2142"}],"version-history":[{"count":3,"href":"https:\/\/dhr.se\/hoganas\/wp-json\/wp\/v2\/pages\/2142\/revisions"}],"predecessor-version":[{"id":2346,"href":"https:\/\/dhr.se\/hoganas\/wp-json\/wp\/v2\/pages\/2142\/revisions\/2346"}],"wp:attachment":[{"href":"https:\/\/dhr.se\/hoganas\/wp-json\/wp\/v2\/media?parent=2142"}],"curies":[{"name":"wp","href":"https:\/\/api.w.org\/{rel}","templated":true}]}}