{"version":"1.0","provider_name":"DHR - \u00d6rebro","provider_url":"https:\/\/dhr.se\/orebro","author_name":"umea","author_url":"https:\/\/dhr.se\/orebro\/author\/umea\/","title":"DO kritiserar Svealandstrafiken f\u00f6r bristande tillg\u00e4nglighet - DHR - \u00d6rebro","type":"rich","width":600,"height":338,"html":"<blockquote class=\"wp-embedded-content\" data-secret=\"AiB4NV6G8z\"><a href=\"https:\/\/dhr.se\/orebro\/do-kritiserar-svealandstrafiken-for-bristande-tillganglighet\/\">DO kritiserar Svealandstrafiken f\u00f6r bristande tillg\u00e4nglighet<\/a><\/blockquote><iframe sandbox=\"allow-scripts\" security=\"restricted\" src=\"https:\/\/dhr.se\/orebro\/do-kritiserar-svealandstrafiken-for-bristande-tillganglighet\/embed\/#?secret=AiB4NV6G8z\" width=\"600\" height=\"338\" title=\"\u201dDO kritiserar Svealandstrafiken f\u00f6r bristande tillg\u00e4nglighet\u201d &ndash; DHR - \u00d6rebro\" data-secret=\"AiB4NV6G8z\" frameborder=\"0\" marginwidth=\"0\" marginheight=\"0\" scrolling=\"no\" class=\"wp-embedded-content\"><\/iframe><script type=\"text\/javascript\">\n\/* <![CDATA[ *\/\n\/*! This file is auto-generated *\/\n!function(d,l){\"use strict\";l.querySelector&&d.addEventListener&&\"undefined\"!=typeof URL&&(d.wp=d.wp||{},d.wp.receiveEmbedMessage||(d.wp.receiveEmbedMessage=function(e){var t=e.data;if((t||t.secret||t.message||t.value)&&!\/[^a-zA-Z0-9]\/.test(t.secret)){for(var s,r,n,a=l.querySelectorAll('iframe[data-secret=\"'+t.secret+'\"]'),o=l.querySelectorAll('blockquote[data-secret=\"'+t.secret+'\"]'),c=new RegExp(\"^https?:$\",\"i\"),i=0;i<o.length;i++)o[i].style.display=\"none\";for(i=0;i<a.length;i++)s=a[i],e.source===s.contentWindow&&(s.removeAttribute(\"style\"),\"height\"===t.message?(1e3<(r=parseInt(t.value,10))?r=1e3:~~r<200&&(r=200),s.height=r):\"link\"===t.message&&(r=new URL(s.getAttribute(\"src\")),n=new URL(t.value),c.test(n.protocol))&&n.host===r.host&&l.activeElement===s&&(d.top.location.href=t.value))}},d.addEventListener(\"message\",d.wp.receiveEmbedMessage,!1),l.addEventListener(\"DOMContentLoaded\",function(){for(var e,t,s=l.querySelectorAll(\"iframe.wp-embedded-content\"),r=0;r<s.length;r++)(t=(e=s[r]).getAttribute(\"data-secret\"))||(t=Math.random().toString(36).substring(2,12),e.src+=\"#?secret=\"+t,e.setAttribute(\"data-secret\",t)),e.contentWindow.postMessage({message:\"ready\",secret:t},\"*\")},!1)))}(window,document);\n\/\/# sourceURL=https:\/\/dhr.se\/orebro\/wp-includes\/js\/wp-embed.min.js\n\/* ]]> *\/\n<\/script>\n","description":"En man som anv\u00e4nder elrullstol och nekades p\u00e5 grund av det att \u00e5ka med bussen. Han anm\u00e4lde h\u00e4ndelsen till DO som nu kritiserar Svealandstrafiken f\u00f6r bristande tillg\u00e4nglighet. H\u00e4r kan du se SVT:s inslag om DO:s kritik I samband med h\u00e4ndelsen[&hellip;]"}