{"id":2283,"date":"2021-02-04T16:37:46","date_gmt":"2021-02-04T15:37:46","guid":{"rendered":"http:\/\/dhr.se\/orebro\/?page_id=2283"},"modified":"2021-03-02T12:55:23","modified_gmt":"2021-03-02T11:55:23","slug":"kommunal-rattighetspolitik","status":"publish","type":"page","link":"https:\/\/dhr.se\/orebro\/kommunal-rattighetspolitik\/","title":{"rendered":"Kommunal r\u00e4ttighetspolitik"},"content":{"rendered":"<section class=\"block-image-and-text right white\">\n    <div class=\"main\">\n        <div class=\"main-inner\">\n            <div class=\"left-col\" style=\"background-image: url(https:\/\/dhr.se\/orebro\/wp-content\/uploads\/sites\/23\/2021\/02\/senior-e1614444648484.jpg);\"><\/div>\n\n            <div class=\"right-col\">\n                <h2>Opinionsbildning<\/h2>\n                <p class=\"text\">Vi anv\u00e4nder alla tillg\u00e4ngliga s\u00e4tt att sprida k\u00e4nnedom om de brister i tillg\u00e4nglighet och anv\u00e4ndbarhet som vi uppt\u00e4cker i \u00d6rebro kommun. <br \/>\r\n<br \/>\r\nAnv\u00e4ndning av sociala medier, exempelvis Facebook \u00e4r ett effektivt s\u00e4tt att n\u00e5 ut. <br \/>\r\n<br \/>\r\nN\u00e4r n\u00e5got som vi beskriver d\u00e4r \u00e4r intressant f\u00f6r en st\u00f6rre allm\u00e4nhet h\u00f6r ofta de lokala tidningarna, TV-kanalerna eller P4 \u00d6rebro av sig f\u00f6r att f\u00e5 v\u00e5ra kommentarer. <br \/>\r\n<br \/>\r\nF\u00f6rhoppningsvis p\u00e5verkar detta exempelvis ansvariga fastighets\u00e4gare, n\u00e4ringsidkare, politiker och vanliga \u00d6rebroare.<br \/>\r\n<br \/>\r\nN\u00e4r vi beh\u00f6ver ge v\u00e5r egen syn p\u00e5 en fr\u00e5ga om bristande tillg\u00e4nglighet s\u00e5 skriver vi en ins\u00e4ndare till v\u00e5ra lokaltidningar men det \u00e4r tyv\u00e4rr inte alltid som dessa publiceras.<br \/>\r\n<br \/>\r\nIbland g\u00f6r vi en liten film som kan hj\u00e4lpa till att sprida v\u00e5rt budskap. Dessa filmer samlar vi i v\u00e5r YouTube-kanal.<\/p>\n\n                                    <a class=\"button big accent\" href=\"https:\/\/www.youtube.com\/channel\/UCSGqXh5EEk_zLRpw3g3q5qQ\" target=\"_blank\">Se filmer<\/a>\n                            <\/div>\n\n        <\/div>\n    <\/div>\n<\/section>\n\n<section class=\"block-image-and-text right grey\">\n    <div class=\"main\">\n        <div class=\"main-inner\">\n            <div class=\"left-col\" style=\"background-image: url(https:\/\/dhr.se\/orebro\/wp-content\/uploads\/sites\/23\/2021\/02\/IMG_0069.jpg);\"><\/div>\n\n            <div class=\"right-col\">\n                <h2>R\u00e5dgivning<\/h2>\n                <p class=\"text\">Medlemmar i  DHR \u00d6rebroavdelning har m\u00e5ng\u00e5rig erfarenhet av vad som g\u00f6r v\u00e5r milj\u00f6 mer tillg\u00e4nglig och anv\u00e4ndbar f\u00f6r personer med funktionsneds\u00e4ttningar.<br \/>\r\n<br \/>\r\nVi st\u00e4ller g\u00e4rna upp som \u201ckonsulter\u201d n\u00e4r man inom kommunen eller inom det privata n\u00e4ringslivet beh\u00f6ver v\u00e5ra synpunkter n\u00e4r n\u00e5gonting ska f\u00f6r\u00e4ndras eller byggas nytt.<br \/>\r\n<br \/>\r\n Vi deltar i olika samr\u00e5dsgrupper med bl a \u00d6rebro kommuns tekniska f\u00f6rvaltning n\u00e4r det g\u00e4ller utformningen av gator och torg och exempelvis var parkeringsplatser f\u00f6r r\u00f6relsenedsatta ska placeras.<br \/>\r\n<br \/>\r\nDHR-avdelningens representanter har \u00e4ven en ledande roll i Kommunala Tillg\u00e4nglighetsr\u00e5det som redan p\u00e5 ritningsstadiet  tar del av och p\u00e5verkar utformningen av nya byggnader som planeras av de kommunala fastighetsbolagen.<br \/>\r\n<br \/>\r\nN\u00e4r vi uppt\u00e4cker &#8221;enkelt avhj\u00e4lpta hinder&#8221; i publika lokaler och p\u00e5 allm\u00e4nna platser inom kommunen dit allm\u00e4nheten har tilltr\u00e4de s\u00e5 anm\u00e4ler vi dessa till byggnadsn\u00e4mnden.<\/p>\n\n                                    <a class=\"button big accent\" href=\"https:\/\/www.orebro.se\/bygga-bo--trafik\/bostader--tomter\/bostad--halsa\/enkelt-avhjalpta-hinder.html\" target=\"_blank\">Anm\u00e4lan<\/a>\n                            <\/div>\n\n        <\/div>\n    <\/div>\n<\/section>\n\n<section class=\"block-image-and-text right white\">\n    <div class=\"main\">\n        <div class=\"main-inner\">\n            <div class=\"left-col\" style=\"background-image: url(https:\/\/dhr.se\/orebro\/wp-content\/uploads\/sites\/23\/2021\/02\/p\u00e5verkanr\u00e5dhuset.jpg);\"><\/div>\n\n            <div class=\"right-col\">\n                <h2>Olika s\u00e4tt att p\u00e5verka politiken<\/h2>\n                <p class=\"text\">I samband med viktiga beslut i fullm\u00e4ktige f\u00f6rs\u00f6ker vi p\u00e5 alla m\u00f6jliga s\u00e4tt p\u00e5verka beslutsfattarna.<br \/>\r\nInf\u00f6r viktiga beslut tillskriver vi de ber\u00f6rda politikerna och framf\u00f6r v\u00e5ra synpunkter<br \/>\r\n<br \/>\r\nN\u00e4r man ville l\u00e4gga ner flextrafiken tryckte vi exempelvis upp flygblad som vi delade ut n\u00e4r politikerna kom till r\u00e5dhuset.<br \/>\r\n<br \/>\r\n\u00c4ven n\u00e4r regionfullm\u00e4ktige skulle besluta om abonnemangsavgift p\u00e5 hj\u00e4lpmedel stod vi utanf\u00f6r r\u00e5dhuset i \u00d6rebro.<br \/>\r\n<br \/>\r\nFyra g\u00e5nger om \u00e5ret sammantr\u00e4der kommunens tillg\u00e4nglighetsr\u00e5d (KTR) d\u00e4r funktionsr\u00e4ttsr\u00f6relsen m\u00f6ter politiker fr\u00e5n de olika programn\u00e4mnderna. <br \/>\r\n<br \/>\r\nKTR \u00e4r kommunstyrelsen r\u00e5dgivande organ i funktionshinderfr\u00e5gor.<\/p>\n\n                                    <a class=\"button big accent\" href=\"https:\/\/www.orebro.se\/kommun--politik\/politik--beslut\/tillganglighetsradet.html\" target=\"_blank\">KTR<\/a>\n                            <\/div>\n\n        <\/div>\n    <\/div>\n<\/section>\n\n\n<p><\/p>\n","protected":false},"excerpt":{"rendered":"","protected":false},"author":25,"featured_media":0,"parent":0,"menu_order":0,"comment_status":"closed","ping_status":"closed","template":"","meta":{"_acf_changed":false,"_monsterinsights_skip_tracking":false,"_monsterinsights_sitenote_active":false,"_monsterinsights_sitenote_note":"","_monsterinsights_sitenote_category":0,"footnotes":""},"class_list":["post-2283","page","type-page","status-publish","hentry"],"acf":[],"yoast_head":"<!-- This site is optimized with the Yoast SEO plugin v27.2 - https:\/\/yoast.com\/product\/yoast-seo-wordpress\/ -->\n<title>Kommunal r\u00e4ttighetspolitik - DHR - \u00d6rebro<\/title>\n<meta name=\"robots\" content=\"index, follow, max-snippet:-1, max-image-preview:large, max-video-preview:-1\" \/>\n<link rel=\"canonical\" href=\"https:\/\/dhr.se\/orebro\/kommunal-rattighetspolitik\/\" \/>\n<meta property=\"og:locale\" content=\"sv_SE\" \/>\n<meta property=\"og:type\" content=\"article\" \/>\n<meta property=\"og:title\" content=\"Kommunal r\u00e4ttighetspolitik - DHR - \u00d6rebro\" \/>\n<meta property=\"og:url\" content=\"https:\/\/dhr.se\/orebro\/kommunal-rattighetspolitik\/\" \/>\n<meta property=\"og:site_name\" content=\"DHR - \u00d6rebro\" \/>\n<meta property=\"article:modified_time\" content=\"2021-03-02T11:55:23+00:00\" \/>\n<meta name=\"twitter:card\" content=\"summary_large_image\" \/>\n<script type=\"application\/ld+json\" class=\"yoast-schema-graph\">{\"@context\":\"https:\/\/schema.org\",\"@graph\":[{\"@type\":\"WebPage\",\"@id\":\"https:\/\/dhr.se\/orebro\/kommunal-rattighetspolitik\/\",\"url\":\"https:\/\/dhr.se\/orebro\/kommunal-rattighetspolitik\/\",\"name\":\"Kommunal r\u00e4ttighetspolitik - DHR - \u00d6rebro\",\"isPartOf\":{\"@id\":\"https:\/\/dhr.se\/orebro\/#website\"},\"datePublished\":\"2021-02-04T15:37:46+00:00\",\"dateModified\":\"2021-03-02T11:55:23+00:00\",\"breadcrumb\":{\"@id\":\"https:\/\/dhr.se\/orebro\/kommunal-rattighetspolitik\/#breadcrumb\"},\"inLanguage\":\"sv-SE\",\"potentialAction\":[{\"@type\":\"ReadAction\",\"target\":[\"https:\/\/dhr.se\/orebro\/kommunal-rattighetspolitik\/\"]}]},{\"@type\":\"BreadcrumbList\",\"@id\":\"https:\/\/dhr.se\/orebro\/kommunal-rattighetspolitik\/#breadcrumb\",\"itemListElement\":[{\"@type\":\"ListItem\",\"position\":1,\"name\":\"Hem\",\"item\":\"https:\/\/dhr.se\/orebro\/\"},{\"@type\":\"ListItem\",\"position\":2,\"name\":\"Kommunal r\u00e4ttighetspolitik\"}]},{\"@type\":\"WebSite\",\"@id\":\"https:\/\/dhr.se\/orebro\/#website\",\"url\":\"https:\/\/dhr.se\/orebro\/\",\"name\":\"DHR - \u00d6rebro\",\"description\":\"Delaktighet, r\u00f6relsefrihet och handlingskraft\",\"potentialAction\":[{\"@type\":\"SearchAction\",\"target\":{\"@type\":\"EntryPoint\",\"urlTemplate\":\"https:\/\/dhr.se\/orebro\/?s={search_term_string}\"},\"query-input\":{\"@type\":\"PropertyValueSpecification\",\"valueRequired\":true,\"valueName\":\"search_term_string\"}}],\"inLanguage\":\"sv-SE\"}]}<\/script>\n<!-- \/ Yoast SEO plugin. -->","yoast_head_json":{"title":"Kommunal r\u00e4ttighetspolitik - DHR - \u00d6rebro","robots":{"index":"index","follow":"follow","max-snippet":"max-snippet:-1","max-image-preview":"max-image-preview:large","max-video-preview":"max-video-preview:-1"},"canonical":"https:\/\/dhr.se\/orebro\/kommunal-rattighetspolitik\/","og_locale":"sv_SE","og_type":"article","og_title":"Kommunal r\u00e4ttighetspolitik - DHR - \u00d6rebro","og_url":"https:\/\/dhr.se\/orebro\/kommunal-rattighetspolitik\/","og_site_name":"DHR - \u00d6rebro","article_modified_time":"2021-03-02T11:55:23+00:00","twitter_card":"summary_large_image","schema":{"@context":"https:\/\/schema.org","@graph":[{"@type":"WebPage","@id":"https:\/\/dhr.se\/orebro\/kommunal-rattighetspolitik\/","url":"https:\/\/dhr.se\/orebro\/kommunal-rattighetspolitik\/","name":"Kommunal r\u00e4ttighetspolitik - DHR - \u00d6rebro","isPartOf":{"@id":"https:\/\/dhr.se\/orebro\/#website"},"datePublished":"2021-02-04T15:37:46+00:00","dateModified":"2021-03-02T11:55:23+00:00","breadcrumb":{"@id":"https:\/\/dhr.se\/orebro\/kommunal-rattighetspolitik\/#breadcrumb"},"inLanguage":"sv-SE","potentialAction":[{"@type":"ReadAction","target":["https:\/\/dhr.se\/orebro\/kommunal-rattighetspolitik\/"]}]},{"@type":"BreadcrumbList","@id":"https:\/\/dhr.se\/orebro\/kommunal-rattighetspolitik\/#breadcrumb","itemListElement":[{"@type":"ListItem","position":1,"name":"Hem","item":"https:\/\/dhr.se\/orebro\/"},{"@type":"ListItem","position":2,"name":"Kommunal r\u00e4ttighetspolitik"}]},{"@type":"WebSite","@id":"https:\/\/dhr.se\/orebro\/#website","url":"https:\/\/dhr.se\/orebro\/","name":"DHR - \u00d6rebro","description":"Delaktighet, r\u00f6relsefrihet och handlingskraft","potentialAction":[{"@type":"SearchAction","target":{"@type":"EntryPoint","urlTemplate":"https:\/\/dhr.se\/orebro\/?s={search_term_string}"},"query-input":{"@type":"PropertyValueSpecification","valueRequired":true,"valueName":"search_term_string"}}],"inLanguage":"sv-SE"}]}},"publishpress_future_action":{"enabled":false,"date":"2026-05-04 19:29:43","action":"change-status","newStatus":"draft","terms":[],"taxonomy":"translation_priority","extraData":[]},"publishpress_future_workflow_manual_trigger":{"enabledWorkflows":[]},"_links":{"self":[{"href":"https:\/\/dhr.se\/orebro\/wp-json\/wp\/v2\/pages\/2283","targetHints":{"allow":["GET"]}}],"collection":[{"href":"https:\/\/dhr.se\/orebro\/wp-json\/wp\/v2\/pages"}],"about":[{"href":"https:\/\/dhr.se\/orebro\/wp-json\/wp\/v2\/types\/page"}],"author":[{"embeddable":true,"href":"https:\/\/dhr.se\/orebro\/wp-json\/wp\/v2\/users\/25"}],"replies":[{"embeddable":true,"href":"https:\/\/dhr.se\/orebro\/wp-json\/wp\/v2\/comments?post=2283"}],"version-history":[{"count":0,"href":"https:\/\/dhr.se\/orebro\/wp-json\/wp\/v2\/pages\/2283\/revisions"}],"wp:attachment":[{"href":"https:\/\/dhr.se\/orebro\/wp-json\/wp\/v2\/media?parent=2283"}],"curies":[{"name":"wp","href":"https:\/\/api.w.org\/{rel}","templated":true}]}}