{"id":2829,"date":"2022-01-31T16:13:06","date_gmt":"2022-01-31T15:13:06","guid":{"rendered":"https:\/\/dhr.se\/skane\/?page_id=2829"},"modified":"2026-04-19T17:41:21","modified_gmt":"2026-04-19T15:41:21","slug":"genomforda-aktiviteter","status":"publish","type":"page","link":"https:\/\/dhr.se\/skane\/genomforda-aktiviteter\/","title":{"rendered":"Genomf\u00f6rda aktiviteter"},"content":{"rendered":"<section class=\"block-textbox\" style=\"background-image:url();\">\n    <div class=\"main\">\n        <div class=\"main-inner\">\n\n                <div class=\"text-container\">\n                    <h2>Genomf\u00f6rda aktiviteter<\/h2>\n                    <p>P\u00e5 denna sida kan ni l\u00e4sa om allt l\u00e4rorikt och roligt som vi haft f\u00f6r oss i DHR Sk\u00e5ne<\/p>\n\n                    \n                <\/div>\n\n        <\/div>\n    <\/div>\n<\/section>\n\n<section class=\"block-image-and-text left white\">\n    <div class=\"main\">\n        <div class=\"main-inner\">\n            <div class=\"left-col\" style=\"background-image: url(https:\/\/dhr.se\/skane\/wp-content\/uploads\/sites\/19\/2026\/04\/IMG_6435-1-scaled.jpeg);\"><\/div>\n\n            <div class=\"right-col\">\n                <h2><\/h2>\n                <p class=\"text\"><legend><strong> 19\/4 \u00c5rsm\u00f6te <\/strong><legend><br \/>\r\n<br \/>\r\n19\/4 hade DHR Sk\u00e5ne sitt \u00e5rsm\u00f6te samt separata \u00e5rsm\u00f6ten f\u00f6r fonderna som lyder under distriktet. 30 ombud var p\u00e5 plats. \u00c5rsm\u00f6tesordf\u00f6rande var DHR Sk\u00e5nes ordf\u00f6rande Carolina Nordbeck. <br \/>\r\n<br \/>\r\nP\u00e5 eftermiddagen fick deltagarna lyssna till Henrik Eldh, ombudsman p\u00e5 synskadades riksf\u00f6rbund Sk\u00e5ne. Han ber\u00e4ttade om deras arbete i f\u00e4rdtj\u00e4nstfr\u00e5gan. <br \/>\r\n<br \/>\r\nDHR Sk\u00e5ne vill tacka bidragsgivare, f\u00f6rel\u00e4sare, och Habo g\u00e5rd f\u00f6r att dagen avl\u00f6pt p\u00e5 ett bra s\u00e4tt.  <br \/>\r\n<\/p>\n\n                            <\/div>\n\n        <\/div>\n    <\/div>\n<\/section>\n\n<section class=\"block-image-and-text left white\">\n    <div class=\"main\">\n        <div class=\"main-inner\">\n            <div class=\"left-col\" style=\"background-image: url(https:\/\/dhr.se\/skane\/wp-content\/uploads\/sites\/19\/2025\/11\/Whiteboard-17-nov.-2025.pdf);\"><\/div>\n\n            <div class=\"right-col\">\n                <h2><\/h2>\n                <p class=\"text\"><legend><strong> 14-16\/10 \u201dKonferens med rehab: Tillg\u00e4nglighet i de offentliga rummen, sport respektive kulturut\u00f6vning f\u00f6r personer med nedsatt r\u00f6relsef\u00f6rm\u00e5ga\u201d <\/strong><legend><br \/>\r\n<br \/>\r\n14-16\/10 arrangerade DHR Sk\u00e5ne  en rehabkonferens p\u00e5 temat sport- och kulturut\u00f6vning f\u00f6r personer med nedsatt r\u00f6relsef\u00f6rm\u00e5ga. <br \/>\r\n<br \/>\r\nF\u00f6r vissa inleddes konferensen med rehabbehandling men f\u00f6r majoriteten blev starten den gemensamma middagen p\u00e5 fredagskv\u00e4llen. De ca 35 deltagarna fick ta del av varsin rehabbehandling som utf\u00f6rdes av hotell Erikslunds personal. <br \/>\r\n<br \/>\r\nL\u00f6rdagen inleddes med att de som inte hunnit f\u00e5 sina rehabbehandlingar fick dessa. Efter lunch samlades hela gruppen f\u00f6r att ta del av \u201dTillg\u00e4nglighetsresan genom Sverige\u201d vilket \u00e4r en pj\u00e4s med musik som ber\u00f6r hur det \u00e4r att leva med olika funktionsneds\u00e4ttningar. Ut\u00f6ver pj\u00e4sen ingick diskussion och panelsamtal om tillg\u00e4nglighet. Bl a ska gruppen p\u00e5 sin resa genom Sverige f\u00f6rutom att sprida kunskap kontrollera tillg\u00e4ngligheten p\u00e5 de hotell de kommer att bo p\u00e5 under sitt tre \u00e5r l\u00e5nga arvsfondsprojekt vilket DHR Sk\u00e5ne \u00e4r meds\u00f6kande i. <br \/>\r\n<br \/>\r\nInnan maten h\u00f6ll Elin Bengtsson, ett sittande skrattyogapass f\u00f6r deltagarna. Elin \u00e4r certifierad skrattyogainstrukt\u00f6r. Det blev en stund av gl\u00e4dje och avslappning. <br \/>\r\n<br \/>\r\nEfter den gemensamma middagen inklusive efterr\u00e4tt var det fri tid. <br \/>\r\n<br \/>\r\nEfter en h\u00e4rlig frukost p\u00e5 s\u00f6ndagen var det s\u00e5 dags f\u00f6r en f\u00f6rel\u00e4sning av Elin Bengtsson och Pelle Sk\u00f6ldbeck. Elin ber\u00e4ttade om sina upplevelser sedan hon blivit nekad att ta in sin rullstol i Kristianstad Badrike. Det tvistas om huruvida rullstolen ska f\u00e5 anv\u00e4ndas i hela badhuset eller inte. Anst\u00e4llda samt politiker anser att rullstolen inte f\u00e5r anv\u00e4ndas i bass\u00e4ngutrymmena utan d\u00e4r ska ej individanpassade hj\u00e4lpmedel anv\u00e4ndas vilka tillhandah\u00e5lls av badhuset. Diskrimineringsombudsmannen h\u00e5ller p\u00e5 att utreda \u00e4rendet. <br \/>\r\n<br \/>\r\nEfter Elins f\u00f6rel\u00e4sning tog Pelle Sk\u00f6ldbeck vid och ber\u00e4ttade om bl a sitt arbete med \u201dAlla kan\u201d  om tillg\u00e4ngliga str\u00e4nder i \u00c4ngelholm, tillg\u00e4ngliga lekplatser och komiskt nog tillg\u00e4ngliga badhus. \u00c4ven lekplatserna och badhusen  finns i \u00c4ngelholm. <br \/>\r\n<br \/>\r\nEfter en inspirerande f\u00f6rmiddag \u00e5t kursdeltagarna en sista lunch tillsammans. D\u00e4refter avslutades kursen med utv\u00e4rdering samt information fr\u00e5n Carolina Nordbeck som \u00e4r ordf\u00f6rande i DHR Sk\u00e5ne. Deltagarna fick \u00e4ven komma med f\u00f6rslag p\u00e5 kommande aktiviteter fram\u00f6ver. <br \/>\r\n<br \/>\r\nDHR Sk\u00e5ne vill tacka bidragsgivare, f\u00f6rel\u00e4sare, Hotell Erikslund,  deltagare  och alla andra som p\u00e5 n\u00e5got s\u00e4tt bidrog till denna givande helg. <br \/>\r\n<\/p>\n\n                            <\/div>\n\n        <\/div>\n    <\/div>\n<\/section>\n\n<section class=\"block-image-and-text left white\">\n    <div class=\"main\">\n        <div class=\"main-inner\">\n            <div class=\"left-col\" style=\"background-image: url(https:\/\/dhr.se\/skane\/wp-content\/uploads\/sites\/19\/2025\/10\/Adobe-Scan-19-okt.-2025-3.pdf);\"><\/div>\n\n            <div class=\"right-col\">\n                <h2><\/h2>\n                <p class=\"text\"><legend><strong> 19\/10 Att s\u00f6ka fonder och styrelsearbete <\/strong><legend><br \/>\r\n<br \/>\r\n19\/10 arrangerade DHR Sk\u00e5ne  en konferens p\u00e5 Habo g\u00e5rd i Lomma, som p\u00e5 f\u00f6rmiddagen  handlade om att s\u00f6ka fonder f\u00f6r s\u00e5v\u00e4l privatperson som f\u00f6rening. Denna del h\u00f6lls av Elin Bengtsson, som \u00e4ven \u00e4r sekreterare i DHR Sk\u00e5ne. Elin lyfte bl a  hur viktigt det \u00e4r att man skickar in  b\u00e5de ans\u00f6kan och eventuell redovisning till en fond i r\u00e4tt tid. <br \/>\r\n<br \/>\r\nDet var ett tiotal deltagare p\u00e5 f\u00f6rmiddagen. Till eftermiddagen var n\u00e5gon tvungen att avvika. D\u00e5 var temat styrelsearbete. P\u00e5 eftermiddagen f\u00f6rel\u00e4ste DHR Sk\u00e5nes ordf\u00f6rande Carolina Nordbeck om styrelsearbete och vilka funktioner ledam\u00f6terna har i en styrelse. B\u00e5de Elin och Carolina har l\u00e5ng egen erfarenhet av respektive omr\u00e5de. <br \/>\r\n<br \/>\r\n<br \/>\r\nDHR Sk\u00e5ne vill tacka bidragsgivare, Habo G\u00e5rd,  deltagare  och alla andra som p\u00e5 n\u00e5got s\u00e4tt bidrog till denna givande dag. <br \/>\r\n<\/p>\n\n                            <\/div>\n\n        <\/div>\n    <\/div>\n<\/section>\n\n<section class=\"block-image-and-text left white\">\n    <div class=\"main\">\n        <div class=\"main-inner\">\n            <div class=\"left-col\" style=\"background-image: url(https:\/\/dhr.se\/skane\/wp-content\/uploads\/sites\/19\/2025\/10\/att.ePjXQziOQA10dyd0bsBuejRgd71Ux2Y3STDRq9q98to.jpeg);\"><\/div>\n\n            <div class=\"right-col\">\n                <h2><\/h2>\n                <p class=\"text\"><legend><strong> 4\/10 \u201dKostens betydelse f\u00f6r h\u00e4lsan\u201d samt diskussion inf\u00f6r valet 2026 <\/strong><legend><br \/>\r\n<br \/>\r\n4\/10 arrangerade DHR Sk\u00e5ne  en konferens som p\u00e5 f\u00f6rmiddagen som handlade om &#8221;Kostens betydelse f\u00f6r h\u00e4lsan&#8221;.\u00a0<br \/>\r\nDet var ett tiotal deltagare som trotsade storm och regn. Kursen inleddes med fika, vilket var frukost f\u00f6r n\u00e5gra. <br \/>\r\n<br \/>\r\nCharlotte Erlandsson-Albertsson professor emerita vid Lunds Universitet pratade kring hur man kan f\u00f6rl\u00e4nga livet genom att \u00e4ta p\u00e5 r\u00e4tt s\u00e4tt s\u00e5 hj\u00e4rnan f\u00e5r tillr\u00e4ckligt med enerigi. Charlotte menade att det beh\u00f6vs mycket protein och att kaffe \u00e4r d\u00e4rf\u00f6r bra att dricka. Sverige ligger h\u00f6gt p\u00e5 listan \u00f6ver livsl\u00e4ngd. Vid h\u00f6gt blodtryck och \u00e5ldrande kolapsar k\u00e4rl i hj\u00e4rnan. F\u00f6r att motverka h\u00f6gt blodtryck \u00e4r r\u00f6dbetor bra. \u00c5derf\u00f6rkalkning g\u00e5r att reparera med att anv\u00e4nda bland annat oljor. C-vitamin och frukt \u00e4r ocks\u00e5 bra. Tyv\u00e4rr ligger Sverige s\u00e4mre till n\u00e4r man j\u00e4mf\u00f6r med till exempel Frankrike n\u00e4r det g\u00e4ller hj\u00e4rt- och k\u00e4rlsjukdomar. <br \/>\r\n<br \/>\r\nEfter att deltagarna f\u00e5tt med sig matnyttig kunskap kring kost, var det dags f\u00f6r en god lunch. <br \/>\r\n<br \/>\r\nEftermiddagen \u00e4gnades \u00e5t att ge tips och utbyta erfarenheter hur avdelningar och \u00e4ven distriktet kan jobba med fr\u00e5gor inf\u00f6r valet \u00e5r 2026 och flera stycken redogjorde f\u00f6r hur de jobbar i just sin avdelning.<br \/>\r\n<br \/>\r\nDHR Sk\u00e5ne vill tacka bidragsgivare, Habo G\u00e5rd, v\u00e5ra deltagare som gav sig ut och trotsade stormen Amy och alla andra som p\u00e5 n\u00e5got s\u00e4tt bidrog till denna givande dag. <br \/>\r\n<\/p>\n\n                            <\/div>\n\n        <\/div>\n    <\/div>\n<\/section>\n\n<section class=\"block-image-and-text left white\">\n    <div class=\"main\">\n        <div class=\"main-inner\">\n            <div class=\"left-col\" style=\"background-image: url(https:\/\/dhr.se\/skane\/wp-content\/uploads\/sites\/19\/2025\/08\/IMG_5282.jpeg);\"><\/div>\n\n            <div class=\"right-col\">\n                <h2><\/h2>\n                <p class=\"text\"><legend><strong> 23\/8 Grillning <\/strong><legend><br \/>\r\n<br \/>\r\n23\/8 har DHR Sk\u00e5ne haft  sin numera \u00e5terkommande grillning f\u00f6r s\u00e5v\u00e4l nya som trogna medlemmar. Det var R\u00f6n\u00e5s byakrog som stod f\u00f6r cateringen och serverade helstekt gris med tillbeh\u00f6r. Till fika serverades vaniljhj\u00e4rta eller mazarin. Medlemstr\u00e4ffen \u00e4gde rum p\u00e5 Habo g\u00e5rd i Lomma. Ett femtiotal medlemmar deltog. <br \/>\r\n<br \/>\r\nDHR Sk\u00e5ne vill tacka alla som gjorde denna sammankomst m\u00f6jlig. Ett varmt tack till R\u00f6nn\u00e5s som stod f\u00f6r en fantastisk m\u00e5ltid, Habo g\u00e5rd f\u00f6r att vi kunde vara i deras lokaler och stiftelsen \u201dBist\u00e5nd \u00e5t r\u00f6relsehindrade i Sk\u00e5ne\u201d f\u00f6r ekonomisk st\u00f6ttning. <\/p>\n\n                            <\/div>\n\n        <\/div>\n    <\/div>\n<\/section>\n\n<section class=\"block-image-and-text left white\">\n    <div class=\"main\">\n        <div class=\"main-inner\">\n            <div class=\"left-col\" style=\"background-image: url(https:\/\/dhr.se\/skane\/wp-content\/uploads\/sites\/19\/2025\/04\/IMG_4339-3-scaled.jpeg);\"><\/div>\n\n            <div class=\"right-col\">\n                <h2><\/h2>\n                <p class=\"text\"><legend><strong> 26\/4 \u00c5rsm\u00f6te<\/strong><legend><br \/>\r\n<br \/>\r\n26\/4 har DHR Sk\u00e5ne haft sitt \u00e5rsm\u00f6te. 32 r\u00f6stber\u00e4ttigade ombud fr\u00e5n avdelningarna deltog. \u00c4ven n\u00e5gra \u00e5h\u00f6rare fanns p\u00e5 plats. \u00c5rsm\u00f6tesordf\u00f6rande var M\u00e4tta Ivarsson fr\u00e5n milj\u00f6partiet. Hon sitter till vardags i region Sk\u00e5ne. <br \/>\r\n<br \/>\r\nUnder eftermiddagen informerade distriktsordf\u00f6rande Carolina Nordbeck om kommande verksamhet och lyfte annan viktig information till ombuden. Ordet var \u00e4ven fritt f\u00f6r att inget annat viktigt skulle missas i informationsutbytet. <br \/>\r\n<br \/>\r\nDHR Sk\u00e5ne riktar ett varmt tack till Habo G\u00e5rd  i Lomma f\u00f6r att vi har kunnat tillbringa dagen d\u00e4r och att vi blivit serverade mat under v\u00e5r vistelse. <\/p>\n\n                            <\/div>\n\n        <\/div>\n    <\/div>\n<\/section>\n\n<section class=\"block-image-and-text left white\">\n    <div class=\"main\">\n        <div class=\"main-inner\">\n            <div class=\"left-col\" style=\"background-image: url(https:\/\/dhr.se\/skane\/wp-content\/uploads\/sites\/19\/2024\/11\/IMG_3660.jpeg);\"><\/div>\n\n            <div class=\"right-col\">\n                <h2><\/h2>\n                <p class=\"text\"><legend><strong> 22-24\/11 Rehabkurs med tema universell utformning<\/strong><legend><br \/>\r\n<br \/>\r\nUnder fredagseftermiddagen eller l\u00f6rdagsf\u00f6rmiddagen fick deltagarna varsin behandling av Hotell Erikslunds personal. Men redan under fredagskv\u00e4llen var det gemensam samling med tv\u00e5r\u00e4tters middag. <br \/>\r\n<br \/>\r\nResten av helgen f\u00f6rel\u00e4ste den mycket kunniga arkitekten Mai Alm\u00e9n f\u00f6r gruppen om universell utformning. Deltagarna fick ny kunskap att ta med hem till respektive tillg\u00e4nglighets r\u00e5d. <br \/>\r\n<br \/>\r\nDHR Sk\u00e5ne tackar bidragsgivare, Hotell Erikslund i \u00c4ngelholm, deltagare, f\u00f6rel\u00e4sare och \u00f6vriga som p\u00e5 olika s\u00e4tt bidrog till att helgen blev lyckad. <br \/>\r\n<\/p>\n\n                            <\/div>\n\n        <\/div>\n    <\/div>\n<\/section>\n\n<section class=\"block-image-and-text left white\">\n    <div class=\"main\">\n        <div class=\"main-inner\">\n            <div class=\"left-col\" style=\"background-image: url(https:\/\/dhr.se\/skane\/wp-content\/uploads\/sites\/19\/2024\/08\/IMG_3343.jpeg);\"><\/div>\n\n            <div class=\"right-col\">\n                <h2><\/h2>\n                <p class=\"text\"><legend><strong> 17\/8 Grillning p\u00e5 Habo G\u00e5rd<\/strong><legend><br \/>\r\n<br \/>\r\n17\/8 var det dags f\u00f6r grillning p\u00e5 Habo G\u00e5rd i Lomma. S\u00e5 v\u00e4l nyblivna medlemmar som de som varit DHR Sk\u00e5ne trogna under l\u00e5ng tid var inbjudna. <br \/>\r\n<br \/>\r\nSolen sken, sommarminnen och andra erfarenheter hann utbytas. Alla blev bjudna p\u00e5 grillat med tillbeh\u00f6r. Till eftermiddagsfika serverades det wienerbr\u00f6d med kaffe eller te. Ett 40-tal medlemmar nj\u00f6t av god mat, gemenskap och fint v\u00e4der. <br \/>\r\n<br \/>\r\nDHR Sk\u00e5ne tackar alla som p\u00e5 olika s\u00e4tt bidrog till denna trevliga dag! <\/p>\n\n                            <\/div>\n\n        <\/div>\n    <\/div>\n<\/section>\n\n<section class=\"block-image-and-text left white\">\n    <div class=\"main\">\n        <div class=\"main-inner\">\n            <div class=\"left-col\" style=\"background-image: url(https:\/\/dhr.se\/skane\/wp-content\/uploads\/sites\/19\/2024\/08\/IMG_0621.jpeg);\"><\/div>\n\n            <div class=\"right-col\">\n                <h2><\/h2>\n                <p class=\"text\"><legend><strong> 8\/6 Konferens \u201cNaturupplevelser p\u00e5 j\u00e4mlika villkor\u201d <\/strong><legend><br \/>\r\n<br \/>\r\n8 juni h\u00f6ll DHR Sk\u00e5ne en konferens p\u00e5 temat \u201cNaturupplevelser p\u00e5 j\u00e4mlika villkor\u201d i Kristianstad. De som hade en bit att resa till Kristianstad blev upph\u00e4mtade av \u201dSunds P\u00e4rlans Buss AB\u201d, som var tillg\u00e4nglig f\u00f6r samtliga resen\u00e4rer med ramp samt duktig busschauff\u00f6r, som s\u00e5g till att allt fungerade. V\u00e4dret var med oss vilket var trevligt d\u00e5 f\u00f6rsta delen av dagen var utomhus.<br \/>\r\n<br \/>\r\nTill att b\u00f6rja med fick deltagarna en guidad tur med \u201dStora Safarib\u00e5ten\u201d i Kristianstad. Guiden Anders Elmfors pratade med inlevelse och stor kunskap kring Kristianstads vattenrikes natur- och djurliv. B\u00e5ten stannade till d\u00e4r det var l\u00e4 vid lunchtid s\u00e5 alla kunde inta sin lunch i lugn och ro. Till lunch serverades matig sallad, br\u00f6d, sm\u00f6r samt dryck. Det serverades kaka och kaffe till fika lite senare. <br \/>\r\n<br \/>\r\nB\u00e5ten var v\u00e4lanpassad med ramp s\u00e5 alla kunde ta sig ombord. Efter den guidade b\u00e5tturen passade vissa p\u00e5 att r\u00f6ra sig runt omgivningen runt \u201dNaturum\u201d, innan det var dags f\u00f6r f\u00f6rel\u00e4sning. Naturum \u00e4r v\u00e4lanpassat med sina sp\u00e5ngar i tr\u00e4, s\u00e5 det \u00e4r m\u00f6jligt f\u00f6r alla komma n\u00e4rmre naturen oavsett hur man tar sig fram. <br \/>\r\n<br \/>\r\nP\u00e5 eftermiddagen ber\u00e4ttade Elin Bengtsson fr\u00e5n DHR Sk\u00e5ne om sina upplevelser n\u00e4r hon vandrade i Dalarna tillsammans med fler funktionsnedsatta i den organiserade vandringen som gick under namnet \u201dDen l\u00e5nga vandringen 2023\u201d. F\u00f6rel\u00e4sningen h\u00f6lls inne i en f\u00f6rel\u00e4sningssal p\u00e5 \u201dNaturum\u201d. Hon gav \u00e4ven lite friluftstips. Anders Andrade som driver f\u00f6retaget \u201dWill ut\u201d skulle ha ber\u00e4ttat om att anordna vandringar f\u00f6r funktionsnedsatta, men d\u00e5 han fick l\u00e4mna sent \u00e5terbud ber\u00e4ttade ist\u00e4llet Elin, som deltagit i tv\u00e5 av vandringarna som Anders arrangerat, om sina upplevelser och tips f\u00f6r gruppen.<br \/>\r\n<br \/>\r\nDHR Sk\u00e5ne vill tacka alla deltagare, f\u00f6rel\u00e4sare\/guider bidragsgivare och andra som bidragit till en h\u00e4rlig dag i Kristianstad! <\/p>\n\n                            <\/div>\n\n        <\/div>\n    <\/div>\n<\/section>\n\n<section class=\"block-image-and-text left white\">\n    <div class=\"main\">\n        <div class=\"main-inner\">\n            <div class=\"left-col\" style=\"background-image: url(https:\/\/dhr.se\/skane\/wp-content\/uploads\/sites\/19\/2024\/05\/Rehabkurs-maj-2024-rotated.jpeg);\"><\/div>\n\n            <div class=\"right-col\">\n                <h2><\/h2>\n                <p class=\"text\"><legend><strong>3-5\/5 h\u00f6ll DHR Sk\u00e5ne en rehabkurs f\u00f6r medlemmarna p\u00e5 temat hj\u00e4lpmedel samt  \u201dKost och h\u00e4lsa\u201d.  <\/strong><legend><br \/>\r\n<br \/>\r\nUnder fredagen och l\u00f6rdagsf\u00f6rmiddagen fick deltagarna rehabbehandlingar av hotell Erikslunds personal. Under s\u00e5v\u00e4l fredags- som l\u00f6rdagskv\u00e4llen serverades tre r\u00e4ttersmeny. <br \/>\r\n<br \/>\r\nP\u00e5 l\u00f6rdagseftermiddagen fick deltagarna l\u00e4ra sig mer om hj\u00e4lpmedel d\u00e5 Fredrik Sahlsten delade med sig av sin kunskap kring bl a vem som \u00e4r huvudman f\u00f6r olika sorters hj\u00e4lpmedel. Tydligt, strukturerat och kortfattat hj\u00e4lpte Fredrik den lyssnande gruppen att bena ut begreppen och sammanhangen. F\u00f6rel\u00e4sningen avslutades med en grupp\u00f6vning. Fredrik har l\u00e5ng erfarenhet kring hj\u00e4lpmedel, d\u00e5 han sitter i region Sk\u00e5ne i brukarr\u00e5det f\u00f6r \u201dHabilitering och hj\u00e4lpmedel\u201d f\u00f6r DHR Sk\u00e5nes r\u00e4kning, sedan flera \u00e5r tillbaka. <br \/>\r\n<br \/>\r\nF\u00f6re kv\u00e4llsmaten h\u00f6ll Elin Bengtsson ett uppskattat pass i sittande skrattyoga. De flesta kursdeltagarna deltog. Det blev m\u00e5nga h\u00e4rliga skratt och en gl\u00e4dje spred sig i rummet. Elin \u00e4r certifierad skrattyogainstrukt\u00f6r. <br \/>\r\n<br \/>\r\nEfter s\u00f6ndagens frukost f\u00f6rel\u00e4ste Charlotte Erlandsson-Albertsson om \u201dKost och h\u00e4lsa\u201d. Charlotte \u00e4r professor vid Lunds universitet. Hon ber\u00e4ttade om detta viktiga \u00e4mne med inlevelse och h\u00e4rliga skratt. Bland annat fick deltagarna l\u00e4ra sig om hur gr\u00f6na blad och r\u00f6dbetor kan skydda mot stroke. <br \/>\r\n<br \/>\r\nDHR Sk\u00e5ne vill tacka alla kursdeltagare, f\u00f6rel\u00e4sare och all personal p\u00e5 Hotell Erikslund i \u00c4ngelholm som alla bidragit till den goda st\u00e4mningen. Sist vill vi rikta ett varmt tack till v\u00e5ra bidragsgivare. Utan er hade helgen inte varit m\u00f6jlig att genomf\u00f6ra. <br \/>\r\n<\/p>\n\n                            <\/div>\n\n        <\/div>\n    <\/div>\n<\/section>\n\n<section class=\"block-image-and-text left white\">\n    <div class=\"main\">\n        <div class=\"main-inner\">\n            <div class=\"left-col\" style=\"background-image: url(https:\/\/dhr.se\/skane\/wp-content\/uploads\/sites\/19\/2024\/08\/Resized_20240427_100437.jpeg);\"><\/div>\n\n            <div class=\"right-col\">\n                <h2><\/h2>\n                <p class=\"text\"><legend><strong>27\/4 \u00c5rsm\u00f6te 2024<\/strong><legend><br \/>\r\n<br \/>\r\n27\/4 h\u00f6ll DHR Sk\u00e5ne sitt \u00e5rsm\u00f6te. Detta skedde p\u00e5 Habo G\u00e5rd i Lomma. Flertalet lokalavdelningar var representerade genom sina ombud. <br \/>\r\n<br \/>\r\nAnnika Annerby Jansson var m\u00f6tesordf\u00f6rande och h\u00f6ll \u00e4ven ett uppskattat anf\u00f6rande. <\/p>\n\n                            <\/div>\n\n        <\/div>\n    <\/div>\n<\/section>\n\n<section class=\"block-image-and-text left white\">\n    <div class=\"main\">\n        <div class=\"main-inner\">\n            <div class=\"left-col\" style=\"background-image: url(https:\/\/dhr.se\/skane\/wp-content\/uploads\/sites\/19\/2020\/09\/folk-runt-bord-e1703354217448.jpg);\"><\/div>\n\n            <div class=\"right-col\">\n                <h2><\/h2>\n                <p class=\"text\"><legend><strong>30\/9 Tr\u00e4ff inf\u00f6r DHR f\u00f6rbundets f\u00f6rbundsm\u00f6te <\/strong><legend><br \/>\r\n<br \/>\r\nDetta var en dag d\u00e4r DHR Sk\u00e5nes ombud fick \u201dmer k\u00f6tt p\u00e5 benen\u201d f\u00f6r att kunna framf\u00f6ra DHR sk\u00e5ningarnas \u00e5sikter under kommande f\u00f6rbundsm\u00f6te. Motioner och f\u00f6rslag gicks igenom grundligt.<\/p>\n\n                            <\/div>\n\n        <\/div>\n    <\/div>\n<\/section>\n\n<section class=\"block-image-and-text left white\">\n    <div class=\"main\">\n        <div class=\"main-inner\">\n            <div class=\"left-col\" style=\"background-image: url(https:\/\/dhr.se\/skane\/wp-content\/uploads\/sites\/19\/2023\/12\/image00000011.jpeg);\"><\/div>\n\n            <div class=\"right-col\">\n                <h2><\/h2>\n                <p class=\"text\"><legend><strong>19\/8 Grillning <\/strong><legend><br \/>\r\n<br \/>\r\nB\u00e5de nya medlemmar och de som varit trogna DHR Sk\u00e5ne under l\u00e5ng tid tr\u00e4ffades f\u00f6r en gemensam grillning p\u00e5 Habo g\u00e5rd i Lomma. Det bj\u00f6ds p\u00e5 grillat, fika och underh\u00e5llning. Erfarenheter utbyttes och ett och annat h\u00e4rligt skratt h\u00f6rdes i lokalen. En mycket uppskattad och trevlig dag!<\/p>\n\n                            <\/div>\n\n        <\/div>\n    <\/div>\n<\/section>\n\n<section class=\"block-image-and-text left white\">\n    <div class=\"main\">\n        <div class=\"main-inner\">\n            <div class=\"left-col\" style=\"background-image: url(https:\/\/dhr.se\/skane\/wp-content\/uploads\/sites\/19\/2023\/05\/hjarna-e1684155324936.jpg);\"><\/div>\n\n            <div class=\"right-col\">\n                <h2><\/h2>\n                <p class=\"text\"><legend><strong>12-14\/5 Rehabkurs med inriktning fotv\u00e5rd och sm\u00e4rta<\/strong><legend><br \/>\r\n<br \/>\r\nFredagen inleddes med lunch och incheckning p\u00e5 Hotell Erikslund. D\u00e4refter p\u00e5b\u00f6rjades rehabbehandlingarna. <br \/>\r\n<br \/>\r\nP\u00e5 kv\u00e4llen \u00e5tersamlades deltagarna i restaurangen f\u00f6r gemensam middag. <br \/>\r\n<br \/>\r\nSenare p\u00e5 kv\u00e4llen avnj\u00f6ts en ostbricka. <br \/>\r\n<br \/>\r\nDe individuella rehabbehandlingarna fortsatte efter Hotell Erikslunds goda frukostbuff\u00e9<br \/>\r\nEfter den gemensamma lunchen var det dags att l\u00e4ra sig mer om \u201dSm\u00e4rtfria f\u00f6tter med medicinska fotspecialisten Marina Ahlm. <br \/>\r\nEfter Hotell Erikslunds goda frukostbuff\u00e9 fortsatte de individuella rehabbehandlingarna fram tills det var dags f\u00f6r gemensam lunch.<br \/>\r\n<br \/>\r\nP\u00e5 eftermiddagen fick vi l\u00e4ra oss mer om \u201dSm\u00e4rtfria f\u00f6tter&#8221; med medicinska fotspecialisten Marina Ahlm. <br \/>\r\n<br \/>\r\nD\u00e4refter ledde Elin Bengtsson som \u00e4r certifierad skrattyogainstrukt\u00f6r ett pass i skrattyoga. <br \/>\r\nEtt pass i skrattyoga \u00e4r h\u00e4lsosamt p\u00e5 m\u00e5nga s\u00e4tt d\u00e5 bland annat flera \u201dm\u00e5 bra hormoner\u201d frisl\u00e4pps, exempelvis endorfiner som har en sm\u00e4rtlindrande verkan och oxytocin som inverkar lugnande p\u00e5 kroppen. <br \/>\r\n<br \/>\r\nEfter trer\u00e4ttersmiddag bj\u00f6ds det p\u00e5 chokladfondue. <br \/>\r\n<br \/>\r\nS\u00f6ndagens f\u00f6rel\u00e4sare Rita Cording \u00e4r legitimerad sjukgymnast och ber\u00e4ttade f\u00f6r kursdeltagarna om \u201dSm\u00e4rta och hantering\u201d. Hon gick bland annat igenom vad som h\u00e4nder i hj\u00e4rnan vid sm\u00e4rta &#8211; s\u00e5v\u00e4l fysisk som psykisk. <br \/>\r\n<br \/>\r\nEfter en gemensam lunch skildes alla \u00e5t. <br \/>\r\n<br \/>\r\nDHR Sk\u00e5ne vill tacka deltagare, f\u00f6rel\u00e4sare, bidragsgivare, Hotell Erikslund och \u00f6vriga som gjort denna trevliga och l\u00e4rorika helg m\u00f6jlig. <br \/>\r\n<\/p>\n\n                            <\/div>\n\n        <\/div>\n    <\/div>\n<\/section>\n\n<section class=\"block-image-and-text left white\">\n    <div class=\"main\">\n        <div class=\"main-inner\">\n            <div class=\"left-col\" style=\"background-image: url(https:\/\/dhr.se\/skane\/wp-content\/uploads\/sites\/19\/2023\/04\/am4.jpg);\"><\/div>\n\n            <div class=\"right-col\">\n                <h2><\/h2>\n                <p class=\"text\"><legend><strong>15 april 2023 DHR Sk\u00e5ne \u00e5rsm\u00f6te<\/strong><legend><br \/>\r\n<br \/>\r\n15 april har DHR Sk\u00e5ne h\u00e5llit sitt \u00e5rsm\u00f6te p\u00e5 Habo g\u00e5rd i Lomma. I sista stund meddelade Annika Aneby-Jansson f\u00f6rhinder p g a sjukdom. S\u00e5 Carolina Nordbeck (ordf\u00f6rande DHR Sk\u00e5ne) gick in som \u00e5rsm\u00f6tesordf\u00f6rande. <br \/>\r\n<br \/>\r\nPunkterna p\u00e5 dagordningen betades av en efter en, men d\u00e5 Region Sk\u00e5ne inte \u00e4r helt klara med hur deras organisation ska se ut med tanke p\u00e5 exempelvis brukarr\u00e5den, \u00e4r d\u00e4r vissa val som f\u00e5r ske i framtiden. Flertalet medlemmar var p\u00e5 plats medan n\u00e5gon deltog via telefon. <br \/>\r\n<br \/>\r\nEfter en god lunch, f\u00f6ljde information fr\u00e5n distriktet och avdelningarna fick tid att ber\u00e4tta om sin kommande verksamhet. Det utbyttes \u00e4ven tankar kring eventuellt kommande kursverksamhet<br \/>\r\n<\/p>\n\n                            <\/div>\n\n        <\/div>\n    <\/div>\n<\/section>\n\n<section class=\"block-image-and-text left white\">\n    <div class=\"main\">\n        <div class=\"main-inner\">\n            <div class=\"left-col\" style=\"background-image: url(https:\/\/dhr.se\/skane\/wp-content\/uploads\/sites\/19\/2022\/12\/kurs-fonder-2022.jpg);\"><\/div>\n\n            <div class=\"right-col\">\n                <h2><\/h2>\n                <p class=\"text\"><legend><strong>18-20 november 2022 rehabkurs med inriktning J\u00e4mst\u00e4lld ekonomi och hemtj\u00e4nst, LSS, personlig assistans samt god man<\/strong><legend><br \/>\r\n<br \/>\r\nUnder helgen 18-20\/11 hade DHR Sk\u00e5ne en rehabkurs med inriktning J\u00e4mst\u00e4lld ekonomi och hemtj\u00e4nst, LSS, personlig assistans samt god man<br \/>\r\n<br \/>\r\nKursen inleddes vid lunchtid p\u00e5 fredagen. Efter att lunch intagits p\u00e5b\u00f6rjades rehabbehandlingarna. <br \/>\r\n<br \/>\r\nVid kv\u00e4llsmaten \u00e5tersamlades alla igen, och senare serverades ostbricka. <br \/>\r\n<br \/>\r\nEfter en god frukost fick kursdeltagarna testa p\u00e5 skrattyoga. Det blev m\u00e5nga h\u00e4rliga skratt! Och deltagarna kom d\u00e4r ifr\u00e5n med ett leende. Skrattyogan h\u00f6lls av Elin Bengtsson som \u00e4r certifierad skrattinstrukt\u00f6r. <br \/>\r\n<br \/>\r\nEfter skrattyogan fortsatte rehabbehandlingarna fram till lunch. <br \/>\r\n<br \/>\r\nEftermiddagen inleddes med en f\u00f6rel\u00e4sning om att s\u00f6ka fonder. B\u00e5de fonder f\u00f6r enskild och organisation togs upp samt praktisk genomg\u00e5ng i fonddatabasen Global Grant. Detta pass h\u00f6lls av Elin Bengtsson som har m\u00e5ng\u00e5rig erfarenhet av att s\u00f6ka fonder.<br \/>\r\n<br \/>\r\nEfter eftermiddagsfikat fick deltagarna l\u00e4ra sig mer om f\u00f6rvaltare och god man. Kunskap kring hemtj\u00e4nst och socialtj\u00e4nstlagen f\u00f6rmedlades. Under detta pass avhandlades \u00e4ven j\u00e4mst\u00e4lld ekonomi. Detta pass h\u00f6lls av Carolina Nordbeck som \u00e4r utbildad ekonom och socionom. <br \/>\r\n<br \/>\r\nEfter en informativ eftermiddag var det s\u00e5 dags f\u00f6r middag. <br \/>\r\n<br \/>\r\nP\u00e5 kv\u00e4llen fick deltagarna testa Hotell Erikslunds variant p\u00e5 chokladfondue. <br \/>\r\n<br \/>\r\nS\u00f6ndag och det b\u00f6rjar bli dags att avrunda helgen. Men innan hemf\u00e4rd uppdaterade deltagarna sina kunskaper om LSS i allm\u00e4nhet och personlig assistans i synnerhet. Karin Schlyter fr\u00e5n IfA, Intresseorganisationen f\u00f6r Assistansber\u00e4ttigade ber\u00e4ttade \u00e4ven kort om \u201dSynka\u201d och \u201dProjekt krisst\u00f6d\u201d. Efter lunchen genomf\u00f6rdes en kursutv\u00e4rdering, d\u00e4refter skildes deltagarna \u00e5t. <br \/>\r\n<br \/>\r\nDHR Sk\u00e5ne vill tacka deltagarna, hotell Erikslund i \u00c4ngelholm, bidragsgivare, f\u00f6rel\u00e4sare och \u00f6vriga som gjort denna helg m\u00f6jlig. <\/p>\n\n                            <\/div>\n\n        <\/div>\n    <\/div>\n<\/section>\n\n<section class=\"block-image-and-text left white\">\n    <div class=\"main\">\n        <div class=\"main-inner\">\n            <div class=\"left-col\" style=\"background-image: url(https:\/\/dhr.se\/skane\/wp-content\/uploads\/sites\/19\/2022\/12\/22-10-22-fardtjanst.jpg);\"><\/div>\n\n            <div class=\"right-col\">\n                <h2><\/h2>\n                <p class=\"text\"><legend><strong>22 oktober 2022 Konferens f\u00f6r de mest aktiva: F\u00e4rdtj\u00e4nst inklusive riksf\u00e4rdtj\u00e4nst<\/strong><legend><br \/>\r\n<br \/>\r\n<br \/>\r\nDenna dag tr\u00e4ffades styrelsemedlemmar fr\u00e5n  DHR Sk\u00e5nes avdelningar f\u00f6r att prata f\u00e4rdtj\u00e4nst och riksf\u00e4rdtj\u00e4nst. D\u00e5 Lunds kommun har gjort en resa kring detta &#8211; fr\u00e5n kring de l\u00e4gsta omd\u00f6mena i kundn\u00f6jdhet i landet till att ligga i toppskiktet var Per Transtr\u00f6m fr\u00e5n Lunds kommun inbjuden att f\u00f6rel\u00e4sa. Han ber\u00e4ttade p\u00e5 ett mycket engagerat s\u00e4tt hur de g\u00e5tt tillv\u00e4ga f\u00f6r att lyckas g\u00f6ra denna helomv\u00e4ndning. <br \/>\r\n<br \/>\r\nUnder eftermiddagen fick deltagarna information fr\u00e5n distriktet samt att det skedde informationsutbyte mellan DHR Sk\u00e5nes avdelningar. <br \/>\r\n<br \/>\r\nDHR Sk\u00e5ne vill tacka deltagarna, Habo g\u00e5rd i Lund, bidragsgivare, f\u00f6rel\u00e4sare och \u00f6vriga som gjort denna dag m\u00f6jlig. <\/p>\n\n                            <\/div>\n\n        <\/div>\n    <\/div>\n<\/section>\n\n<section class=\"block-image-and-text left white\">\n    <div class=\"main\">\n        <div class=\"main-inner\">\n            <div class=\"left-col\" style=\"background-image: url(https:\/\/dhr.se\/skane\/wp-content\/uploads\/sites\/19\/2022\/01\/tempImageQnHyH5-scaled.jpg);\"><\/div>\n\n            <div class=\"right-col\">\n                <h2><\/h2>\n                <p class=\"text\"><legend><strong>9 oktober 2021 konferens f\u00f6r de mest aktiva &#8211; tema sm\u00e4rta<\/strong><legend><br \/>\r\n<br \/>\r\nDetta har varit en dag med syfte att styrelsemedlemmar i DHR Sk\u00e5nes avdelningsstyrelser skulle f\u00e5 utbyta erfarenheter och f\u00f6r att l\u00e4ra sig mer om sm\u00e4rta och allergier. Tr\u00e4ffen h\u00f6lls p\u00e5 Habo g\u00e5rd i Lomma kommun. <br \/>\r\n<br \/>\r\nSom f\u00f6rel\u00e4sare anlitades Rita Cording som \u00e4r legitimerad sjukgymnast. D\u00e5 hon \u00e4ven \u00e4r utbildad yogainstrukt\u00f6r pausade gruppen emellan\u00e5t med en och annan andnings\u00f6vning som var h\u00e4mtad fr\u00e5n yogans omr\u00e5de. <br \/>\r\n<br \/>\r\nDagen var upplagd s\u00e5 att p\u00e5 f\u00f6rmiddagen fick deltagarna h\u00f6ra och diskutera kring sm\u00e4rta. Efter lunch var \u00e4mnet allergier. <br \/>\r\n<br \/>\r\nDagen avslutades med att DHR Sk\u00e5nes ordf\u00f6rande Carolina Nordbeck informerade fr\u00e5n distriktets sida. <br \/>\r\n<br \/>\r\nEn lyckad dag, bara att f\u00e5 ses fysiskt var nykommet och beh\u00f6vligt f\u00f6r m\u00e5nga!  DHR Sk\u00e5ne vill tacka alla som p\u00e5 n\u00e5got s\u00e4tt bidrog till att denna dag gick att genomf\u00f6ra. <br \/>\r\n<\/p>\n\n                            <\/div>\n\n        <\/div>\n    <\/div>\n<\/section>","protected":false},"excerpt":{"rendered":"","protected":false},"author":21,"featured_media":0,"parent":0,"menu_order":0,"comment_status":"closed","ping_status":"closed","template":"","meta":{"_acf_changed":false,"_monsterinsights_skip_tracking":false,"_monsterinsights_sitenote_active":false,"_monsterinsights_sitenote_note":"","_monsterinsights_sitenote_category":0,"footnotes":""},"class_list":["post-2829","page","type-page","status-publish","hentry"],"acf":[],"yoast_head":"<!-- This site is optimized with the Yoast SEO plugin v27.5 - https:\/\/yoast.com\/product\/yoast-seo-wordpress\/ -->\n<title>Genomf\u00f6rda aktiviteter - DHR - Sk\u00e5ne<\/title>\n<meta name=\"robots\" content=\"index, follow, max-snippet:-1, max-image-preview:large, max-video-preview:-1\" \/>\n<link rel=\"canonical\" href=\"https:\/\/dhr.se\/skane\/genomforda-aktiviteter\/\" \/>\n<meta property=\"og:locale\" content=\"sv_SE\" \/>\n<meta property=\"og:type\" content=\"article\" \/>\n<meta property=\"og:title\" content=\"Genomf\u00f6rda aktiviteter - DHR - Sk\u00e5ne\" \/>\n<meta property=\"og:url\" content=\"https:\/\/dhr.se\/skane\/genomforda-aktiviteter\/\" \/>\n<meta property=\"og:site_name\" content=\"DHR - Sk\u00e5ne\" \/>\n<meta property=\"article:modified_time\" content=\"2026-04-19T15:41:21+00:00\" \/>\n<meta name=\"twitter:card\" content=\"summary_large_image\" \/>\n<script type=\"application\/ld+json\" class=\"yoast-schema-graph\">{\"@context\":\"https:\\\/\\\/schema.org\",\"@graph\":[{\"@type\":\"WebPage\",\"@id\":\"https:\\\/\\\/dhr.se\\\/skane\\\/genomforda-aktiviteter\\\/\",\"url\":\"https:\\\/\\\/dhr.se\\\/skane\\\/genomforda-aktiviteter\\\/\",\"name\":\"Genomf\u00f6rda aktiviteter - DHR - Sk\u00e5ne\",\"isPartOf\":{\"@id\":\"https:\\\/\\\/dhr.se\\\/skane\\\/#website\"},\"datePublished\":\"2022-01-31T15:13:06+00:00\",\"dateModified\":\"2026-04-19T15:41:21+00:00\",\"breadcrumb\":{\"@id\":\"https:\\\/\\\/dhr.se\\\/skane\\\/genomforda-aktiviteter\\\/#breadcrumb\"},\"inLanguage\":\"sv-SE\",\"potentialAction\":[{\"@type\":\"ReadAction\",\"target\":[\"https:\\\/\\\/dhr.se\\\/skane\\\/genomforda-aktiviteter\\\/\"]}]},{\"@type\":\"BreadcrumbList\",\"@id\":\"https:\\\/\\\/dhr.se\\\/skane\\\/genomforda-aktiviteter\\\/#breadcrumb\",\"itemListElement\":[{\"@type\":\"ListItem\",\"position\":1,\"name\":\"Hem\",\"item\":\"https:\\\/\\\/dhr.se\\\/skane\\\/\"},{\"@type\":\"ListItem\",\"position\":2,\"name\":\"Genomf\u00f6rda aktiviteter\"}]},{\"@type\":\"WebSite\",\"@id\":\"https:\\\/\\\/dhr.se\\\/skane\\\/#website\",\"url\":\"https:\\\/\\\/dhr.se\\\/skane\\\/\",\"name\":\"DHR - Sk\u00e5ne\",\"description\":\"Delaktighet, r\u00f6relsefrihet och handlingskraft\",\"potentialAction\":[{\"@type\":\"SearchAction\",\"target\":{\"@type\":\"EntryPoint\",\"urlTemplate\":\"https:\\\/\\\/dhr.se\\\/skane\\\/?s={search_term_string}\"},\"query-input\":{\"@type\":\"PropertyValueSpecification\",\"valueRequired\":true,\"valueName\":\"search_term_string\"}}],\"inLanguage\":\"sv-SE\"}]}<\/script>\n<!-- \/ Yoast SEO plugin. -->","yoast_head_json":{"title":"Genomf\u00f6rda aktiviteter - DHR - Sk\u00e5ne","robots":{"index":"index","follow":"follow","max-snippet":"max-snippet:-1","max-image-preview":"max-image-preview:large","max-video-preview":"max-video-preview:-1"},"canonical":"https:\/\/dhr.se\/skane\/genomforda-aktiviteter\/","og_locale":"sv_SE","og_type":"article","og_title":"Genomf\u00f6rda aktiviteter - DHR - Sk\u00e5ne","og_url":"https:\/\/dhr.se\/skane\/genomforda-aktiviteter\/","og_site_name":"DHR - Sk\u00e5ne","article_modified_time":"2026-04-19T15:41:21+00:00","twitter_card":"summary_large_image","schema":{"@context":"https:\/\/schema.org","@graph":[{"@type":"WebPage","@id":"https:\/\/dhr.se\/skane\/genomforda-aktiviteter\/","url":"https:\/\/dhr.se\/skane\/genomforda-aktiviteter\/","name":"Genomf\u00f6rda aktiviteter - DHR - Sk\u00e5ne","isPartOf":{"@id":"https:\/\/dhr.se\/skane\/#website"},"datePublished":"2022-01-31T15:13:06+00:00","dateModified":"2026-04-19T15:41:21+00:00","breadcrumb":{"@id":"https:\/\/dhr.se\/skane\/genomforda-aktiviteter\/#breadcrumb"},"inLanguage":"sv-SE","potentialAction":[{"@type":"ReadAction","target":["https:\/\/dhr.se\/skane\/genomforda-aktiviteter\/"]}]},{"@type":"BreadcrumbList","@id":"https:\/\/dhr.se\/skane\/genomforda-aktiviteter\/#breadcrumb","itemListElement":[{"@type":"ListItem","position":1,"name":"Hem","item":"https:\/\/dhr.se\/skane\/"},{"@type":"ListItem","position":2,"name":"Genomf\u00f6rda aktiviteter"}]},{"@type":"WebSite","@id":"https:\/\/dhr.se\/skane\/#website","url":"https:\/\/dhr.se\/skane\/","name":"DHR - Sk\u00e5ne","description":"Delaktighet, r\u00f6relsefrihet och handlingskraft","potentialAction":[{"@type":"SearchAction","target":{"@type":"EntryPoint","urlTemplate":"https:\/\/dhr.se\/skane\/?s={search_term_string}"},"query-input":{"@type":"PropertyValueSpecification","valueRequired":true,"valueName":"search_term_string"}}],"inLanguage":"sv-SE"}]}},"publishpress_future_action":{"enabled":false,"date":"2026-05-08 08:20:55","action":"change-status","newStatus":"draft","terms":[],"taxonomy":"translation_priority","extraData":[]},"publishpress_future_workflow_manual_trigger":{"enabledWorkflows":[]},"_links":{"self":[{"href":"https:\/\/dhr.se\/skane\/wp-json\/wp\/v2\/pages\/2829","targetHints":{"allow":["GET"]}}],"collection":[{"href":"https:\/\/dhr.se\/skane\/wp-json\/wp\/v2\/pages"}],"about":[{"href":"https:\/\/dhr.se\/skane\/wp-json\/wp\/v2\/types\/page"}],"author":[{"embeddable":true,"href":"https:\/\/dhr.se\/skane\/wp-json\/wp\/v2\/users\/21"}],"replies":[{"embeddable":true,"href":"https:\/\/dhr.se\/skane\/wp-json\/wp\/v2\/comments?post=2829"}],"version-history":[{"count":2,"href":"https:\/\/dhr.se\/skane\/wp-json\/wp\/v2\/pages\/2829\/revisions"}],"predecessor-version":[{"id":3510,"href":"https:\/\/dhr.se\/skane\/wp-json\/wp\/v2\/pages\/2829\/revisions\/3510"}],"wp:attachment":[{"href":"https:\/\/dhr.se\/skane\/wp-json\/wp\/v2\/media?parent=2829"}],"curies":[{"name":"wp","href":"https:\/\/api.w.org\/{rel}","templated":true}]}}