{"id":2210,"date":"2022-03-31T16:00:29","date_gmt":"2022-03-31T14:00:29","guid":{"rendered":"https:\/\/dhr.se\/skelleftea\/?page_id=2210"},"modified":"2025-12-08T17:24:46","modified_gmt":"2025-12-08T16:24:46","slug":"om-dhr","status":"publish","type":"page","link":"https:\/\/dhr.se\/skelleftea\/om-dhr\/","title":{"rendered":"Om DHR"},"content":{"rendered":"\n<p>Vi \u00e4r en organisation f\u00f6r personer med nedsatt r\u00f6relsef\u00f6rm\u00e5ga. Vi \u00e4r politiskt och religi\u00f6st obundna och verkar genom v\u00e5ra distrikt och avdelningar. <\/p>\n\n\n\n<p>V\u00e5rt arbete utg\u00e5r fr\u00e5n<a href=\"https:\/\/www.regeringen.se\/rattsliga-dokument\/departementsserien-och-promemorior\/2008\/04\/ds-200823\/\"> Konventionen om r\u00e4ttigheter f\u00f6r personer med funktionsneds\u00e4ttning.<\/a> Utifr\u00e5n den skapar vi opinion och p\u00e5verkar politiska beslut som r\u00f6r m\u00e4nniskor med nedsatt r\u00f6relsef\u00f6rm\u00e5ga. <\/p>\n\n\n\n<p>Vi tycker inte att samh\u00e4llet kan delas upp i fullv\u00e4rdiga och inte fullv\u00e4rdiga medborgare. En s\u00e5dan uppdelning leder b\u00e5de till diskriminering och utanf\u00f6rskap. D\u00e4rf\u00f6r arbetar vi med n\u00e5got som vi kallar r\u00e4ttighetspolitik. P\u00e5 nationell niv\u00e5 p\u00e5verkar vi riksdag, regering och centrala myndigheter. Distrikten bedriver p\u00e5verkansarbete mot respektive region, medan avdelningarna driver fr\u00e5gor p\u00e5 kommunal niv\u00e5. <\/p>\n\n\n\n<p><\/p>\n\n\n\n<p>Bokst\u00e4verna DHR st\u00e5r f\u00f6r Delaktighet, Handlingskraft, R\u00f6relsefrihet.<\/p>\n\n\n\n<p><strong>Delaktighet<\/strong>&nbsp;\u00e4r inget vi f\u00e5r i g\u00e5va. Vi m\u00e5ste st\u00e4ndigt arbeta f\u00f6r att personer med nedsatt r\u00f6relsef\u00f6rm\u00e5ga ska bli fullt j\u00e4mst\u00e4llda, j\u00e4mlika och delaktiga i samh\u00e4llet.<\/p>\n\n\n\n<p><strong>Handlingskraft&nbsp;<\/strong>visar vi genom v\u00e5rt arbete med att f\u00f6rverkliga principen om alla m\u00e4nniskors lika v\u00e4rde. <\/p>\n\n\n\n<p>V\u00e5rt l\u00e5ngsiktiga m\u00e5l \u00e4r att uppn\u00e5&nbsp;<strong>r\u00f6relsefrihet<\/strong> s\u00e5 att alla kan ta sig fram och in \u00f6verallt utan att begr\u00e4nsas av hinder i omgivningen. Det \u00e4r en grundf\u00f6ruts\u00e4ttning f\u00f6r att ingen ska bli utest\u00e4ngd, utan ist\u00e4llet kan bidra till ett h\u00e5llbart samh\u00e4llsbygge baserat p\u00e5 m\u00e5ngfald.<\/p>\n\n\n\n<p>Vi \u00e4r experter p\u00e5 hur det \u00e4r att leva i ett otillg\u00e4ngligt samh\u00e4lle och delar g\u00e4rna med av oss av v\u00e5r kunskap, v\u00e5ra erfarenheter och de l\u00f6sningar vi ser finns.<\/p>\n\n\n\n<p>L\u00e5ter det sp\u00e4nnande? L\u00e4s mer om DHR&nbsp;<a href=\"http:\/\/www.dhr.se\/\" target=\"_blank\" rel=\"noreferrer noopener\">h\u00e4r<\/a>.<\/p>\n","protected":false},"excerpt":{"rendered":"<p>Vi \u00e4r en organisation f\u00f6r personer med nedsatt r\u00f6relsef\u00f6rm\u00e5ga. Vi \u00e4r politiskt och religi\u00f6st obundna och verkar genom v\u00e5ra distrikt och avdelningar. V\u00e5rt arbete utg\u00e5r fr\u00e5n Konventionen om r\u00e4ttigheter f\u00f6r personer med funktionsneds\u00e4ttning. Utifr\u00e5n den skapar vi opinion och p\u00e5verkar[&hellip;]<\/p>\n","protected":false},"author":8,"featured_media":0,"parent":0,"menu_order":0,"comment_status":"closed","ping_status":"closed","template":"template-side-menu.php","meta":{"_acf_changed":false,"_monsterinsights_skip_tracking":false,"_monsterinsights_sitenote_active":false,"_monsterinsights_sitenote_note":"","_monsterinsights_sitenote_category":0,"footnotes":""},"class_list":["post-2210","page","type-page","status-publish","hentry"],"acf":[],"yoast_head":"<!-- This site is optimized with the Yoast SEO plugin v27.2 - https:\/\/yoast.com\/product\/yoast-seo-wordpress\/ -->\n<title>Om DHR - DHR - Skellefte\u00e5<\/title>\n<meta name=\"robots\" content=\"index, follow, max-snippet:-1, max-image-preview:large, max-video-preview:-1\" \/>\n<link rel=\"canonical\" href=\"https:\/\/dhr.se\/skelleftea\/om-dhr\/\" \/>\n<meta property=\"og:locale\" content=\"sv_SE\" \/>\n<meta property=\"og:type\" content=\"article\" \/>\n<meta property=\"og:title\" content=\"Om DHR - DHR - Skellefte\u00e5\" \/>\n<meta property=\"og:description\" content=\"Vi \u00e4r en organisation f\u00f6r personer med nedsatt r\u00f6relsef\u00f6rm\u00e5ga. Vi \u00e4r politiskt och religi\u00f6st obundna och verkar genom v\u00e5ra distrikt och avdelningar. V\u00e5rt arbete utg\u00e5r fr\u00e5n Konventionen om r\u00e4ttigheter f\u00f6r personer med funktionsneds\u00e4ttning. Utifr\u00e5n den skapar vi opinion och p\u00e5verkar[&hellip;]\" \/>\n<meta property=\"og:url\" content=\"https:\/\/dhr.se\/skelleftea\/om-dhr\/\" \/>\n<meta property=\"og:site_name\" content=\"DHR - Skellefte\u00e5\" \/>\n<meta property=\"article:modified_time\" content=\"2025-12-08T16:24:46+00:00\" \/>\n<meta name=\"twitter:card\" content=\"summary_large_image\" \/>\n<meta name=\"twitter:label1\" content=\"Ber\u00e4knad l\u00e4stid\" \/>\n\t<meta name=\"twitter:data1\" content=\"2 minuter\" \/>\n<script type=\"application\/ld+json\" class=\"yoast-schema-graph\">{\"@context\":\"https:\/\/schema.org\",\"@graph\":[{\"@type\":\"WebPage\",\"@id\":\"https:\/\/dhr.se\/skelleftea\/om-dhr\/\",\"url\":\"https:\/\/dhr.se\/skelleftea\/om-dhr\/\",\"name\":\"Om DHR - DHR - Skellefte\u00e5\",\"isPartOf\":{\"@id\":\"https:\/\/dhr.se\/skelleftea\/#website\"},\"datePublished\":\"2022-03-31T14:00:29+00:00\",\"dateModified\":\"2025-12-08T16:24:46+00:00\",\"breadcrumb\":{\"@id\":\"https:\/\/dhr.se\/skelleftea\/om-dhr\/#breadcrumb\"},\"inLanguage\":\"sv-SE\",\"potentialAction\":[{\"@type\":\"ReadAction\",\"target\":[\"https:\/\/dhr.se\/skelleftea\/om-dhr\/\"]}]},{\"@type\":\"BreadcrumbList\",\"@id\":\"https:\/\/dhr.se\/skelleftea\/om-dhr\/#breadcrumb\",\"itemListElement\":[{\"@type\":\"ListItem\",\"position\":1,\"name\":\"Hem\",\"item\":\"https:\/\/dhr.se\/skelleftea\/\"},{\"@type\":\"ListItem\",\"position\":2,\"name\":\"Om DHR\"}]},{\"@type\":\"WebSite\",\"@id\":\"https:\/\/dhr.se\/skelleftea\/#website\",\"url\":\"https:\/\/dhr.se\/skelleftea\/\",\"name\":\"DHR - Skellefte\u00e5\",\"description\":\"Delaktighet, r\u00f6relsefrihet och handlingskraft\",\"potentialAction\":[{\"@type\":\"SearchAction\",\"target\":{\"@type\":\"EntryPoint\",\"urlTemplate\":\"https:\/\/dhr.se\/skelleftea\/?s={search_term_string}\"},\"query-input\":{\"@type\":\"PropertyValueSpecification\",\"valueRequired\":true,\"valueName\":\"search_term_string\"}}],\"inLanguage\":\"sv-SE\"}]}<\/script>\n<!-- \/ Yoast SEO plugin. -->","yoast_head_json":{"title":"Om DHR - DHR - Skellefte\u00e5","robots":{"index":"index","follow":"follow","max-snippet":"max-snippet:-1","max-image-preview":"max-image-preview:large","max-video-preview":"max-video-preview:-1"},"canonical":"https:\/\/dhr.se\/skelleftea\/om-dhr\/","og_locale":"sv_SE","og_type":"article","og_title":"Om DHR - DHR - Skellefte\u00e5","og_description":"Vi \u00e4r en organisation f\u00f6r personer med nedsatt r\u00f6relsef\u00f6rm\u00e5ga. Vi \u00e4r politiskt och religi\u00f6st obundna och verkar genom v\u00e5ra distrikt och avdelningar. V\u00e5rt arbete utg\u00e5r fr\u00e5n Konventionen om r\u00e4ttigheter f\u00f6r personer med funktionsneds\u00e4ttning. Utifr\u00e5n den skapar vi opinion och p\u00e5verkar[&hellip;]","og_url":"https:\/\/dhr.se\/skelleftea\/om-dhr\/","og_site_name":"DHR - Skellefte\u00e5","article_modified_time":"2025-12-08T16:24:46+00:00","twitter_card":"summary_large_image","twitter_misc":{"Ber\u00e4knad l\u00e4stid":"2 minuter"},"schema":{"@context":"https:\/\/schema.org","@graph":[{"@type":"WebPage","@id":"https:\/\/dhr.se\/skelleftea\/om-dhr\/","url":"https:\/\/dhr.se\/skelleftea\/om-dhr\/","name":"Om DHR - DHR - Skellefte\u00e5","isPartOf":{"@id":"https:\/\/dhr.se\/skelleftea\/#website"},"datePublished":"2022-03-31T14:00:29+00:00","dateModified":"2025-12-08T16:24:46+00:00","breadcrumb":{"@id":"https:\/\/dhr.se\/skelleftea\/om-dhr\/#breadcrumb"},"inLanguage":"sv-SE","potentialAction":[{"@type":"ReadAction","target":["https:\/\/dhr.se\/skelleftea\/om-dhr\/"]}]},{"@type":"BreadcrumbList","@id":"https:\/\/dhr.se\/skelleftea\/om-dhr\/#breadcrumb","itemListElement":[{"@type":"ListItem","position":1,"name":"Hem","item":"https:\/\/dhr.se\/skelleftea\/"},{"@type":"ListItem","position":2,"name":"Om DHR"}]},{"@type":"WebSite","@id":"https:\/\/dhr.se\/skelleftea\/#website","url":"https:\/\/dhr.se\/skelleftea\/","name":"DHR - Skellefte\u00e5","description":"Delaktighet, r\u00f6relsefrihet och handlingskraft","potentialAction":[{"@type":"SearchAction","target":{"@type":"EntryPoint","urlTemplate":"https:\/\/dhr.se\/skelleftea\/?s={search_term_string}"},"query-input":{"@type":"PropertyValueSpecification","valueRequired":true,"valueName":"search_term_string"}}],"inLanguage":"sv-SE"}]}},"publishpress_future_action":{"enabled":false,"date":"2026-04-28 20:36:20","action":"change-status","newStatus":"draft","terms":[],"taxonomy":"translation_priority","extraData":[]},"publishpress_future_workflow_manual_trigger":{"enabledWorkflows":[]},"_links":{"self":[{"href":"https:\/\/dhr.se\/skelleftea\/wp-json\/wp\/v2\/pages\/2210","targetHints":{"allow":["GET"]}}],"collection":[{"href":"https:\/\/dhr.se\/skelleftea\/wp-json\/wp\/v2\/pages"}],"about":[{"href":"https:\/\/dhr.se\/skelleftea\/wp-json\/wp\/v2\/types\/page"}],"author":[{"embeddable":true,"href":"https:\/\/dhr.se\/skelleftea\/wp-json\/wp\/v2\/users\/8"}],"replies":[{"embeddable":true,"href":"https:\/\/dhr.se\/skelleftea\/wp-json\/wp\/v2\/comments?post=2210"}],"version-history":[{"count":0,"href":"https:\/\/dhr.se\/skelleftea\/wp-json\/wp\/v2\/pages\/2210\/revisions"}],"wp:attachment":[{"href":"https:\/\/dhr.se\/skelleftea\/wp-json\/wp\/v2\/media?parent=2210"}],"curies":[{"name":"wp","href":"https:\/\/api.w.org\/{rel}","templated":true}]}}