{"id":754,"date":"2019-08-15T20:18:44","date_gmt":"2019-08-15T18:18:44","guid":{"rendered":"http:\/\/dhr.se\/skelleftea\/?page_id=754"},"modified":"2026-04-09T14:37:08","modified_gmt":"2026-04-09T12:37:08","slug":"dhr-skelleftea","status":"publish","type":"page","link":"https:\/\/dhr.se\/skelleftea\/","title":{"rendered":"DHR -Skellefte\u00e5"},"content":{"rendered":"<section class=\"block-hero\" style=\"background-image:url(https:\/\/dhr.se\/skelleftea\/wp-content\/uploads\/sites\/34\/2020\/05\/basketball-102377_1280.jpg);\">\n\n<video autoplay loop playsinline muted loop>\n    <source src=\"\" type=\"video\/mp4\">\n    Your browser does not support HTML5 video.\n<\/video>\n\n<div class=\"overlay overlay-dark\"><\/div>\n    <div class=\"main\">\n        <div class=\"main-inner\">\n            <p class=\"small-title\"><\/p>\n            <h1> V\u00e4lkommen till DHR Skellefte\u00e5<\/h1>\n            <p class=\"text\">Vi \u00e4r en organisation av och f\u00f6r personer med nedsatt r\u00f6relsef\u00f6rm\u00e5ga. V\u00e5rt m\u00e5l \u00e4r att alla m\u00e4nniskor ska k\u00e4nna sig v\u00e4lkomna och inkluderade i samh\u00e4llet. V\u00e5r vision \u00e4r ett universellt utformat samh\u00e4lle \u2013 ett j\u00e4mlikt och j\u00e4mst\u00e4llt samh\u00e4lle d\u00e4r varje m\u00e4nniska ses som en tillg\u00e5ng.<br \/>\r\n<br \/>\r\n<\/p>\n\n\n            \n\n\n\n        <\/div>\n    <\/div>\n<\/section>\n\n<section class=\"block-image-and-text left white\">\n    <div class=\"main\">\n        <div class=\"main-inner\">\n            <div class=\"left-col\" style=\"background-image: url(https:\/\/dhr.se\/skelleftea\/wp-content\/uploads\/sites\/34\/2020\/03\/K\u00f6p-av-korv-Botaniska.jpg);\"><\/div>\n\n            <div class=\"right-col\">\n                <h2>Vad vi g\u00f6r<\/h2>\n                <p class=\"text\">Skellefte\u00e5 v\u00e4xer. Blir det tillg\u00e4ngligt f\u00f6r alla? Det t\u00e4nker vi h\u00e5lla koll p\u00e5.<br \/>\r\n<br \/>\r\nJust nu \u00f6kar vi aktivitetsniv\u00e5n i avdelningen och satsar p\u00e5 att n\u00e5 fler som delar v\u00e5ra v\u00e4rderingar. <a href=\"https:\/\/dhr.se\/skelleftea\/om-oss\/\">H\u00e4r<\/a> kan du l\u00e4sa mer om oss och vad vi g\u00f6r. <br \/>\r\n<br \/>\r\nHar du id\u00e9er om vad vi i DHR Skellefte\u00e5 kan g\u00f6ra tillsammans? Tycker du att det snabbt v\u00e4xande Skellefte\u00e5 ser ut att bli mer tillg\u00e4ngligt? <br \/>\r\n<br \/>\r\nH\u00f6r av dig till oss och ber\u00e4tta! Mejla till skelleftea@dhr.se eller ring v\u00e5r ordf\u00f6rande Viggo Pedersen p\u00e5 070-239 08 08. <\/p>\n\n                            <\/div>\n\n        <\/div>\n    <\/div>\n<\/section>\n\n<section class=\"block-calender\">\n    <div class=\"main\">\n        <div class=\"main-inner\">\n            <div class=\"title\">\n                <h2>Kalender<\/h2>\n                                    <a class=\"small-button-underline text-link\" href=\"https:\/\/dhr.se\/skelleftea\/nyheter\/kalender\/\" target=\"_self\">Se hela kalendern<\/a>\n                            <\/div>\n            <div class=\"flex-container\">\n\n                                            \n                    \n                                <a class=\"one-post bright-background\" href=\"https:\/\/dhr.se\/skelleftea\/event\/filmkvall\/\">\n                                    <div class=\"date\">\n                                        <p class=\"day title-color\">16<\/p>\n                                        <p class=\"month title-color\">april<\/p>\n                                    <\/div>\n                                    <div class=\"text-container\">\n                                        <h3 class=\"accent-text\">Filmkv\u00e4ll<\/h3>\n                                        <div class=\"event-info\">\n                                            <p class=\"time\">16\/04\/2026, klockan 18.00<\/p>\n                                            <p class=\"place text-darker\">Nordan\u00e5<\/p>\n                                        <\/div>\n                                    <\/div>\n                                <\/a>\n                        \n                                                    \n                    \n                                <a class=\"one-post bright-background\" href=\"https:\/\/dhr.se\/skelleftea\/event\/bowling\/\">\n                                    <div class=\"date\">\n                                        <p class=\"day title-color\">10<\/p>\n                                        <p class=\"month title-color\">maj<\/p>\n                                    <\/div>\n                                    <div class=\"text-container\">\n                                        <h3 class=\"accent-text\">Bowling<\/h3>\n                                        <div class=\"event-info\">\n                                            <p class=\"time\">10\/05\/2026, klockan16.00-17.00<\/p>\n                                            <p class=\"place text-darker\">Bowlingkompaniet<\/p>\n                                        <\/div>\n                                    <\/div>\n                                <\/a>\n                        \n                                                    \n                    \n                                <a class=\"one-post bright-background\" href=\"https:\/\/dhr.se\/skelleftea\/event\/fika\/\">\n                                    <div class=\"date\">\n                                        <p class=\"day title-color\">10<\/p>\n                                        <p class=\"month title-color\">maj<\/p>\n                                    <\/div>\n                                    <div class=\"text-container\">\n                                        <h3 class=\"accent-text\">Fika<\/h3>\n                                        <div class=\"event-info\">\n                                            <p class=\"time\">10\/05\/2026, klockan 14.00-15.30<\/p>\n                                            <p class=\"place text-darker\">Stora Coop<\/p>\n                                        <\/div>\n                                    <\/div>\n                                <\/a>\n                        \n                           \n            <\/div>\n        <\/div>\n    <\/div>\n<\/section>\n\n<section class=\"block-latest-news bright-background\">\n    <div class=\"main\">\n        <div class=\"main-inner\">\n            <div class=\"title\">\n                <h2>Aktuellt<\/h2>\n                                    <a class=\"small-button-underline text-link\" href=\"https:\/\/dhr.se\/skelleftea\/nyheter\/\" target=\"_blank\">Fler aktuella h\u00e4ndelser<\/a>\n                \n            <\/div>\n            \n            <div class=\"flex-container\">\n\n                                        \n                                <div class=\"one-post\">\n                                                                            <a href=\"https:\/\/dhr.se\/skelleftea\/poddtips-hjulspar\/\">\n                                            <img loading=\"lazy\" decoding=\"async\" width=\"811\" height=\"811\" src=\"https:\/\/dhr.se\/skelleftea\/wp-content\/uploads\/sites\/34\/2025\/07\/Hjulspar.jpg\" class=\"attachment-post-thumbnail size-post-thumbnail wp-post-image\" alt=\"Alt=&quot;&quot;\" srcset=\"https:\/\/dhr.se\/skelleftea\/wp-content\/uploads\/sites\/34\/2025\/07\/Hjulspar.jpg 811w, https:\/\/dhr.se\/skelleftea\/wp-content\/uploads\/sites\/34\/2025\/07\/Hjulspar-300x300.jpg 300w, https:\/\/dhr.se\/skelleftea\/wp-content\/uploads\/sites\/34\/2025\/07\/Hjulspar-150x150.jpg 150w, https:\/\/dhr.se\/skelleftea\/wp-content\/uploads\/sites\/34\/2025\/07\/Hjulspar-768x768.jpg 768w, https:\/\/dhr.se\/skelleftea\/wp-content\/uploads\/sites\/34\/2025\/07\/Hjulspar-50x50.jpg 50w\" sizes=\"auto, (max-width: 811px) 100vw, 811px\" \/>                                        <\/a>\n                                                                        <h3>Poddtips &#8211; Hjulsp\u00e5r<\/h3>\n                                    <!--<p class=\"date\"><\/p> -->\n                                    <p class=\"excerpt\">Tillg\u00e4nglighetsfr\u00e5gor, f\u00f6r\u00e4ldraperspektiv, diskriminering, semesterresor, hj\u00e4lpmedel och f\u00e4rdtj\u00e4nst \u00e4r bara n\u00e5gra exempel p\u00e5&#8230;<\/p>\n\n                                    <a class=\"small-button text-link\" href=\"https:\/\/dhr.se\/skelleftea\/poddtips-hjulspar\/\">L\u00e4s mer<\/a>\n                                <\/div>\n                        \n                                                \n                                <div class=\"one-post\">\n                                                                            <a href=\"https:\/\/dhr.se\/skelleftea\/ny-app-for-enkelt-avhjalpta-hinder\/\">\n                                            <img loading=\"lazy\" decoding=\"async\" width=\"2560\" height=\"1702\" src=\"https:\/\/dhr.se\/skelleftea\/wp-content\/uploads\/sites\/34\/2023\/12\/pexels-ulrick-t-15545765-scaled.jpg\" class=\"attachment-post-thumbnail size-post-thumbnail wp-post-image\" alt=\"Alt=&quot;&quot;\" srcset=\"https:\/\/dhr.se\/skelleftea\/wp-content\/uploads\/sites\/34\/2023\/12\/pexels-ulrick-t-15545765-scaled.jpg 2560w, https:\/\/dhr.se\/skelleftea\/wp-content\/uploads\/sites\/34\/2023\/12\/pexels-ulrick-t-15545765-300x199.jpg 300w, https:\/\/dhr.se\/skelleftea\/wp-content\/uploads\/sites\/34\/2023\/12\/pexels-ulrick-t-15545765-1024x681.jpg 1024w, https:\/\/dhr.se\/skelleftea\/wp-content\/uploads\/sites\/34\/2023\/12\/pexels-ulrick-t-15545765-768x511.jpg 768w, https:\/\/dhr.se\/skelleftea\/wp-content\/uploads\/sites\/34\/2023\/12\/pexels-ulrick-t-15545765-1536x1021.jpg 1536w, https:\/\/dhr.se\/skelleftea\/wp-content\/uploads\/sites\/34\/2023\/12\/pexels-ulrick-t-15545765-2048x1362.jpg 2048w, https:\/\/dhr.se\/skelleftea\/wp-content\/uploads\/sites\/34\/2023\/12\/pexels-ulrick-t-15545765-50x33.jpg 50w, https:\/\/dhr.se\/skelleftea\/wp-content\/uploads\/sites\/34\/2023\/12\/pexels-ulrick-t-15545765-1600x1064.jpg 1600w\" sizes=\"auto, (max-width: 2560px) 100vw, 2560px\" \/>                                        <\/a>\n                                                                        <h3>App f\u00f6r anm\u00e4lan av enkelt avhj\u00e4lpta hinder<\/h3>\n                                    <!--<p class=\"date\"><\/p> -->\n                                    <p class=\"excerpt\">En kant eller en tr\u00f6g d\u00f6rr. F\u00f6r oss med nedsatt r\u00f6relsef\u00f6rm\u00e5ga \u00e4r&#8230;<\/p>\n\n                                    <a class=\"small-button text-link\" href=\"https:\/\/dhr.se\/skelleftea\/ny-app-for-enkelt-avhjalpta-hinder\/\">L\u00e4s mer<\/a>\n                                <\/div>\n                        \n                                                \n                                <div class=\"one-post\">\n                                                                            <a href=\"https:\/\/dhr.se\/skelleftea\/nyheter-fran-forbundet\/\">\n                                            <img loading=\"lazy\" decoding=\"async\" width=\"3709\" height=\"2890\" src=\"https:\/\/dhr.se\/skelleftea\/wp-content\/uploads\/sites\/34\/2020\/05\/DHR_lejongul.jpg\" class=\"attachment-post-thumbnail size-post-thumbnail wp-post-image\" alt=\"alt=&quot;&quot;\" srcset=\"https:\/\/dhr.se\/skelleftea\/wp-content\/uploads\/sites\/34\/2020\/05\/DHR_lejongul.jpg 3709w, https:\/\/dhr.se\/skelleftea\/wp-content\/uploads\/sites\/34\/2020\/05\/DHR_lejongul-300x234.jpg 300w, https:\/\/dhr.se\/skelleftea\/wp-content\/uploads\/sites\/34\/2020\/05\/DHR_lejongul-768x598.jpg 768w, https:\/\/dhr.se\/skelleftea\/wp-content\/uploads\/sites\/34\/2020\/05\/DHR_lejongul-1024x798.jpg 1024w\" sizes=\"auto, (max-width: 3709px) 100vw, 3709px\" \/>                                        <\/a>\n                                                                        <h3>Nyheter fr\u00e5n f\u00f6rbundet<\/h3>\n                                    <!--<p class=\"date\"><\/p> -->\n                                    <p class=\"excerpt\">H\u00e4r&nbsp;kan du l\u00e4sa vad som h\u00e4nder inom f\u00f6rbundet. Fler nyheter finns p\u00e5&#8230;<\/p>\n\n                                    <a class=\"small-button text-link\" href=\"https:\/\/dhr.se\/skelleftea\/nyheter-fran-forbundet\/\">L\u00e4s mer<\/a>\n                                <\/div>\n                        \n                           \n            <\/div>\n\n                            <a class=\"button big accent\" href=\"https:\/\/dhr.se\/skelleftea\/nyheter\/\" target=\"_self\">Fler aktuella h\u00e4ndelser<\/a>\n                        \n        <\/div>\n    <\/div>\n<\/section>\n\n<section class=\"block-textbox\" style=\"background-image:url(https:\/\/dhr.se\/skelleftea\/wp-content\/uploads\/sites\/34\/2020\/03\/Kvinna-med-ljust-l\u00e5ngt-h\u00e5r-tittar-in-i-kameran-Botaniska.jpg);\">\n    <div class=\"main\">\n        <div class=\"main-inner\">\n\n                <div class=\"text-container\">\n                    <h2>Bli medlem i DHR<\/h2>\n                    <p>Under DHR:s 100 \u00e5r (vi bildades \u00e5r 1923) har villkoren f\u00f6r personer med nedsatt r\u00f6relsef\u00f6rm\u00e5ga sj\u00e4lvklart f\u00f6rb\u00e4ttrats. Men nu b\u00f6rjar det bl\u00e5sa kallt igen, och behovet av en stark motst\u00e5ndsr\u00f6relse \u00e4r st\u00f6rre \u00e4n p\u00e5 m\u00e5nga \u00e5r. Den personliga assistansen \u00e4r i fara, parkeringstillst\u00e5nd dras in och det sn\u00e5las p\u00e5 bilst\u00f6d. Vi h\u00f6r till och med \u00e5sikter om att det borde inf\u00f6ras institutioner igen. D\u00e4rf\u00f6r beh\u00f6vs ocks\u00e5 du som medlem!<br \/>\r\n<br \/>\r\nTillsammans med andra medlemmar kan du delta i fritidsaktiviteter, kamratst\u00f6d och social gemenskap. <br \/>\r\nSom medlem i DHR har du tillsammans med andra medlemmar m\u00f6jlighet att p\u00e5verka s\u00e5 att ditt lokalsamh\u00e4lle blir mer j\u00e4mlikt och j\u00e4mst\u00e4llt.<\/p>\n\n                                            <a class=\"button big accent\" href=\"https:\/\/sbtdhr.mysoft.no\/modules\/blimedlem\/blimedlem.aspx\" target=\"_self\">Medlemsans\u00f6kan<\/a>\n                    \n                <\/div>\n\n        <\/div>\n    <\/div>\n<\/section>","protected":false},"excerpt":{"rendered":"","protected":false},"author":8,"featured_media":0,"parent":0,"menu_order":0,"comment_status":"closed","ping_status":"closed","template":"","meta":{"_acf_changed":false,"_monsterinsights_skip_tracking":false,"_monsterinsights_sitenote_active":false,"_monsterinsights_sitenote_note":"","_monsterinsights_sitenote_category":0,"footnotes":""},"class_list":["post-754","page","type-page","status-publish","hentry"],"acf":[],"yoast_head":"<!-- This site is optimized with the Yoast SEO plugin v27.2 - https:\/\/yoast.com\/product\/yoast-seo-wordpress\/ -->\n<title>DHR -Skellefte\u00e5 - DHR - Skellefte\u00e5<\/title>\n<meta name=\"description\" content=\"Vi \u00e4r en politiskt och religi\u00f6st obunden organisation av och f\u00f6r personer med nedsatt r\u00f6relsef\u00f6rm\u00e5ga. V\u00e5r utg\u00e5ngspunkt f\u00f6r det r\u00e4ttighetspolitiska arbetet \u00e4r Konventionen om r\u00e4ttigheter f\u00f6r personer med funktionsneds\u00e4ttning.\" \/>\n<meta name=\"robots\" content=\"index, follow, max-snippet:-1, max-image-preview:large, max-video-preview:-1\" \/>\n<link rel=\"canonical\" href=\"https:\/\/dhr.se\/skelleftea\/\" \/>\n<meta property=\"og:locale\" content=\"sv_SE\" \/>\n<meta property=\"og:type\" content=\"article\" \/>\n<meta property=\"og:title\" content=\"DHR -Skellefte\u00e5 - DHR - Skellefte\u00e5\" \/>\n<meta property=\"og:description\" content=\"Vi \u00e4r en politiskt och religi\u00f6st obunden organisation av och f\u00f6r personer med nedsatt r\u00f6relsef\u00f6rm\u00e5ga. V\u00e5r utg\u00e5ngspunkt f\u00f6r det r\u00e4ttighetspolitiska arbetet \u00e4r Konventionen om r\u00e4ttigheter f\u00f6r personer med funktionsneds\u00e4ttning.\" \/>\n<meta property=\"og:url\" content=\"https:\/\/dhr.se\/skelleftea\/\" \/>\n<meta property=\"og:site_name\" content=\"DHR - Skellefte\u00e5\" \/>\n<meta property=\"article:modified_time\" content=\"2026-04-09T12:37:08+00:00\" \/>\n<meta name=\"twitter:card\" content=\"summary_large_image\" \/>\n<script type=\"application\/ld+json\" class=\"yoast-schema-graph\">{\"@context\":\"https:\/\/schema.org\",\"@graph\":[{\"@type\":\"WebPage\",\"@id\":\"https:\/\/dhr.se\/skelleftea\/\",\"url\":\"https:\/\/dhr.se\/skelleftea\/\",\"name\":\"DHR -Skellefte\u00e5 - DHR - Skellefte\u00e5\",\"isPartOf\":{\"@id\":\"https:\/\/dhr.se\/skelleftea\/#website\"},\"datePublished\":\"2019-08-15T18:18:44+00:00\",\"dateModified\":\"2026-04-09T12:37:08+00:00\",\"description\":\"Vi \u00e4r en politiskt och religi\u00f6st obunden organisation av och f\u00f6r personer med nedsatt r\u00f6relsef\u00f6rm\u00e5ga. V\u00e5r utg\u00e5ngspunkt f\u00f6r det r\u00e4ttighetspolitiska arbetet \u00e4r Konventionen om r\u00e4ttigheter f\u00f6r personer med funktionsneds\u00e4ttning.\",\"breadcrumb\":{\"@id\":\"https:\/\/dhr.se\/skelleftea\/#breadcrumb\"},\"inLanguage\":\"sv-SE\",\"potentialAction\":[{\"@type\":\"ReadAction\",\"target\":[\"https:\/\/dhr.se\/skelleftea\/\"]}]},{\"@type\":\"BreadcrumbList\",\"@id\":\"https:\/\/dhr.se\/skelleftea\/#breadcrumb\",\"itemListElement\":[{\"@type\":\"ListItem\",\"position\":1,\"name\":\"Hem\",\"item\":\"https:\/\/dhr.se\/skelleftea\/\"},{\"@type\":\"ListItem\",\"position\":2,\"name\":\"DHR -Skellefte\u00e5\"}]},{\"@type\":\"WebSite\",\"@id\":\"https:\/\/dhr.se\/skelleftea\/#website\",\"url\":\"https:\/\/dhr.se\/skelleftea\/\",\"name\":\"DHR - Skellefte\u00e5\",\"description\":\"Delaktighet, r\u00f6relsefrihet och handlingskraft\",\"potentialAction\":[{\"@type\":\"SearchAction\",\"target\":{\"@type\":\"EntryPoint\",\"urlTemplate\":\"https:\/\/dhr.se\/skelleftea\/?s={search_term_string}\"},\"query-input\":{\"@type\":\"PropertyValueSpecification\",\"valueRequired\":true,\"valueName\":\"search_term_string\"}}],\"inLanguage\":\"sv-SE\"}]}<\/script>\n<!-- \/ Yoast SEO plugin. -->","yoast_head_json":{"title":"DHR -Skellefte\u00e5 - DHR - Skellefte\u00e5","description":"Vi \u00e4r en politiskt och religi\u00f6st obunden organisation av och f\u00f6r personer med nedsatt r\u00f6relsef\u00f6rm\u00e5ga. V\u00e5r utg\u00e5ngspunkt f\u00f6r det r\u00e4ttighetspolitiska arbetet \u00e4r Konventionen om r\u00e4ttigheter f\u00f6r personer med funktionsneds\u00e4ttning.","robots":{"index":"index","follow":"follow","max-snippet":"max-snippet:-1","max-image-preview":"max-image-preview:large","max-video-preview":"max-video-preview:-1"},"canonical":"https:\/\/dhr.se\/skelleftea\/","og_locale":"sv_SE","og_type":"article","og_title":"DHR -Skellefte\u00e5 - DHR - Skellefte\u00e5","og_description":"Vi \u00e4r en politiskt och religi\u00f6st obunden organisation av och f\u00f6r personer med nedsatt r\u00f6relsef\u00f6rm\u00e5ga. V\u00e5r utg\u00e5ngspunkt f\u00f6r det r\u00e4ttighetspolitiska arbetet \u00e4r Konventionen om r\u00e4ttigheter f\u00f6r personer med funktionsneds\u00e4ttning.","og_url":"https:\/\/dhr.se\/skelleftea\/","og_site_name":"DHR - Skellefte\u00e5","article_modified_time":"2026-04-09T12:37:08+00:00","twitter_card":"summary_large_image","schema":{"@context":"https:\/\/schema.org","@graph":[{"@type":"WebPage","@id":"https:\/\/dhr.se\/skelleftea\/","url":"https:\/\/dhr.se\/skelleftea\/","name":"DHR -Skellefte\u00e5 - DHR - Skellefte\u00e5","isPartOf":{"@id":"https:\/\/dhr.se\/skelleftea\/#website"},"datePublished":"2019-08-15T18:18:44+00:00","dateModified":"2026-04-09T12:37:08+00:00","description":"Vi \u00e4r en politiskt och religi\u00f6st obunden organisation av och f\u00f6r personer med nedsatt r\u00f6relsef\u00f6rm\u00e5ga. V\u00e5r utg\u00e5ngspunkt f\u00f6r det r\u00e4ttighetspolitiska arbetet \u00e4r Konventionen om r\u00e4ttigheter f\u00f6r personer med funktionsneds\u00e4ttning.","breadcrumb":{"@id":"https:\/\/dhr.se\/skelleftea\/#breadcrumb"},"inLanguage":"sv-SE","potentialAction":[{"@type":"ReadAction","target":["https:\/\/dhr.se\/skelleftea\/"]}]},{"@type":"BreadcrumbList","@id":"https:\/\/dhr.se\/skelleftea\/#breadcrumb","itemListElement":[{"@type":"ListItem","position":1,"name":"Hem","item":"https:\/\/dhr.se\/skelleftea\/"},{"@type":"ListItem","position":2,"name":"DHR -Skellefte\u00e5"}]},{"@type":"WebSite","@id":"https:\/\/dhr.se\/skelleftea\/#website","url":"https:\/\/dhr.se\/skelleftea\/","name":"DHR - Skellefte\u00e5","description":"Delaktighet, r\u00f6relsefrihet och handlingskraft","potentialAction":[{"@type":"SearchAction","target":{"@type":"EntryPoint","urlTemplate":"https:\/\/dhr.se\/skelleftea\/?s={search_term_string}"},"query-input":{"@type":"PropertyValueSpecification","valueRequired":true,"valueName":"search_term_string"}}],"inLanguage":"sv-SE"}]}},"publishpress_future_action":{"enabled":false,"date":"2026-05-03 17:27:41","action":"change-status","newStatus":"draft","terms":[],"taxonomy":"translation_priority","extraData":[]},"publishpress_future_workflow_manual_trigger":{"enabledWorkflows":[]},"_links":{"self":[{"href":"https:\/\/dhr.se\/skelleftea\/wp-json\/wp\/v2\/pages\/754","targetHints":{"allow":["GET"]}}],"collection":[{"href":"https:\/\/dhr.se\/skelleftea\/wp-json\/wp\/v2\/pages"}],"about":[{"href":"https:\/\/dhr.se\/skelleftea\/wp-json\/wp\/v2\/types\/page"}],"author":[{"embeddable":true,"href":"https:\/\/dhr.se\/skelleftea\/wp-json\/wp\/v2\/users\/8"}],"replies":[{"embeddable":true,"href":"https:\/\/dhr.se\/skelleftea\/wp-json\/wp\/v2\/comments?post=754"}],"version-history":[{"count":3,"href":"https:\/\/dhr.se\/skelleftea\/wp-json\/wp\/v2\/pages\/754\/revisions"}],"predecessor-version":[{"id":3519,"href":"https:\/\/dhr.se\/skelleftea\/wp-json\/wp\/v2\/pages\/754\/revisions\/3519"}],"wp:attachment":[{"href":"https:\/\/dhr.se\/skelleftea\/wp-json\/wp\/v2\/media?parent=754"}],"curies":[{"name":"wp","href":"https:\/\/api.w.org\/{rel}","templated":true}]}}