{"id":7286,"date":"2026-03-27T14:48:06","date_gmt":"2026-03-27T13:48:06","guid":{"rendered":"https:\/\/dhr.se\/stockholmslan\/?post_type=event&#038;p=7286"},"modified":"2026-03-31T13:30:19","modified_gmt":"2026-03-31T11:30:19","slug":"valkommen-att-anmala-dig-till-politikerdebatt-och-arsmote-den-25-april","status":"publish","type":"event","link":"https:\/\/dhr.se\/stockholmslan\/blog\/event\/valkommen-att-anmala-dig-till-politikerdebatt-och-arsmote-den-25-april\/","title":{"rendered":"V\u00e4lkommen att anm\u00e4la dig till politikerdebatt och \u00e5rsm\u00f6te den 25 april"},"content":{"rendered":"\n<p><\/p>\n\n\n\n<p>Den 25 april \u00e4r du varmt v\u00e4lkommen till en inneh\u00e5llsrik dag p\u00e5&nbsp;<strong>Quality Hotel Winn Haninge<\/strong>,&nbsp;<strong>Rudsj\u00f6terrassen 3<\/strong>.<\/p>\n\n\n\n<p>Dagen inleds med en&nbsp;<strong>politikerdebatt kl. 09.30\u201311.30<\/strong>. Eftersom&nbsp;<strong>2026 \u00e4r val\u00e5r<\/strong>&nbsp;vill vi ge v\u00e5ra medlemmar m\u00f6jlighet att lyssna till och st\u00e4lla fr\u00e5gor till regionpolitikerna om fr\u00e5gor som \u00e4r viktiga f\u00f6r personer med nedsatt r\u00f6relsef\u00f6rm\u00e5ga.<\/p>\n\n\n\n<p>Hur vill politikerna f\u00f6rb\u00e4ttra h\u00e4lsa och sjukv\u00e5rd, tillg\u00e5ngen till hj\u00e4lpmedel, kollektivtrafik och f\u00e4rdtj\u00e4nst? Hur ser deras planer ut f\u00f6r att st\u00e4rka levnadsvillkoren f\u00f6r personer med nedsatt r\u00f6relsef\u00f6rm\u00e5ga? Tillg\u00e4nglighet och anv\u00e4ndbarhet \u00e4r avg\u00f6rande f\u00f6r att personer med funktionsneds\u00e4ttning ska kunna delta i samh\u00e4llet p\u00e5 lika villkor, och under debatten f\u00e5r du m\u00f6jlighet att ta del av politikernas svar och st\u00e4lla egna fr\u00e5gor.<\/p>\n\n\n\n<p>Politikerdebatten arrangeras i samarbete med&nbsp;<strong>SRF Stockholm Gotland<\/strong>&nbsp;och&nbsp;<strong>Funktionsr\u00e4tt Stockholms l\u00e4n<\/strong>.<\/p>\n\n\n\n<p><strong>F\u00f6r dig som ska g\u00e5 p\u00e5 \u00e5rsm\u00f6tet inleds dagen med lunch klockan 12.00<\/strong>, och du kan v\u00e4lja mellan&nbsp;<strong>kyckling<\/strong>&nbsp;och&nbsp;<strong>vegetariskt<\/strong>.<\/p>\n\n\n\n<p>D\u00e4refter b\u00f6rjar&nbsp;<strong>\u00e5rsm\u00f6tet kl. 13.30<\/strong>&nbsp;och ber\u00e4knas avslutas omkring&nbsp;<strong>kl. 17.00<\/strong>. Under eftermiddagen serveras fika&nbsp;<strong>kl. 15.00<\/strong>.<\/p>\n\n\n\n<p>Politikerdebatten \u00e4r kostnadsfri men \u00e5rsm\u00f6tesdeltagare som \u00e4ter lunch och fikar betalar en avgift p\u00e5&nbsp;<strong>300 kronor<\/strong>, vilket \u00e4ven g\u00e4ller personliga assistenter. F\u00f6r dig som \u00e4r&nbsp;<strong>ombud<\/strong>&nbsp;betalas avgiften av din avdelning.&nbsp;<strong>Faktura skickas efter \u00e5rsm\u00f6tet.<\/strong><\/p>\n\n\n\n<p>Avdelningens&nbsp;<strong>ers\u00e4ttare<\/strong>&nbsp;har ingen r\u00f6str\u00e4tt f\u00f6rr\u00e4n ordinarie ombud har l\u00e4mnat \u00e5terbud, men \u00e4r sj\u00e4lvklart v\u00e4lkomna att delta under dagen som \u00e5h\u00f6rare.<\/p>\n\n\n\n<p>I din anm\u00e4lan anger du vad du vill delta i:<\/p>\n\n\n\n<ul class=\"wp-block-list\">\n<li>Politikerdebatten<\/li>\n\n\n\n<li>Lunchen<\/li>\n\n\n\n<li>\u00c5rsm\u00f6tet<\/li>\n\n\n\n<li>Hela dagen<\/li>\n<\/ul>\n\n\n\n<p><a href=\"https:\/\/forms.cloud.microsoft\/e\/8AaGHFLZcx\">Inbjudan Politikerdebatt med efterf\u00f6ljande \u00e5rsm\u00f6te i DHR Region Stockholms 2026\u00a0<\/a><br><\/p>\n\n\n\n<p><\/p>\n\n\n\n<p><strong>Varmt v\u00e4lkommen med din anm\u00e4lan!<\/strong><\/p>\n\n\n\n<p><\/p>\n","protected":false},"template":"","class_list":["post-7286","event","type-event","status-publish","hentry"],"acf":[],"yoast_head":"<!-- This site is optimized with the Yoast SEO plugin v27.2 - https:\/\/yoast.com\/product\/yoast-seo-wordpress\/ -->\n<title>V\u00e4lkommen att anm\u00e4la dig till politikerdebatt och \u00e5rsm\u00f6te den 25 april - DHR - Region Stockholm<\/title>\n<meta name=\"robots\" content=\"index, follow, max-snippet:-1, max-image-preview:large, max-video-preview:-1\" \/>\n<link rel=\"canonical\" href=\"https:\/\/dhr.se\/stockholmslan\/blog\/event\/valkommen-att-anmala-dig-till-politikerdebatt-och-arsmote-den-25-april\/\" \/>\n<meta property=\"og:locale\" content=\"sv_SE\" \/>\n<meta property=\"og:type\" content=\"article\" \/>\n<meta property=\"og:title\" content=\"V\u00e4lkommen att anm\u00e4la dig till politikerdebatt och \u00e5rsm\u00f6te den 25 april - DHR - Region Stockholm\" \/>\n<meta property=\"og:description\" content=\"Den 25 april \u00e4r du varmt v\u00e4lkommen till en inneh\u00e5llsrik dag p\u00e5&nbsp;Quality Hotel Winn Haninge,&nbsp;Rudsj\u00f6terrassen 3. Dagen inleds med en&nbsp;politikerdebatt kl. 09.30\u201311.30. Eftersom&nbsp;2026 \u00e4r val\u00e5r&nbsp;vill vi ge v\u00e5ra medlemmar m\u00f6jlighet att lyssna till och st\u00e4lla fr\u00e5gor till regionpolitikerna om fr\u00e5gor[&hellip;]\" \/>\n<meta property=\"og:url\" content=\"https:\/\/dhr.se\/stockholmslan\/blog\/event\/valkommen-att-anmala-dig-till-politikerdebatt-och-arsmote-den-25-april\/\" \/>\n<meta property=\"og:site_name\" content=\"DHR - Region Stockholm\" \/>\n<meta property=\"article:publisher\" content=\"https:\/\/www.facebook.com\/DHRStockholmsLan\" \/>\n<meta property=\"article:modified_time\" content=\"2026-03-31T11:30:19+00:00\" \/>\n<meta name=\"twitter:card\" content=\"summary_large_image\" \/>\n<meta name=\"twitter:label1\" content=\"Ber\u00e4knad l\u00e4stid\" \/>\n\t<meta name=\"twitter:data1\" content=\"2 minuter\" \/>\n<script type=\"application\/ld+json\" class=\"yoast-schema-graph\">{\"@context\":\"https:\/\/schema.org\",\"@graph\":[{\"@type\":\"WebPage\",\"@id\":\"https:\/\/dhr.se\/stockholmslan\/blog\/event\/valkommen-att-anmala-dig-till-politikerdebatt-och-arsmote-den-25-april\/\",\"url\":\"https:\/\/dhr.se\/stockholmslan\/blog\/event\/valkommen-att-anmala-dig-till-politikerdebatt-och-arsmote-den-25-april\/\",\"name\":\"V\u00e4lkommen att anm\u00e4la dig till politikerdebatt och \u00e5rsm\u00f6te den 25 april - DHR - Region Stockholm\",\"isPartOf\":{\"@id\":\"https:\/\/dhr.se\/stockholmslan\/#website\"},\"datePublished\":\"2026-03-27T13:48:06+00:00\",\"dateModified\":\"2026-03-31T11:30:19+00:00\",\"breadcrumb\":{\"@id\":\"https:\/\/dhr.se\/stockholmslan\/blog\/event\/valkommen-att-anmala-dig-till-politikerdebatt-och-arsmote-den-25-april\/#breadcrumb\"},\"inLanguage\":\"sv-SE\",\"potentialAction\":[{\"@type\":\"ReadAction\",\"target\":[\"https:\/\/dhr.se\/stockholmslan\/blog\/event\/valkommen-att-anmala-dig-till-politikerdebatt-och-arsmote-den-25-april\/\"]}]},{\"@type\":\"BreadcrumbList\",\"@id\":\"https:\/\/dhr.se\/stockholmslan\/blog\/event\/valkommen-att-anmala-dig-till-politikerdebatt-och-arsmote-den-25-april\/#breadcrumb\",\"itemListElement\":[{\"@type\":\"ListItem\",\"position\":1,\"name\":\"Hem\",\"item\":\"https:\/\/dhr.se\/stockholmslan\/\"},{\"@type\":\"ListItem\",\"position\":2,\"name\":\"Events\",\"item\":\"https:\/\/dhr.se\/stockholmslan\/blog\/event\/\"},{\"@type\":\"ListItem\",\"position\":3,\"name\":\"V\u00e4lkommen att anm\u00e4la dig till politikerdebatt och \u00e5rsm\u00f6te den 25 april\"}]},{\"@type\":\"WebSite\",\"@id\":\"https:\/\/dhr.se\/stockholmslan\/#website\",\"url\":\"https:\/\/dhr.se\/stockholmslan\/\",\"name\":\"DHR - Region Stockholm\",\"description\":\"Delaktighet - Handlingskraft - R\u00f6relsefrihet\",\"publisher\":{\"@id\":\"https:\/\/dhr.se\/stockholmslan\/#organization\"},\"potentialAction\":[{\"@type\":\"SearchAction\",\"target\":{\"@type\":\"EntryPoint\",\"urlTemplate\":\"https:\/\/dhr.se\/stockholmslan\/?s={search_term_string}\"},\"query-input\":{\"@type\":\"PropertyValueSpecification\",\"valueRequired\":true,\"valueName\":\"search_term_string\"}}],\"inLanguage\":\"sv-SE\"},{\"@type\":\"Organization\",\"@id\":\"https:\/\/dhr.se\/stockholmslan\/#organization\",\"name\":\"DHR Region Stockholm\",\"url\":\"https:\/\/dhr.se\/stockholmslan\/\",\"logo\":{\"@type\":\"ImageObject\",\"inLanguage\":\"sv-SE\",\"@id\":\"https:\/\/dhr.se\/stockholmslan\/#\/schema\/logo\/image\/\",\"url\":\"https:\/\/dhr.se\/stockholmslan\/wp-content\/uploads\/sites\/5\/2021\/12\/REGION-STOCKHOLM-orange-48-p.jpg\",\"contentUrl\":\"https:\/\/dhr.se\/stockholmslan\/wp-content\/uploads\/sites\/5\/2021\/12\/REGION-STOCKHOLM-orange-48-p.jpg\",\"width\":891,\"height\":694,\"caption\":\"DHR Region Stockholm\"},\"image\":{\"@id\":\"https:\/\/dhr.se\/stockholmslan\/#\/schema\/logo\/image\/\"},\"sameAs\":[\"https:\/\/www.facebook.com\/DHRStockholmsLan\",\"https:\/\/www.instagram.com\/dhr_sld\/\"]}]}<\/script>\n<!-- \/ Yoast SEO plugin. -->","yoast_head_json":{"title":"V\u00e4lkommen att anm\u00e4la dig till politikerdebatt och \u00e5rsm\u00f6te den 25 april - DHR - Region Stockholm","robots":{"index":"index","follow":"follow","max-snippet":"max-snippet:-1","max-image-preview":"max-image-preview:large","max-video-preview":"max-video-preview:-1"},"canonical":"https:\/\/dhr.se\/stockholmslan\/blog\/event\/valkommen-att-anmala-dig-till-politikerdebatt-och-arsmote-den-25-april\/","og_locale":"sv_SE","og_type":"article","og_title":"V\u00e4lkommen att anm\u00e4la dig till politikerdebatt och \u00e5rsm\u00f6te den 25 april - DHR - Region Stockholm","og_description":"Den 25 april \u00e4r du varmt v\u00e4lkommen till en inneh\u00e5llsrik dag p\u00e5&nbsp;Quality Hotel Winn Haninge,&nbsp;Rudsj\u00f6terrassen 3. Dagen inleds med en&nbsp;politikerdebatt kl. 09.30\u201311.30. Eftersom&nbsp;2026 \u00e4r val\u00e5r&nbsp;vill vi ge v\u00e5ra medlemmar m\u00f6jlighet att lyssna till och st\u00e4lla fr\u00e5gor till regionpolitikerna om fr\u00e5gor[&hellip;]","og_url":"https:\/\/dhr.se\/stockholmslan\/blog\/event\/valkommen-att-anmala-dig-till-politikerdebatt-och-arsmote-den-25-april\/","og_site_name":"DHR - Region Stockholm","article_publisher":"https:\/\/www.facebook.com\/DHRStockholmsLan","article_modified_time":"2026-03-31T11:30:19+00:00","twitter_card":"summary_large_image","twitter_misc":{"Ber\u00e4knad l\u00e4stid":"2 minuter"},"schema":{"@context":"https:\/\/schema.org","@graph":[{"@type":"WebPage","@id":"https:\/\/dhr.se\/stockholmslan\/blog\/event\/valkommen-att-anmala-dig-till-politikerdebatt-och-arsmote-den-25-april\/","url":"https:\/\/dhr.se\/stockholmslan\/blog\/event\/valkommen-att-anmala-dig-till-politikerdebatt-och-arsmote-den-25-april\/","name":"V\u00e4lkommen att anm\u00e4la dig till politikerdebatt och \u00e5rsm\u00f6te den 25 april - DHR - Region Stockholm","isPartOf":{"@id":"https:\/\/dhr.se\/stockholmslan\/#website"},"datePublished":"2026-03-27T13:48:06+00:00","dateModified":"2026-03-31T11:30:19+00:00","breadcrumb":{"@id":"https:\/\/dhr.se\/stockholmslan\/blog\/event\/valkommen-att-anmala-dig-till-politikerdebatt-och-arsmote-den-25-april\/#breadcrumb"},"inLanguage":"sv-SE","potentialAction":[{"@type":"ReadAction","target":["https:\/\/dhr.se\/stockholmslan\/blog\/event\/valkommen-att-anmala-dig-till-politikerdebatt-och-arsmote-den-25-april\/"]}]},{"@type":"BreadcrumbList","@id":"https:\/\/dhr.se\/stockholmslan\/blog\/event\/valkommen-att-anmala-dig-till-politikerdebatt-och-arsmote-den-25-april\/#breadcrumb","itemListElement":[{"@type":"ListItem","position":1,"name":"Hem","item":"https:\/\/dhr.se\/stockholmslan\/"},{"@type":"ListItem","position":2,"name":"Events","item":"https:\/\/dhr.se\/stockholmslan\/blog\/event\/"},{"@type":"ListItem","position":3,"name":"V\u00e4lkommen att anm\u00e4la dig till politikerdebatt och \u00e5rsm\u00f6te den 25 april"}]},{"@type":"WebSite","@id":"https:\/\/dhr.se\/stockholmslan\/#website","url":"https:\/\/dhr.se\/stockholmslan\/","name":"DHR - Region Stockholm","description":"Delaktighet - Handlingskraft - R\u00f6relsefrihet","publisher":{"@id":"https:\/\/dhr.se\/stockholmslan\/#organization"},"potentialAction":[{"@type":"SearchAction","target":{"@type":"EntryPoint","urlTemplate":"https:\/\/dhr.se\/stockholmslan\/?s={search_term_string}"},"query-input":{"@type":"PropertyValueSpecification","valueRequired":true,"valueName":"search_term_string"}}],"inLanguage":"sv-SE"},{"@type":"Organization","@id":"https:\/\/dhr.se\/stockholmslan\/#organization","name":"DHR Region Stockholm","url":"https:\/\/dhr.se\/stockholmslan\/","logo":{"@type":"ImageObject","inLanguage":"sv-SE","@id":"https:\/\/dhr.se\/stockholmslan\/#\/schema\/logo\/image\/","url":"https:\/\/dhr.se\/stockholmslan\/wp-content\/uploads\/sites\/5\/2021\/12\/REGION-STOCKHOLM-orange-48-p.jpg","contentUrl":"https:\/\/dhr.se\/stockholmslan\/wp-content\/uploads\/sites\/5\/2021\/12\/REGION-STOCKHOLM-orange-48-p.jpg","width":891,"height":694,"caption":"DHR Region Stockholm"},"image":{"@id":"https:\/\/dhr.se\/stockholmslan\/#\/schema\/logo\/image\/"},"sameAs":["https:\/\/www.facebook.com\/DHRStockholmsLan","https:\/\/www.instagram.com\/dhr_sld\/"]}]}},"publishpress_future_action":{"enabled":false,"date":"2026-05-02 07:36:15","action":"delete","newStatus":"draft","terms":[],"taxonomy":"","extraData":[]},"publishpress_future_workflow_manual_trigger":{"enabledWorkflows":[]},"_links":{"self":[{"href":"https:\/\/dhr.se\/stockholmslan\/wp-json\/wp\/v2\/event\/7286","targetHints":{"allow":["GET"]}}],"collection":[{"href":"https:\/\/dhr.se\/stockholmslan\/wp-json\/wp\/v2\/event"}],"about":[{"href":"https:\/\/dhr.se\/stockholmslan\/wp-json\/wp\/v2\/types\/event"}],"wp:attachment":[{"href":"https:\/\/dhr.se\/stockholmslan\/wp-json\/wp\/v2\/media?parent=7286"}],"curies":[{"name":"wp","href":"https:\/\/api.w.org\/{rel}","templated":true}]}}