{"id":6575,"date":"2025-01-13T12:12:30","date_gmt":"2025-01-13T11:12:30","guid":{"rendered":"https:\/\/dhr.se\/stockholmslan\/?page_id=6575"},"modified":"2025-01-13T12:12:44","modified_gmt":"2025-01-13T11:12:44","slug":"dataskyddspolicy-for-dhr-region-stockholms-insamlande-av-personuppgifter-vid-anmalningar-till-aktiviteter","status":"publish","type":"page","link":"https:\/\/dhr.se\/stockholmslan\/kalender\/dataskyddspolicy-for-dhr-region-stockholms-insamlande-av-personuppgifter-vid-anmalningar-till-aktiviteter\/","title":{"rendered":"Dataskyddspolicy f\u00f6r DHR Region Stockholms insamlande av personuppgifter vid anm\u00e4lningar till aktiviteter."},"content":{"rendered":"<section class=\"block-simple-text\">\n    <div class=\"main\">\n        <div class=\"main-inner\">\n            <div class=\"ingress text-darker\"><h2><strong>Dataskyddspolicy f\u00f6r DHR Region Stockholms insamlande av personuppgifter vid anm\u00e4lningar till aktiviteter.<\/strong><\/h2>\n<p>&nbsp;<\/p>\n<p>_________________________________________________________________________<\/p>\n<p><strong>Dataskyddspolicy f\u00f6r DHR Region Stockholm<\/strong><\/p>\n<p>DHR Region Stockholm v\u00e4rnar om din integritet och str\u00e4var efter att skydda dina personuppgifter i enlighet med dataskyddsf\u00f6rordningen (GDPR). Denna policy beskriver hur vi hanterar de uppgifter som samlas in vid anm\u00e4lningar till v\u00e5ra kurser, evenemang, m\u00f6ten och andra aktiviteter.<\/p>\n<p>_________________________________________________________________________<\/p>\n<\/div>\n            <div class=\"content\"><p><strong>1.\u00a0 \u00a0Ansvarig f\u00f6r behandlingen<\/strong><\/p>\n<p>DHR Region Stockholm \u00e4r personuppgiftsansvarig f\u00f6r de uppgifter som samlas in i samband med v\u00e5ra aktiviteter.<\/p>\n<p>Kontaktuppgifter:<br \/>\n<strong>DHR Region Stockholm<\/strong><br \/>\nOrg.num: 802006-5259<br \/>\n<a href=\"mailto:regionstockholm@dhr.se\">regionstockholm@dhr.se<\/a><br \/>\nKavalleriv\u00e4gen 30, 1tr<br \/>\n174 58 Sundbyberg<br \/>\n08 \u2013 120\u00a0556 80<\/p>\n<p>_________________________________________________________________________<\/p>\n<p>2.\u00a0 \u00a0<strong>Vilka uppgifter samlar vi in?<\/strong><\/p>\n<p>Vid anm\u00e4lan till v\u00e5ra aktiviteter kan vi samla in f\u00f6ljande personuppgifter:<\/p>\n<ul>\n<li>Namn<\/li>\n<li>E-postadress<\/li>\n<li>Telefonnummer<\/li>\n<li>Eventuella allergier eller andra s\u00e4rskilda \u00f6nskem\u00e5l (om relevanta)<\/li>\n<\/ul>\n<p>Vi samlar endast in de uppgifter som \u00e4r n\u00f6dv\u00e4ndiga f\u00f6r att administrera aktiviteten.<\/p>\n<p>_________________________________________________________________________<\/p>\n<p>3.\u00a0 \u00a0<strong>\u00c4ndam\u00e5l och r\u00e4ttslig grund f\u00f6r behandlingen<\/strong><\/p>\n<p>Vi samlar in dina personuppgifter f\u00f6r f\u00f6ljande \u00e4ndam\u00e5l:<\/p>\n<ul>\n<li>F\u00f6r att administrera ditt deltagande i v\u00e5ra aktiviteter.<\/li>\n<li>F\u00f6r att kunna kontakta dig vid behov i samband med aktiviteten.<\/li>\n<li>F\u00f6r att s\u00e4kerst\u00e4lla att eventuella s\u00e4rskilda behov, t.ex. matallergier, tas om hand.<\/li>\n<\/ul>\n<p>Den r\u00e4ttsliga grunden f\u00f6r behandlingen \u00e4r samtycke, vilket du l\u00e4mnar i samband med din anm\u00e4lan.<\/p>\n<p>_________________________________________________________________________<\/p>\n<p>4.\u00a0 \u00a0<strong>Hur l\u00e4nge sparas uppgifterna?<\/strong><\/p>\n<p>Dina personuppgifter sparas endast s\u00e5 l\u00e4nge de beh\u00f6vs f\u00f6r administration av aktiviteten. Efter att aktiviteten \u00e4r avslutad och eventuell uppf\u00f6ljning \u00e4r genomf\u00f6rd raderas alla insamlade uppgifter senast inom 30 dagar.<\/p>\n<p>_________________________________________________________________________<\/p>\n<p>5.\u00a0 \u00a0<strong>Vem har tillg\u00e5ng till uppgifterna?<\/strong><\/p>\n<p>Endast beh\u00f6riga personer inom DHR Region Stockholm som \u00e4r involverade i planeringen och genomf\u00f6randet av aktiviteten har tillg\u00e5ng till dina personuppgifter. Vi delar inte dina uppgifter med tredje part utan ditt uttryckliga samtycke.<\/p>\n<p>_________________________________________________________________________<\/p>\n<p>6.\u00a0 \u00a0<strong>Dina r\u00e4ttigheter<\/strong><\/p>\n<p>Du har r\u00e4tt att:<\/p>\n<ul>\n<li>F\u00e5 information om vilka uppgifter vi behandlar om dig.<\/li>\n<li>Beg\u00e4ra r\u00e4ttelse av felaktiga eller ofullst\u00e4ndiga uppgifter.<\/li>\n<li>Beg\u00e4ra att vi raderar dina uppgifter (s\u00e5vida vi inte \u00e4r skyldiga enligt lag att beh\u00e5lla dem).<\/li>\n<li>\u00c5terkalla ditt samtycke n\u00e4r som helst, vilket dock inte p\u00e5verkar lagligheten av behandlingen som skett innan samtycket \u00e5terkallades.<\/li>\n<\/ul>\n<p>F\u00f6r att ut\u00f6va dina r\u00e4ttigheter kan du kontakta oss via ovan angivna kontaktuppgifter.<\/p>\n<p>_________________________________________________________________________\u00a0 7.\u00a0 \u00a0<strong>S\u00e4kerhet och skydd av dina uppgifter<\/strong><\/p>\n<p>Vi vidtar l\u00e4mpliga tekniska och organisatoriska \u00e5tg\u00e4rder f\u00f6r att skydda dina personuppgifter mot obeh\u00f6rig \u00e5tkomst, f\u00f6rlust, eller \u00e4ndring.<\/p>\n<p>_________________________________________________________________________<\/p>\n<p>8.\u00a0 <strong>\u00c4ndringar i denna policy<\/strong><\/p>\n<p>Denna policy kan komma att uppdateras vid behov f\u00f6r att s\u00e4kerst\u00e4lla att den f\u00f6ljer g\u00e4llande lagstiftning och praxis. Den senaste versionen finns alltid tillg\u00e4nglig p\u00e5 v\u00e5r webbplats.<\/p>\n<p>_________________________________________________________________________<\/p>\n<p>9.\u00a0 \u00a0<strong>Kontakt och klagom\u00e5l<\/strong><\/p>\n<p>Om du har fr\u00e5gor om v\u00e5r behandling av dina uppgifter, eller om du vill l\u00e4mna klagom\u00e5l, v\u00e4nligen kontakta oss. Du har ocks\u00e5 r\u00e4tt att l\u00e4mna klagom\u00e5l till Datainspektionen om du anser att vi bryter mot g\u00e4llande dataskyddslagstiftning.<\/p>\n<p><strong>Kontakt till Datainspektionen<\/strong><br \/>\nWebbplats: <a href=\"https:\/\/www.imy.se\">www.imy.se<\/a><br \/>\nTelefon: 08-657 61 00<\/p>\n<p>_________________________________________________________________________<\/p>\n<\/div>\n        <\/div>\n    <\/div>\n<\/section>","protected":false},"excerpt":{"rendered":"","protected":false},"author":9,"featured_media":0,"parent":1008,"menu_order":0,"comment_status":"closed","ping_status":"closed","template":"","meta":{"_acf_changed":false,"_monsterinsights_skip_tracking":false,"_monsterinsights_sitenote_active":false,"_monsterinsights_sitenote_note":"","_monsterinsights_sitenote_category":0,"footnotes":""},"class_list":["post-6575","page","type-page","status-publish","hentry"],"acf":[],"yoast_head":"<!-- This site is optimized with the Yoast SEO plugin v27.2 - https:\/\/yoast.com\/product\/yoast-seo-wordpress\/ -->\n<title>Dataskyddspolicy f\u00f6r DHR Region Stockholms insamlande av personuppgifter vid anm\u00e4lningar till aktiviteter. - DHR - Region Stockholm<\/title>\n<meta name=\"robots\" content=\"index, follow, max-snippet:-1, max-image-preview:large, max-video-preview:-1\" \/>\n<link rel=\"canonical\" href=\"https:\/\/dhr.se\/stockholmslan\/kalender\/dataskyddspolicy-for-dhr-region-stockholms-insamlande-av-personuppgifter-vid-anmalningar-till-aktiviteter\/\" \/>\n<meta property=\"og:locale\" content=\"sv_SE\" \/>\n<meta property=\"og:type\" content=\"article\" \/>\n<meta property=\"og:title\" content=\"Dataskyddspolicy f\u00f6r DHR Region Stockholms insamlande av personuppgifter vid anm\u00e4lningar till aktiviteter. - DHR - Region Stockholm\" \/>\n<meta property=\"og:url\" content=\"https:\/\/dhr.se\/stockholmslan\/kalender\/dataskyddspolicy-for-dhr-region-stockholms-insamlande-av-personuppgifter-vid-anmalningar-till-aktiviteter\/\" \/>\n<meta property=\"og:site_name\" content=\"DHR - Region Stockholm\" \/>\n<meta property=\"article:publisher\" content=\"https:\/\/www.facebook.com\/DHRStockholmsLan\" \/>\n<meta property=\"article:modified_time\" content=\"2025-01-13T11:12:44+00:00\" \/>\n<meta name=\"twitter:card\" content=\"summary_large_image\" \/>\n<script type=\"application\/ld+json\" class=\"yoast-schema-graph\">{\"@context\":\"https:\/\/schema.org\",\"@graph\":[{\"@type\":\"WebPage\",\"@id\":\"https:\/\/dhr.se\/stockholmslan\/kalender\/dataskyddspolicy-for-dhr-region-stockholms-insamlande-av-personuppgifter-vid-anmalningar-till-aktiviteter\/\",\"url\":\"https:\/\/dhr.se\/stockholmslan\/kalender\/dataskyddspolicy-for-dhr-region-stockholms-insamlande-av-personuppgifter-vid-anmalningar-till-aktiviteter\/\",\"name\":\"Dataskyddspolicy f\u00f6r DHR Region Stockholms insamlande av personuppgifter vid anm\u00e4lningar till aktiviteter. - DHR - Region Stockholm\",\"isPartOf\":{\"@id\":\"https:\/\/dhr.se\/stockholmslan\/#website\"},\"datePublished\":\"2025-01-13T11:12:30+00:00\",\"dateModified\":\"2025-01-13T11:12:44+00:00\",\"breadcrumb\":{\"@id\":\"https:\/\/dhr.se\/stockholmslan\/kalender\/dataskyddspolicy-for-dhr-region-stockholms-insamlande-av-personuppgifter-vid-anmalningar-till-aktiviteter\/#breadcrumb\"},\"inLanguage\":\"sv-SE\",\"potentialAction\":[{\"@type\":\"ReadAction\",\"target\":[\"https:\/\/dhr.se\/stockholmslan\/kalender\/dataskyddspolicy-for-dhr-region-stockholms-insamlande-av-personuppgifter-vid-anmalningar-till-aktiviteter\/\"]}]},{\"@type\":\"BreadcrumbList\",\"@id\":\"https:\/\/dhr.se\/stockholmslan\/kalender\/dataskyddspolicy-for-dhr-region-stockholms-insamlande-av-personuppgifter-vid-anmalningar-till-aktiviteter\/#breadcrumb\",\"itemListElement\":[{\"@type\":\"ListItem\",\"position\":1,\"name\":\"Hem\",\"item\":\"https:\/\/dhr.se\/stockholmslan\/\"},{\"@type\":\"ListItem\",\"position\":2,\"name\":\"Kalendarium\",\"item\":\"https:\/\/dhr.se\/stockholmslan\/kalender\/\"},{\"@type\":\"ListItem\",\"position\":3,\"name\":\"Dataskyddspolicy f\u00f6r DHR Region Stockholms insamlande av personuppgifter vid anm\u00e4lningar till aktiviteter.\"}]},{\"@type\":\"WebSite\",\"@id\":\"https:\/\/dhr.se\/stockholmslan\/#website\",\"url\":\"https:\/\/dhr.se\/stockholmslan\/\",\"name\":\"DHR - Region Stockholm\",\"description\":\"Delaktighet - Handlingskraft - R\u00f6relsefrihet\",\"publisher\":{\"@id\":\"https:\/\/dhr.se\/stockholmslan\/#organization\"},\"potentialAction\":[{\"@type\":\"SearchAction\",\"target\":{\"@type\":\"EntryPoint\",\"urlTemplate\":\"https:\/\/dhr.se\/stockholmslan\/?s={search_term_string}\"},\"query-input\":{\"@type\":\"PropertyValueSpecification\",\"valueRequired\":true,\"valueName\":\"search_term_string\"}}],\"inLanguage\":\"sv-SE\"},{\"@type\":\"Organization\",\"@id\":\"https:\/\/dhr.se\/stockholmslan\/#organization\",\"name\":\"DHR Region Stockholm\",\"url\":\"https:\/\/dhr.se\/stockholmslan\/\",\"logo\":{\"@type\":\"ImageObject\",\"inLanguage\":\"sv-SE\",\"@id\":\"https:\/\/dhr.se\/stockholmslan\/#\/schema\/logo\/image\/\",\"url\":\"https:\/\/dhr.se\/stockholmslan\/wp-content\/uploads\/sites\/5\/2021\/12\/REGION-STOCKHOLM-orange-48-p.jpg\",\"contentUrl\":\"https:\/\/dhr.se\/stockholmslan\/wp-content\/uploads\/sites\/5\/2021\/12\/REGION-STOCKHOLM-orange-48-p.jpg\",\"width\":891,\"height\":694,\"caption\":\"DHR Region Stockholm\"},\"image\":{\"@id\":\"https:\/\/dhr.se\/stockholmslan\/#\/schema\/logo\/image\/\"},\"sameAs\":[\"https:\/\/www.facebook.com\/DHRStockholmsLan\",\"https:\/\/www.instagram.com\/dhr_sld\/\"]}]}<\/script>\n<!-- \/ Yoast SEO plugin. -->","yoast_head_json":{"title":"Dataskyddspolicy f\u00f6r DHR Region Stockholms insamlande av personuppgifter vid anm\u00e4lningar till aktiviteter. - DHR - Region Stockholm","robots":{"index":"index","follow":"follow","max-snippet":"max-snippet:-1","max-image-preview":"max-image-preview:large","max-video-preview":"max-video-preview:-1"},"canonical":"https:\/\/dhr.se\/stockholmslan\/kalender\/dataskyddspolicy-for-dhr-region-stockholms-insamlande-av-personuppgifter-vid-anmalningar-till-aktiviteter\/","og_locale":"sv_SE","og_type":"article","og_title":"Dataskyddspolicy f\u00f6r DHR Region Stockholms insamlande av personuppgifter vid anm\u00e4lningar till aktiviteter. - DHR - Region Stockholm","og_url":"https:\/\/dhr.se\/stockholmslan\/kalender\/dataskyddspolicy-for-dhr-region-stockholms-insamlande-av-personuppgifter-vid-anmalningar-till-aktiviteter\/","og_site_name":"DHR - Region Stockholm","article_publisher":"https:\/\/www.facebook.com\/DHRStockholmsLan","article_modified_time":"2025-01-13T11:12:44+00:00","twitter_card":"summary_large_image","schema":{"@context":"https:\/\/schema.org","@graph":[{"@type":"WebPage","@id":"https:\/\/dhr.se\/stockholmslan\/kalender\/dataskyddspolicy-for-dhr-region-stockholms-insamlande-av-personuppgifter-vid-anmalningar-till-aktiviteter\/","url":"https:\/\/dhr.se\/stockholmslan\/kalender\/dataskyddspolicy-for-dhr-region-stockholms-insamlande-av-personuppgifter-vid-anmalningar-till-aktiviteter\/","name":"Dataskyddspolicy f\u00f6r DHR Region Stockholms insamlande av personuppgifter vid anm\u00e4lningar till aktiviteter. - DHR - Region Stockholm","isPartOf":{"@id":"https:\/\/dhr.se\/stockholmslan\/#website"},"datePublished":"2025-01-13T11:12:30+00:00","dateModified":"2025-01-13T11:12:44+00:00","breadcrumb":{"@id":"https:\/\/dhr.se\/stockholmslan\/kalender\/dataskyddspolicy-for-dhr-region-stockholms-insamlande-av-personuppgifter-vid-anmalningar-till-aktiviteter\/#breadcrumb"},"inLanguage":"sv-SE","potentialAction":[{"@type":"ReadAction","target":["https:\/\/dhr.se\/stockholmslan\/kalender\/dataskyddspolicy-for-dhr-region-stockholms-insamlande-av-personuppgifter-vid-anmalningar-till-aktiviteter\/"]}]},{"@type":"BreadcrumbList","@id":"https:\/\/dhr.se\/stockholmslan\/kalender\/dataskyddspolicy-for-dhr-region-stockholms-insamlande-av-personuppgifter-vid-anmalningar-till-aktiviteter\/#breadcrumb","itemListElement":[{"@type":"ListItem","position":1,"name":"Hem","item":"https:\/\/dhr.se\/stockholmslan\/"},{"@type":"ListItem","position":2,"name":"Kalendarium","item":"https:\/\/dhr.se\/stockholmslan\/kalender\/"},{"@type":"ListItem","position":3,"name":"Dataskyddspolicy f\u00f6r DHR Region Stockholms insamlande av personuppgifter vid anm\u00e4lningar till aktiviteter."}]},{"@type":"WebSite","@id":"https:\/\/dhr.se\/stockholmslan\/#website","url":"https:\/\/dhr.se\/stockholmslan\/","name":"DHR - Region Stockholm","description":"Delaktighet - Handlingskraft - R\u00f6relsefrihet","publisher":{"@id":"https:\/\/dhr.se\/stockholmslan\/#organization"},"potentialAction":[{"@type":"SearchAction","target":{"@type":"EntryPoint","urlTemplate":"https:\/\/dhr.se\/stockholmslan\/?s={search_term_string}"},"query-input":{"@type":"PropertyValueSpecification","valueRequired":true,"valueName":"search_term_string"}}],"inLanguage":"sv-SE"},{"@type":"Organization","@id":"https:\/\/dhr.se\/stockholmslan\/#organization","name":"DHR Region Stockholm","url":"https:\/\/dhr.se\/stockholmslan\/","logo":{"@type":"ImageObject","inLanguage":"sv-SE","@id":"https:\/\/dhr.se\/stockholmslan\/#\/schema\/logo\/image\/","url":"https:\/\/dhr.se\/stockholmslan\/wp-content\/uploads\/sites\/5\/2021\/12\/REGION-STOCKHOLM-orange-48-p.jpg","contentUrl":"https:\/\/dhr.se\/stockholmslan\/wp-content\/uploads\/sites\/5\/2021\/12\/REGION-STOCKHOLM-orange-48-p.jpg","width":891,"height":694,"caption":"DHR Region Stockholm"},"image":{"@id":"https:\/\/dhr.se\/stockholmslan\/#\/schema\/logo\/image\/"},"sameAs":["https:\/\/www.facebook.com\/DHRStockholmsLan","https:\/\/www.instagram.com\/dhr_sld\/"]}]}},"publishpress_future_action":{"enabled":false,"date":"2026-05-02 07:36:03","action":"change-status","newStatus":"draft","terms":[],"taxonomy":"translation_priority","extraData":[]},"publishpress_future_workflow_manual_trigger":{"enabledWorkflows":[]},"_links":{"self":[{"href":"https:\/\/dhr.se\/stockholmslan\/wp-json\/wp\/v2\/pages\/6575","targetHints":{"allow":["GET"]}}],"collection":[{"href":"https:\/\/dhr.se\/stockholmslan\/wp-json\/wp\/v2\/pages"}],"about":[{"href":"https:\/\/dhr.se\/stockholmslan\/wp-json\/wp\/v2\/types\/page"}],"author":[{"embeddable":true,"href":"https:\/\/dhr.se\/stockholmslan\/wp-json\/wp\/v2\/users\/9"}],"replies":[{"embeddable":true,"href":"https:\/\/dhr.se\/stockholmslan\/wp-json\/wp\/v2\/comments?post=6575"}],"version-history":[{"count":0,"href":"https:\/\/dhr.se\/stockholmslan\/wp-json\/wp\/v2\/pages\/6575\/revisions"}],"up":[{"embeddable":true,"href":"https:\/\/dhr.se\/stockholmslan\/wp-json\/wp\/v2\/pages\/1008"}],"wp:attachment":[{"href":"https:\/\/dhr.se\/stockholmslan\/wp-json\/wp\/v2\/media?parent=6575"}],"curies":[{"name":"wp","href":"https:\/\/api.w.org\/{rel}","templated":true}]}}