{"id":8084,"date":"2026-08-26T15:08:59","date_gmt":"2026-08-26T13:08:59","guid":{"rendered":"https:\/\/dhr.se\/stockholmslan\/?page_id=8084"},"modified":"2026-08-28T15:11:56","modified_gmt":"2026-08-28T13:11:56","slug":"lar-kanna-oss","status":"publish","type":"page","link":"https:\/\/dhr.se\/stockholmslan\/om-dhr-stockholms-lans-distrikt\/lar-kanna-oss\/","title":{"rendered":"L\u00e4r k\u00e4nna oss"},"content":{"rendered":"\n<p class=\"wp-block-paragraph\">Awan och Herman p\u00e5 kansliet har st\u00e4llt tre snabba fr\u00e5gor till varandra. H\u00e4r kan du ta del av svaren!<\/p>\n\n\n\n<h2 class=\"wp-block-heading\"><strong>Fr\u00e5gor till Awan<\/strong><\/h2>\n\n\n\n<figure class=\"wp-block-image size-full is-resized\"><img loading=\"lazy\" decoding=\"async\" width=\"600\" height=\"800\" src=\"https:\/\/dhr.se\/stockholmslan\/wp-content\/uploads\/sites\/5\/2026\/08\/awan-lar-kanna-oss.jpg\" alt=\"alt=\u201dAwan Aras Nouri, praktikant\u201d\" class=\"wp-image-8118\" style=\"object-fit:cover;width:400px;height:600px\" srcset=\"https:\/\/dhr.se\/stockholmslan\/wp-content\/uploads\/sites\/5\/2026\/08\/awan-lar-kanna-oss.jpg 600w, https:\/\/dhr.se\/stockholmslan\/wp-content\/uploads\/sites\/5\/2026\/08\/awan-lar-kanna-oss-225x300.jpg 225w, https:\/\/dhr.se\/stockholmslan\/wp-content\/uploads\/sites\/5\/2026\/08\/awan-lar-kanna-oss-50x67.jpg 50w\" sizes=\"auto, (max-width: 600px) 100vw, 600px\" \/><\/figure>\n\n\n\n<h3 class=\"wp-block-heading\"><strong>Vad \u00e4r det b\u00e4sta med att vara nyinflyttad i Stockholm?<\/strong>&nbsp;<\/h3>\n\n\n\n<p class=\"wp-block-paragraph\">Det b\u00e4sta med att vara nyinflyttad i Stockholm \u00e4r att det finns s\u00e5 mycket att g\u00f6ra h\u00e4r. Utbudet av restauranger, fik och aktiviteter \u00e4r st\u00f6rre. Dessutom k\u00e4nns det som att det \u00e4r l\u00e4ttare att tr\u00e4ffa och l\u00e4ra k\u00e4nna nya m\u00e4nniskor.\u202f&nbsp;<\/p>\n\n\n\n<h3 class=\"wp-block-heading\"><strong>Vilket \u00e4r ditt b\u00e4sta hj\u00e4lpmedel som du inte har f\u00e5tt genom hj\u00e4lpmedelscentralen?<\/strong>&nbsp;<\/h3>\n\n\n\n<p class=\"wp-block-paragraph\">Jag tror nog att mitt b\u00e4sta hj\u00e4lpmedel \u00e4r en mobilh\u00e5llare (om det r\u00e4knas som ett hj\u00e4lpmedel) som jag s\u00e4tter fast p\u00e5 min permobil. Det \u00e4r v\u00e4ldigt smidigt n\u00e4r jag ska ut och k\u00f6ra l\u00e5ngt med permobilen.\u202f&nbsp;<\/p>\n\n\n\n<h3 class=\"wp-block-heading\"><strong>Vad ser du fram emot nu n\u00e4r h\u00f6sten kommer?<\/strong>&nbsp;<\/h3>\n\n\n\n<p class=\"wp-block-paragraph\">I h\u00f6st ser jag fram emot att t\u00e4nda ljus och l\u00e4sa b\u00f6cker. Jag \u00e4lskar att l\u00e4sa och speciellt p\u00e5 h\u00f6sten, det \u00e4r en mycket mysigare k\u00e4nsla n\u00e4r det b\u00f6rjar bli lite m\u00f6rkare ute. Jag ser \u00e4ven fram emot att b\u00f6rja komma in i vardagsrutinerna igen.\u202f&nbsp;<\/p>\n\n\n\n<h2 class=\"wp-block-heading\"><strong>Fr\u00e5gor till Herman<\/strong>&nbsp;<\/h2>\n\n\n\n<figure class=\"wp-block-image size-full is-resized\"><img loading=\"lazy\" decoding=\"async\" width=\"600\" height=\"800\" src=\"https:\/\/dhr.se\/stockholmslan\/wp-content\/uploads\/sites\/5\/2026\/08\/herman-lar-kanna-oss.jpg\" alt=\"alt=\u201dHerman Grafstr\u00f6m, kommunikat\u00f6r\u201d\" class=\"wp-image-8116\" style=\"object-fit:cover;width:400px;height:600px\" srcset=\"https:\/\/dhr.se\/stockholmslan\/wp-content\/uploads\/sites\/5\/2026\/08\/herman-lar-kanna-oss.jpg 600w, https:\/\/dhr.se\/stockholmslan\/wp-content\/uploads\/sites\/5\/2026\/08\/herman-lar-kanna-oss-225x300.jpg 225w, https:\/\/dhr.se\/stockholmslan\/wp-content\/uploads\/sites\/5\/2026\/08\/herman-lar-kanna-oss-50x67.jpg 50w\" sizes=\"auto, (max-width: 600px) 100vw, 600px\" \/><\/figure>\n\n\n\n<h3 class=\"wp-block-heading\"><strong>Vilket \u00e4r ditt favoritsemesterst\u00e4lle som \u00e4r tillg\u00e4ngligt?<\/strong>&nbsp;<\/h3>\n\n\n\n<p class=\"wp-block-paragraph\">Vanligtvis r\u00f6r jag mig mest i milj\u00f6er som jag k\u00e4nner till och vet \u00e4r tillg\u00e4ngliga. Men semester tycker jag bitvis handlar om att utforska och uppt\u00e4cka n\u00e5got nytt. Jag vill g\u00e4rna \u00e5ka tillbaka till Edinburgh, trots att staden \u00e4r tusentals \u00e5r gammal. Utan n\u00e5gon form av assistans \u00e4r den sv\u00e5r att navigera.&nbsp;<\/p>\n\n\n\n<h3 class=\"wp-block-heading\"><strong>Vilken \u00e4r din favorit\u00e5rstid och varf\u00f6r?<\/strong>&nbsp;<\/h3>\n\n\n\n<p class=\"wp-block-paragraph\">Det enkla svaret kanske \u00e4r sommaren men jag s\u00e4ger v\u00e5ren, n\u00e4r det efterl\u00e4ngtade ljuset kommer tillbaka. Jag gillar att plantera och s\u00e4tta fr\u00f6er och min dotter fyller \u00e5r i april. En l\u00e5ng vinter med kyla och sn\u00f6slask \u00e4r det v\u00e4rsta. \u202f&nbsp;<\/p>\n\n\n\n<h3 class=\"wp-block-heading\"><strong>Vad \u00e4r det b\u00e4sta med Stockholm?\u202f<\/strong>&nbsp;<\/h3>\n\n\n\n<p class=\"wp-block-paragraph\">Jag gillar att ha storstaden lite p\u00e5 avst\u00e5nd och se siluetten fr\u00e5n min balkong. Stockholm har m\u00e5nga mus\u00e9er, teatrar och gallerier, kultur som jag tyv\u00e4rr \u00e4r ganska d\u00e5lig p\u00e5 att utnyttja. B\u00e4st \u00e4r vattnet, kanelbullarna och n\u00e4rheten till mina v\u00e4nner som bor h\u00e4r.<\/p>\n\n\n\n<p class=\"wp-block-paragraph\"><\/p>\n","protected":false},"excerpt":{"rendered":"<p>Awan och Herman p\u00e5 kansliet har st\u00e4llt tre snabba fr\u00e5gor till varandra. H\u00e4r kan du ta del av svaren! Fr\u00e5gor till Awan Vad \u00e4r det b\u00e4sta med att vara nyinflyttad i Stockholm?&nbsp; Det b\u00e4sta med att vara nyinflyttad i Stockholm[&hellip;]<\/p>\n","protected":false},"author":101,"featured_media":0,"parent":936,"menu_order":0,"comment_status":"closed","ping_status":"closed","template":"template-side-menu.php","meta":{"_acf_changed":false,"_monsterinsights_skip_tracking":false,"footnotes":""},"class_list":["post-8084","page","type-page","status-publish","hentry"],"acf":[],"yoast_head":"<!-- This site is optimized with the Yoast SEO plugin v28.1 - https:\/\/yoast.com\/product\/yoast-seo-wordpress\/ -->\n<title>L\u00e4r k\u00e4nna oss - DHR - Region Stockholm<\/title>\n<meta name=\"robots\" content=\"index, follow, max-snippet:-1, max-image-preview:large, max-video-preview:-1\" \/>\n<link rel=\"canonical\" href=\"https:\/\/dhr.se\/stockholmslan\/om-dhr-stockholms-lans-distrikt\/lar-kanna-oss\/\" \/>\n<meta property=\"og:locale\" content=\"sv_SE\" \/>\n<meta property=\"og:type\" content=\"article\" \/>\n<meta property=\"og:title\" content=\"L\u00e4r k\u00e4nna oss - DHR - Region Stockholm\" \/>\n<meta property=\"og:description\" content=\"Awan och Herman p\u00e5 kansliet har st\u00e4llt tre snabba fr\u00e5gor till varandra. H\u00e4r kan du ta del av svaren! Fr\u00e5gor till Awan Vad \u00e4r det b\u00e4sta med att vara nyinflyttad i Stockholm?&nbsp; Det b\u00e4sta med att vara nyinflyttad i Stockholm[&hellip;]\" \/>\n<meta property=\"og:url\" content=\"https:\/\/dhr.se\/stockholmslan\/om-dhr-stockholms-lans-distrikt\/lar-kanna-oss\/\" \/>\n<meta property=\"og:site_name\" content=\"DHR - Region Stockholm\" \/>\n<meta property=\"article:publisher\" content=\"https:\/\/www.facebook.com\/DHRStockholmsLan\" \/>\n<meta property=\"article:modified_time\" content=\"2026-08-28T13:11:56+00:00\" \/>\n<meta property=\"og:image\" content=\"https:\/\/dhr.se\/stockholmslan\/wp-content\/uploads\/sites\/5\/2026\/08\/awan-lar-kanna-oss.jpg\" \/>\n\t<meta property=\"og:image:width\" content=\"600\" \/>\n\t<meta property=\"og:image:height\" content=\"800\" \/>\n\t<meta property=\"og:image:type\" content=\"image\/jpeg\" \/>\n<meta name=\"twitter:card\" content=\"summary_large_image\" \/>\n<meta name=\"twitter:label1\" content=\"Ber\u00e4knad l\u00e4stid\" \/>\n\t<meta name=\"twitter:data1\" content=\"3 minuter\" \/>\n<script type=\"application\/ld+json\" class=\"yoast-schema-graph\">{\"@context\":\"https:\\\/\\\/schema.org\",\"@graph\":[{\"@type\":\"WebPage\",\"@id\":\"https:\\\/\\\/dhr.se\\\/stockholmslan\\\/om-dhr-stockholms-lans-distrikt\\\/lar-kanna-oss\\\/\",\"url\":\"https:\\\/\\\/dhr.se\\\/stockholmslan\\\/om-dhr-stockholms-lans-distrikt\\\/lar-kanna-oss\\\/\",\"name\":\"L\u00e4r k\u00e4nna oss - DHR - Region Stockholm\",\"isPartOf\":{\"@id\":\"https:\\\/\\\/dhr.se\\\/stockholmslan\\\/#website\"},\"primaryImageOfPage\":{\"@id\":\"https:\\\/\\\/dhr.se\\\/stockholmslan\\\/om-dhr-stockholms-lans-distrikt\\\/lar-kanna-oss\\\/#primaryimage\"},\"image\":{\"@id\":\"https:\\\/\\\/dhr.se\\\/stockholmslan\\\/om-dhr-stockholms-lans-distrikt\\\/lar-kanna-oss\\\/#primaryimage\"},\"thumbnailUrl\":\"https:\\\/\\\/dhr.se\\\/stockholmslan\\\/wp-content\\\/uploads\\\/sites\\\/5\\\/2026\\\/08\\\/awan-lar-kanna-oss.jpg\",\"datePublished\":\"2026-08-26T13:08:59+00:00\",\"dateModified\":\"2026-08-28T13:11:56+00:00\",\"breadcrumb\":{\"@id\":\"https:\\\/\\\/dhr.se\\\/stockholmslan\\\/om-dhr-stockholms-lans-distrikt\\\/lar-kanna-oss\\\/#breadcrumb\"},\"inLanguage\":\"sv-SE\",\"potentialAction\":[{\"@type\":\"ReadAction\",\"target\":[\"https:\\\/\\\/dhr.se\\\/stockholmslan\\\/om-dhr-stockholms-lans-distrikt\\\/lar-kanna-oss\\\/\"]}]},{\"@type\":\"ImageObject\",\"inLanguage\":\"sv-SE\",\"@id\":\"https:\\\/\\\/dhr.se\\\/stockholmslan\\\/om-dhr-stockholms-lans-distrikt\\\/lar-kanna-oss\\\/#primaryimage\",\"url\":\"https:\\\/\\\/dhr.se\\\/stockholmslan\\\/wp-content\\\/uploads\\\/sites\\\/5\\\/2026\\\/08\\\/awan-lar-kanna-oss.jpg\",\"contentUrl\":\"https:\\\/\\\/dhr.se\\\/stockholmslan\\\/wp-content\\\/uploads\\\/sites\\\/5\\\/2026\\\/08\\\/awan-lar-kanna-oss.jpg\",\"width\":600,\"height\":800,\"caption\":\"alt=\u201dAwan Aras Nouri, praktikant\u201d\"},{\"@type\":\"BreadcrumbList\",\"@id\":\"https:\\\/\\\/dhr.se\\\/stockholmslan\\\/om-dhr-stockholms-lans-distrikt\\\/lar-kanna-oss\\\/#breadcrumb\",\"itemListElement\":[{\"@type\":\"ListItem\",\"position\":1,\"name\":\"Hem\",\"item\":\"https:\\\/\\\/dhr.se\\\/stockholmslan\\\/\"},{\"@type\":\"ListItem\",\"position\":2,\"name\":\"Om oss\",\"item\":\"https:\\\/\\\/dhr.se\\\/stockholmslan\\\/om-dhr-stockholms-lans-distrikt\\\/\"},{\"@type\":\"ListItem\",\"position\":3,\"name\":\"L\u00e4r k\u00e4nna oss\"}]},{\"@type\":\"WebSite\",\"@id\":\"https:\\\/\\\/dhr.se\\\/stockholmslan\\\/#website\",\"url\":\"https:\\\/\\\/dhr.se\\\/stockholmslan\\\/\",\"name\":\"DHR - Region Stockholm\",\"description\":\"Delaktighet - Handlingskraft - R\u00f6relsefrihet\",\"publisher\":{\"@id\":\"https:\\\/\\\/dhr.se\\\/stockholmslan\\\/#organization\"},\"potentialAction\":[{\"@type\":\"SearchAction\",\"target\":{\"@type\":\"EntryPoint\",\"urlTemplate\":\"https:\\\/\\\/dhr.se\\\/stockholmslan\\\/?s={search_term_string}\"},\"query-input\":{\"@type\":\"PropertyValueSpecification\",\"valueRequired\":true,\"valueName\":\"search_term_string\"}}],\"inLanguage\":\"sv-SE\"},{\"@type\":\"Organization\",\"@id\":\"https:\\\/\\\/dhr.se\\\/stockholmslan\\\/#organization\",\"name\":\"DHR Region Stockholm\",\"url\":\"https:\\\/\\\/dhr.se\\\/stockholmslan\\\/\",\"logo\":{\"@type\":\"ImageObject\",\"inLanguage\":\"sv-SE\",\"@id\":\"https:\\\/\\\/dhr.se\\\/stockholmslan\\\/#\\\/schema\\\/logo\\\/image\\\/\",\"url\":\"https:\\\/\\\/dhr.se\\\/stockholmslan\\\/wp-content\\\/uploads\\\/sites\\\/5\\\/2021\\\/12\\\/REGION-STOCKHOLM-orange-48-p.jpg\",\"contentUrl\":\"https:\\\/\\\/dhr.se\\\/stockholmslan\\\/wp-content\\\/uploads\\\/sites\\\/5\\\/2021\\\/12\\\/REGION-STOCKHOLM-orange-48-p.jpg\",\"width\":891,\"height\":694,\"caption\":\"DHR Region Stockholm\"},\"image\":{\"@id\":\"https:\\\/\\\/dhr.se\\\/stockholmslan\\\/#\\\/schema\\\/logo\\\/image\\\/\"},\"sameAs\":[\"https:\\\/\\\/www.facebook.com\\\/DHRStockholmsLan\",\"https:\\\/\\\/www.instagram.com\\\/dhr_sld\\\/\"]}]}<\/script>\n<!-- \/ Yoast SEO plugin. -->","yoast_head_json":{"title":"L\u00e4r k\u00e4nna oss - DHR - Region Stockholm","robots":{"index":"index","follow":"follow","max-snippet":"max-snippet:-1","max-image-preview":"max-image-preview:large","max-video-preview":"max-video-preview:-1"},"canonical":"https:\/\/dhr.se\/stockholmslan\/om-dhr-stockholms-lans-distrikt\/lar-kanna-oss\/","og_locale":"sv_SE","og_type":"article","og_title":"L\u00e4r k\u00e4nna oss - DHR - Region Stockholm","og_description":"Awan och Herman p\u00e5 kansliet har st\u00e4llt tre snabba fr\u00e5gor till varandra. H\u00e4r kan du ta del av svaren! Fr\u00e5gor till Awan Vad \u00e4r det b\u00e4sta med att vara nyinflyttad i Stockholm?&nbsp; Det b\u00e4sta med att vara nyinflyttad i Stockholm[&hellip;]","og_url":"https:\/\/dhr.se\/stockholmslan\/om-dhr-stockholms-lans-distrikt\/lar-kanna-oss\/","og_site_name":"DHR - Region Stockholm","article_publisher":"https:\/\/www.facebook.com\/DHRStockholmsLan","article_modified_time":"2026-08-28T13:11:56+00:00","og_image":[{"width":600,"height":800,"url":"https:\/\/dhr.se\/stockholmslan\/wp-content\/uploads\/sites\/5\/2026\/08\/awan-lar-kanna-oss.jpg","type":"image\/jpeg"}],"twitter_card":"summary_large_image","twitter_misc":{"Ber\u00e4knad l\u00e4stid":"3 minuter"},"schema":{"@context":"https:\/\/schema.org","@graph":[{"@type":"WebPage","@id":"https:\/\/dhr.se\/stockholmslan\/om-dhr-stockholms-lans-distrikt\/lar-kanna-oss\/","url":"https:\/\/dhr.se\/stockholmslan\/om-dhr-stockholms-lans-distrikt\/lar-kanna-oss\/","name":"L\u00e4r k\u00e4nna oss - DHR - Region Stockholm","isPartOf":{"@id":"https:\/\/dhr.se\/stockholmslan\/#website"},"primaryImageOfPage":{"@id":"https:\/\/dhr.se\/stockholmslan\/om-dhr-stockholms-lans-distrikt\/lar-kanna-oss\/#primaryimage"},"image":{"@id":"https:\/\/dhr.se\/stockholmslan\/om-dhr-stockholms-lans-distrikt\/lar-kanna-oss\/#primaryimage"},"thumbnailUrl":"https:\/\/dhr.se\/stockholmslan\/wp-content\/uploads\/sites\/5\/2026\/08\/awan-lar-kanna-oss.jpg","datePublished":"2026-08-26T13:08:59+00:00","dateModified":"2026-08-28T13:11:56+00:00","breadcrumb":{"@id":"https:\/\/dhr.se\/stockholmslan\/om-dhr-stockholms-lans-distrikt\/lar-kanna-oss\/#breadcrumb"},"inLanguage":"sv-SE","potentialAction":[{"@type":"ReadAction","target":["https:\/\/dhr.se\/stockholmslan\/om-dhr-stockholms-lans-distrikt\/lar-kanna-oss\/"]}]},{"@type":"ImageObject","inLanguage":"sv-SE","@id":"https:\/\/dhr.se\/stockholmslan\/om-dhr-stockholms-lans-distrikt\/lar-kanna-oss\/#primaryimage","url":"https:\/\/dhr.se\/stockholmslan\/wp-content\/uploads\/sites\/5\/2026\/08\/awan-lar-kanna-oss.jpg","contentUrl":"https:\/\/dhr.se\/stockholmslan\/wp-content\/uploads\/sites\/5\/2026\/08\/awan-lar-kanna-oss.jpg","width":600,"height":800,"caption":"alt=\u201dAwan Aras Nouri, praktikant\u201d"},{"@type":"BreadcrumbList","@id":"https:\/\/dhr.se\/stockholmslan\/om-dhr-stockholms-lans-distrikt\/lar-kanna-oss\/#breadcrumb","itemListElement":[{"@type":"ListItem","position":1,"name":"Hem","item":"https:\/\/dhr.se\/stockholmslan\/"},{"@type":"ListItem","position":2,"name":"Om oss","item":"https:\/\/dhr.se\/stockholmslan\/om-dhr-stockholms-lans-distrikt\/"},{"@type":"ListItem","position":3,"name":"L\u00e4r k\u00e4nna oss"}]},{"@type":"WebSite","@id":"https:\/\/dhr.se\/stockholmslan\/#website","url":"https:\/\/dhr.se\/stockholmslan\/","name":"DHR - Region Stockholm","description":"Delaktighet - Handlingskraft - R\u00f6relsefrihet","publisher":{"@id":"https:\/\/dhr.se\/stockholmslan\/#organization"},"potentialAction":[{"@type":"SearchAction","target":{"@type":"EntryPoint","urlTemplate":"https:\/\/dhr.se\/stockholmslan\/?s={search_term_string}"},"query-input":{"@type":"PropertyValueSpecification","valueRequired":true,"valueName":"search_term_string"}}],"inLanguage":"sv-SE"},{"@type":"Organization","@id":"https:\/\/dhr.se\/stockholmslan\/#organization","name":"DHR Region Stockholm","url":"https:\/\/dhr.se\/stockholmslan\/","logo":{"@type":"ImageObject","inLanguage":"sv-SE","@id":"https:\/\/dhr.se\/stockholmslan\/#\/schema\/logo\/image\/","url":"https:\/\/dhr.se\/stockholmslan\/wp-content\/uploads\/sites\/5\/2021\/12\/REGION-STOCKHOLM-orange-48-p.jpg","contentUrl":"https:\/\/dhr.se\/stockholmslan\/wp-content\/uploads\/sites\/5\/2021\/12\/REGION-STOCKHOLM-orange-48-p.jpg","width":891,"height":694,"caption":"DHR Region Stockholm"},"image":{"@id":"https:\/\/dhr.se\/stockholmslan\/#\/schema\/logo\/image\/"},"sameAs":["https:\/\/www.facebook.com\/DHRStockholmsLan","https:\/\/www.instagram.com\/dhr_sld\/"]}]}},"publishpress_future_action":{"enabled":false,"date":"2026-09-07 13:20:56","action":"change-status","newStatus":"draft","terms":[],"taxonomy":"translation_priority","extraData":[]},"publishpress_future_workflow_manual_trigger":{"enabledWorkflows":[]},"_links":{"self":[{"href":"https:\/\/dhr.se\/stockholmslan\/wp-json\/wp\/v2\/pages\/8084","targetHints":{"allow":["GET"]}}],"collection":[{"href":"https:\/\/dhr.se\/stockholmslan\/wp-json\/wp\/v2\/pages"}],"about":[{"href":"https:\/\/dhr.se\/stockholmslan\/wp-json\/wp\/v2\/types\/page"}],"author":[{"embeddable":true,"href":"https:\/\/dhr.se\/stockholmslan\/wp-json\/wp\/v2\/users\/101"}],"replies":[{"embeddable":true,"href":"https:\/\/dhr.se\/stockholmslan\/wp-json\/wp\/v2\/comments?post=8084"}],"version-history":[{"count":19,"href":"https:\/\/dhr.se\/stockholmslan\/wp-json\/wp\/v2\/pages\/8084\/revisions"}],"predecessor-version":[{"id":8145,"href":"https:\/\/dhr.se\/stockholmslan\/wp-json\/wp\/v2\/pages\/8084\/revisions\/8145"}],"up":[{"embeddable":true,"href":"https:\/\/dhr.se\/stockholmslan\/wp-json\/wp\/v2\/pages\/936"}],"wp:attachment":[{"href":"https:\/\/dhr.se\/stockholmslan\/wp-json\/wp\/v2\/media?parent=8084"}],"curies":[{"name":"wp","href":"https:\/\/api.w.org\/{rel}","templated":true}]}}