{"id":8200,"date":"2026-09-04T15:24:24","date_gmt":"2026-09-04T13:24:24","guid":{"rendered":"https:\/\/dhr.se\/stockholmslan\/?page_id=8200"},"modified":"2026-09-04T15:59:34","modified_gmt":"2026-09-04T13:59:34","slug":"vad-tycker-regionpolitikerna-om-vart-manifest","status":"publish","type":"page","link":"https:\/\/dhr.se\/stockholmslan\/valet-2026\/vad-tycker-regionpolitikerna-om-vart-manifest\/","title":{"rendered":"Vad tycker regionpolitikerna om v\u00e5rt manifest?"},"content":{"rendered":"\n<div style=\"height:26px\" aria-hidden=\"true\" class=\"wp-block-spacer\"><\/div>\n\n\n\n<p class=\"wp-block-paragraph\">Vi har kontaktat regionpolitikerna f\u00f6r att ta reda p\u00e5 hur de st\u00e4ller sig till de fem punkterna i v\u00e5rt politiska manifest. H\u00e4r kan du l\u00e4sa deras kommentarer till varje punkt. Sidan uppdateras l\u00f6pande n\u00e4r vi f\u00e5r in svar fr\u00e5n fler politiker. <\/p>\n\n\n\n<h3 class=\"wp-block-heading has-undefined-color has-text-color has-background has-link-color wp-elements-1\" style=\"background-color:#ed1c34\">Hanna Jokio (S) <\/h3>\n\n\n\n<p class=\"wp-block-paragraph\"><strong>SMO\u2011v\u00e5rdcentraler f\u00f6r ett j\u00e4mlikt Stockholm<\/strong><\/p>\n\n\n\n<p class=\"wp-block-paragraph\">Under mandatperioden har flera SMO-mottagningar \u00f6ppnats. Vi vill permanenta och ut\u00f6ka antalet SMO-mottagningar. En sammanh\u00e5llen v\u00e5rdkedja \u00e4r viktig. D\u00e4rf\u00f6r vill vi, ut\u00f6ver att ut\u00f6ka antalet SMO-mottagningar, \u00e4ven st\u00e4rka samordningen vid \u00f6verg\u00e5ngen fr\u00e5n barn- till vuxensjukv\u00e5rd genom en regional handlingsplan, och s\u00e4nka tr\u00f6sklarna f\u00f6r att f\u00e5 hj\u00e4lp f\u00f6r psykiatriska besv\u00e4r. Vi vill ocks\u00e5 f\u00f6rdubbla antalet l\u00e4kare vid v\u00e5rdcentralerna f\u00f6r att fr\u00e4mja kontinuitet och samordning av v\u00e5rden.<\/p>\n\n\n\n<p class=\"wp-block-paragraph\"><strong>Avgiftsfria hj\u00e4lpmedel och ett likv\u00e4rdigt nationellt utbud<\/strong><\/p>\n\n\n\n<p class=\"wp-block-paragraph\">De g\u00e5ngna fyra \u00e5ren har vi inf\u00f6rt ett digitalt h\u00f6gkostnadsskydd f\u00f6r hj\u00e4lpmedel. Vi vill forts\u00e4tta \u00f6ka tillg\u00e5ngen till hj\u00e4lpmedel och h\u00e5lla nere kostnaderna. F\u00f6r att l\u00f6sa tillg\u00e5ngen till fritidshj\u00e4lpmedel vill vi ge ett uppdrag till Hj\u00e4lpmedelscentralen att i samverkan med organisationer inom parasportidrotten och kommunala fritidsbibliotek se \u00f6ver utbudet av fritidshj\u00e4lpmedel vid fritidsbiblioteken.<\/p>\n\n\n\n<p class=\"wp-block-paragraph\"><strong>B\u00e4ttre medvetande om funktionsneds\u00e4ttning inom sjukv\u00e5rden<\/strong><\/p>\n\n\n\n<p class=\"wp-block-paragraph\">Samverkan med funktionsr\u00e4ttsorganisationerna \u00e4r avg\u00f6rande f\u00f6r en j\u00e4mlik sjukv\u00e5rd. Socialdemokraterna vill v\u00e4rna och utveckla samarbetet med funktionsr\u00e4ttsr\u00f6relsen. Alla relevanta beslut ska f\u00f6reg\u00e5s av funktionskonsekvensbeskrivningar. Vidare vill vi inr\u00e4tta en central funktion med uppdrag och mandat att f\u00f6lja upp tillg\u00e4ngligheten inom v\u00e5rden f\u00f6r personer med funktionsneds\u00e4ttning. Det handlar om att kunna granska hur information f\u00f6rmedlas, hur lokaler utformas och vilka m\u00f6jligheter det finns att kommunicera med v\u00e5rdgivare.<\/p>\n\n\n\n<p class=\"wp-block-paragraph\"><strong>Likv\u00e4rdig och r\u00e4ttvis f\u00e4rdtj\u00e4nst\u202f<\/strong><\/p>\n\n\n\n<p class=\"wp-block-paragraph\">V\u00e5rt m\u00e5l \u00e4r att skapa en f\u00e4rdtj\u00e4nst med s\u00e5 god kvalit\u00e9 som m\u00f6jligt och d\u00e4r resen\u00e4ren alltid \u00e4r i centrum. Det p\u00e5g\u00e5r ett arbete med att inf\u00f6ra ett nytt trafikhanteringssystem, som ska ers\u00e4tta det gamla fr\u00e5n 1990-talet. I och med det nya systemet kommer det att ange ankomsttid vid bokning, n\u00e5got som inte \u00e4r tekniskt m\u00f6jligt i det gamla. Det nya systemet kommer \u00e4ven att m\u00f6jligg\u00f6ra andra f\u00f6rb\u00e4ttringar i resen\u00e4rsinformationen, till exempel genom att kunna f\u00f6lja bilen i realtid. Vidare vill vi \u00f6ka tryggheten inom f\u00e4rdtj\u00e4nsten, digitalisera ans\u00f6kningen f\u00f6r f\u00e4rdtj\u00e4nsttillst\u00e5nd, ta bort tremils-gr\u00e4nsen och v\u00e4rna h\u00f6gkostnadsskyddet inom f\u00e4rdtj\u00e4nsten.<\/p>\n\n\n\n<p class=\"wp-block-paragraph\"><strong>Delaktighet inom kulturlivet\u202f<\/strong><\/p>\n\n\n\n<p class=\"wp-block-paragraph\">Socialdemokraterna och Region Stockholm har som m\u00e5ls\u00e4ttning att m\u00e4nniskor med funktionsvariationer ska kunna delta och ta del av kultur p\u00e5 lika villkor. F\u00f6r att uppn\u00e5 detta f\u00f6r vi kontinuerlig dialog med Kulturr\u00e5det och olika funktionsr\u00e4ttsorganisationer om hur man jobbar f\u00f6r att \u00f6ka tillg\u00e4ngligheten. Regionfinansierade Konserthuset har genomf\u00f6rt ett omfattande arbete f\u00f6r att underl\u00e4tta f\u00f6r m\u00e4nniskor med funktionshinder.<\/p>\n\n\n\n<h3 class=\"wp-block-heading has-text-color has-background has-link-color wp-elements-2\" style=\"color:#ffffff;background-color:#1e3b90\">Johanna Andersson (M)<\/h3>\n\n\n\n<p class=\"wp-block-paragraph\"><strong>SMO-v\u00e5rdcentraler f\u00f6r ett j\u00e4mlikt Stockholm<\/strong><\/p>\n\n\n\n<p class=\"wp-block-paragraph\">N\u00e4r vi styrde Region Stockholm inf\u00f6rde vi SMO-mottagningar som ett pilotprojekt. Vi ser att verksamheterna \u00e4r uppskattade av m\u00e5lgruppen och \u00e4r positiva till att ut\u00f6ka verksamheterna till att g\u00e4lla fler v\u00e5rdcentraler. Personer med funktionsneds\u00e4ttning ska kunna k\u00e4nna sig trygga med att v\u00e5rden har r\u00e4tt kompetens, \u00e4r tillg\u00e4nglig och utg\u00e5r fr\u00e5n individens behov. F\u00f6r den som har omfattande och \u00e5terkommande v\u00e5rdbehov \u00e4r kontinuitet och samordning s\u00e4rskilt viktigt. D\u00e4rf\u00f6r vill vi st\u00e4rka m\u00f6jligheten till en fast personlig l\u00e4kare som k\u00e4nner patientens behov och kan ta ett l\u00e5ngsiktigt ansvar f\u00f6r v\u00e5rden. Vi vill ocks\u00e5 s\u00e4kerst\u00e4lla tillg\u00e5ngen till bra och \u00e4ndam\u00e5lsenliga hj\u00e4lpmedel och att digitaliseringen i v\u00e5rden \u00f6kar tillg\u00e4ngligheten i st\u00e4llet f\u00f6r att skapa nya hinder.<\/p>\n\n\n\n<p class=\"wp-block-paragraph\"><strong>Avgiftsfria hj\u00e4lpmedel och ett likv\u00e4rdigt nationellt utbud<\/strong><\/p>\n\n\n\n<p class=\"wp-block-paragraph\">Hj\u00e4lpmedel \u00e4r f\u00f6r m\u00e5nga en f\u00f6ruts\u00e4ttning f\u00f6r att kunna arbeta, studera och leva ett sj\u00e4lvst\u00e4ndigt liv. I dagsl\u00e4get st\u00e5r vi bakom det h\u00f6gkostnadsskydd f\u00f6r hj\u00e4lpmedel som finns. Moderaterna vill \u00f6ka valfriheten och s\u00e4kerst\u00e4lla att de hj\u00e4lpmedel som erbjuds faktiskt fungerar utifr\u00e5n individens behov. Inom h\u00f6rselv\u00e5rden finns exempelvis h\u00f6rapparater som inte fungerar tillsammans med hj\u00e4lpmedel fr\u00e5n F\u00f6rs\u00e4kringskassan eller digitala system p\u00e5 arbetsplatsen. Det kan inneb\u00e4ra att personer sj\u00e4lva tvingas betala f\u00f6r modernare h\u00f6rapparater f\u00f6r att kunna arbeta. S\u00e5 ska det inte vara. Den som beh\u00f6ver ett hj\u00e4lpmedel ska kunna f\u00e5 ett som fungerar b\u00e5de i vardagslivet och arbetslivet.<\/p>\n\n\n\n<p class=\"wp-block-paragraph\"><strong>B\u00e4ttre medvetande om funktionsneds\u00e4ttning inom sjukv\u00e5rden<\/strong><\/p>\n\n\n\n<p class=\"wp-block-paragraph\">Personer med funktionsneds\u00e4ttning ska m\u00f6tas av en v\u00e5rd som har kunskap om deras behov och f\u00f6ruts\u00e4ttningar. Vi \u00e4r positiva till funktionshinderdiplomering av v\u00e5rdcentraler, med fokus p\u00e5 tillg\u00e4nglighet, kompetens och bem\u00f6tande. Det handlar ocks\u00e5 om patients\u00e4kerhet. Personer med exempelvis syn- eller h\u00f6rselneds\u00e4ttning ska kunna ta del av information, kommunicera med v\u00e5rden och vara delaktiga i sin behandling. Digitaliseringen f\u00e5r inte heller skapa nya hinder. Nya digitala tj\u00e4nster beh\u00f6ver vara tillg\u00e4ngliga och fungera tillsammans med de hj\u00e4lpmedel m\u00e4nniskor anv\u00e4nder. D\u00e4rf\u00f6r vill vi att ny teknik utvecklas med ett tydligt funktionsr\u00e4ttsperspektiv.<\/p>\n\n\n\n<p class=\"wp-block-paragraph\"><strong>Likv\u00e4rdig och r\u00e4ttvis f\u00e4rdtj\u00e4nst<\/strong><\/p>\n\n\n\n<p class=\"wp-block-paragraph\">F\u00e4rdtj\u00e4nsten \u00e4r avg\u00f6rande f\u00f6r att m\u00e5nga personer med funktionsneds\u00e4ttning ska kunna leva sj\u00e4lvst\u00e4ndigt, arbeta, studera och delta i samh\u00e4llslivet. Den ska d\u00e4rf\u00f6r vara p\u00e5litlig, trygg och utg\u00e5 fr\u00e5n individens faktiska behov. Vi vill att resetilldelningen ska vara individanpassad och behovspr\u00f6vad och att bed\u00f6mningarna ska vara begripliga och konsekventa. Vi vill ocks\u00e5 forts\u00e4tta f\u00f6rb\u00e4ttra punktligheten och v\u00e4rna resen\u00e4rernas valfrihet. Fler akt\u00f6rer ska kunna utf\u00f6ra f\u00e4rdtj\u00e4nstresor. F\u00f6r synskadade vill vi dessutom utveckla ledsagningen, som f\u00f6r m\u00e5nga \u00e4r avg\u00f6rande f\u00f6r m\u00f6jligheten att kunna f\u00f6rflytta sig sj\u00e4lvst\u00e4ndigt.<\/p>\n\n\n\n<p class=\"wp-block-paragraph\"><strong>Delaktighet inom kulturlivet<\/strong><\/p>\n\n\n\n<p class=\"wp-block-paragraph\">Personer med funktionsneds\u00e4ttning ska kunna ta del av kulturlivet p\u00e5 lika villkor. Tillg\u00e4nglighet handlar inte bara om att kunna komma in i en lokal, utan ocks\u00e5 om att kunna ta del av f\u00f6rest\u00e4llningar, utst\u00e4llningar och andra kulturupplevelser. Exempelvis \u00e4r det viktigt att regionfinansierad kultur \u00e4r tillg\u00e4nglig f\u00f6r personer med synneds\u00e4ttning genom syntolkade f\u00f6rest\u00e4llningar och konstvisningar. Tillg\u00e4nglighet beh\u00f6ver finnas med fr\u00e5n b\u00f6rjan n\u00e4r regionens kulturverksamheter planeras och utvecklas<\/p>\n\n\n\n<h3 class=\"wp-block-heading has-text-color has-background has-link-color wp-elements-3\" style=\"color:#ffffff;background-color:#016ab3\">P\u00e4r Hommerberg (L) <\/h3>\n\n\n\n<p class=\"wp-block-paragraph\"><strong>SMO\u2011v\u00e5rdcentraler f\u00f6r ett j\u00e4mlikt Stockholm<\/strong><\/p>\n\n\n\n<p class=\"wp-block-paragraph\">Ja, det \u00e4r bedr\u00f6vligt f\u00e5 SMO-mottagningar i Stockholms l\u00e4n idag, bara fyra stycken. Region S\u00f6dermanland \u2013 med 300 000 inv\u00e5nare mot Region Stockholms 2,5 miljoner \u2013 har nio SMO-mottagningar.<\/p>\n\n\n\n<p class=\"wp-block-paragraph\">Sen m\u00e5ste alla v\u00e5rdcentraler ha erforderlig kunskap och f\u00f6rm\u00e5ga att ge m\u00e4nniskor med funktionshinder f\u00f6r fullgod v\u00e5rd och r\u00e5dgivning, utan att vare sig kr\u00e4nka eller diskriminera, som tyv\u00e4rr alltf\u00f6r ofta blir fallet idag. D\u00e4rf\u00f6r m\u00e5ste v\u00e5rdpersonal utbildas p\u00e5 bred front och fler verksamheter certifieras.<\/p>\n\n\n\n<p class=\"wp-block-paragraph\"><strong>Avgiftsfria hj\u00e4lpmedel och ett likv\u00e4rdigt nationellt utbud<\/strong><\/p>\n\n\n\n<p class=\"wp-block-paragraph\">Ja, lagens krav ska respekteras av region Stockholm. Hj\u00e4lpmedel ska f\u00f6rskrivas och det ska finnas valfrihet. Avgifter f\u00e5r bara tas ut n\u00e4r anv\u00e4ndaren sj\u00e4lv vill ha hj\u00e4lpmedel som g\u00e5r ut\u00f6ver standardutf\u00f6randen. R\u00e4tten till hj\u00e4lpmedel f\u00e5r inte styras av pl\u00e5nboken.<\/p>\n\n\n\n<p class=\"wp-block-paragraph\">Det kan vara s\u00e5 att Region Stockholm byter mot lagen, n\u00e4r man talar om \u201dfritidshj\u00e4lpmedel\u201d. N\u00e5gra s\u00e5dana finns inte enligt H\u00e4lso- och sjukv\u00e5rdslagen (HSL Kap 8, \u00a77 samt kap 12, \u00a75). I Socialstyrelsens beslutsst\u00f6d f\u00f6r f\u00f6rskrivning av hj\u00e4lpmedel tas inte heller detta upp som ett undantag fr\u00e5n f\u00f6rskrivning.<\/p>\n\n\n\n<p class=\"wp-block-paragraph\">Socialstyrelsen noterar att begreppet hj\u00e4lpmedel saknar en entydig juridisk definition, men i deras egen termbank anv\u00e4nder de sig av f\u00f6ljande definition av hj\u00e4lpmedel i det dagliga livet: Individuellt utprovad produkt som syftar till att bibeh\u00e5lla eller \u00f6ka aktivitet, delaktighet eller sj\u00e4lvst\u00e4ndighet genom att kompensera en funktionsneds\u00e4ttning<\/p>\n\n\n\n<p class=\"wp-block-paragraph\">Inte heller denna ger n\u00e5got st\u00f6d f\u00f6r att skilja ut hj\u00e4lpmedel som kr\u00e4vs f\u00f6r att kunna ha en aktiv fritid. Tv\u00e4rtom framg\u00e5r hj\u00e4lpmedels generella syfte \u00e4r att fr\u00e4mja \u201daktivitet, delaktighet eller sj\u00e4lvst\u00e4ndighet\u201d.<\/p>\n\n\n\n<p class=\"wp-block-paragraph\">Liberalerna menar d\u00e4rf\u00f6r att Region Stockholm ska upph\u00f6rda med det godtyckliga undantaget att v\u00e4gra f\u00f6rskriva s\u00e5 kallade \u201dfritidshj\u00e4lpmedel\u201d. Alla har r\u00e4tt till en aktiv fritid! Begreppet anv\u00e4nds bara f\u00f6r att f\u00f6rs\u00f6ka skjuta ifr\u00e5n sig ansvaret.<\/p>\n\n\n\n<p class=\"wp-block-paragraph\">Liberalerna vill att staten ska ha det yttersta ansvaret f\u00f6r att reglera tillg\u00e5ngen till hj\u00e4lpmedel, s\u00e5 reglerna blir lika och r\u00e4ttvisa. Dessutom b\u00f6r regionerna ta \u00f6ver hela ansvaret f\u00f6r f\u00f6rskrivning och tilldelning.<\/p>\n\n\n\n<p class=\"wp-block-paragraph\"><strong>B\u00e4ttre medvetande om funktionsneds\u00e4ttning inom sjukv\u00e5rden<\/strong><\/p>\n\n\n\n<p class=\"wp-block-paragraph\">Det kr\u00e4vs absolut. Funktionsr\u00e4tt Stockholm har lyft fram diplomering av ungdomsmottagningar som ett viktigt hj\u00e4lpmedel. Dessv\u00e4rre valde den r\u00f6dgr\u00f6na majoriteten att inte g\u00e5 vidare med detta, som kunde ha breddats till flera omr\u00e5den, och ersatte det med en kort digital utbildning p\u00e5 regionens \u201dkompetenstorg\u201d. Det \u00e4r under all kritik.<\/p>\n\n\n\n<p class=\"wp-block-paragraph\"><strong>Likv\u00e4rdig och r\u00e4ttvis f\u00e4rdtj\u00e4nst\u202f<\/strong><\/p>\n\n\n\n<p class=\"wp-block-paragraph\">\u00c5terigen ser vi hur man v\u00e4ljer smidighet f\u00f6r f\u00f6rvaltningen framf\u00f6r den enskildes behov. Tilldelningen av resor sker p\u00e5 en massa sv\u00e5rbegripliga kriterier. Detta m\u00e5ste \u00e4ndras. Ansvaret \u00e4r ocks\u00e5 otydligt och uppsplittrat.<\/p>\n\n\n\n<p class=\"wp-block-paragraph\">Tilldelningen m\u00e5ste bli gener\u00f6sare \u2013 och p\u00e5 sikt b\u00f6r begr\u00e4sningen helt avskaffas. Fri r\u00f6relsefrihet p\u00e5 lika villkor.<\/p>\n\n\n\n<p class=\"wp-block-paragraph\">Kraven p\u00e5 anv\u00e4ndbarhet m\u00e5ste bli mycket tydligare och regionen ska testa alla appar mot m\u00e5lgruppen i en s\u00e4rskild testmilj\u00f6 inf\u00f6r nya uppdateringar.<\/p>\n\n\n\n<p class=\"wp-block-paragraph\"><strong>Delaktighet inom kulturlivet\u202f<\/strong><\/p>\n\n\n\n<p class=\"wp-block-paragraph\">Ja, vi h\u00e5ller med. Bristande tillg\u00e4nglighet inneb\u00e4r missgynnande och kan vara diskriminering, sedan 2015. Det \u00e4r dags att leva upp till det!<\/p>\n\n\n\n<p class=\"wp-block-paragraph\">Genom kulturn\u00e4mnden st\u00f6der Region Stockholm m\u00e5nga kulturverksamheter, b\u00e5de direkt och indirekt via studief\u00f6rbunden. Vi m\u00e5ste bli tydligare med att detta st\u00f6d ska kunna komma alla inv\u00e5nare till del \u2013 inte bara vissa inv\u00e5nare.<\/p>\n\n\n\n<h3 class=\"wp-block-heading has-undefined-color has-text-color has-background has-link-color wp-elements-4\" style=\"background-color:#ec1d23\">Sandra Nielsen (V)<\/h3>\n\n\n\n<p class=\"wp-block-paragraph\"><strong>SMO\u2011v\u00e5rdcentraler f\u00f6r ett j\u00e4mlikt Stockholm<\/strong><\/p>\n\n\n\n<p class=\"wp-block-paragraph\">V\u00e4nsterpartiet delar uppfattningen att ett samordnat medicinskt omh\u00e4ndertagande f\u00f6r personer med funktionsneds\u00e4ttning ska vara en sj\u00e4lvklar del av v\u00e5rdens struktur. SMO-mottagningarnas arbete \u00e4r otroligt viktigt och ska forts\u00e4tta, d\u00e4rf\u00f6r vi tycker att de ska bli permanenta. V\u00e4nsterpartiet har \u00e4ven lagt en skrivelse om huruvida SMO-mottagningarna, likt m\u00e5nga av regionens ungdomsmottagningar, kan funkisdiplomeras \u2013 det vill s\u00e4ga att utbilda verksamhetens anst\u00e4llda i hur mer tillg\u00e4ngliga m\u00f6ten skapas s\u00e5 att unga med funktionsneds\u00e4ttning b\u00e4ttre kan ta till sig information och f\u00e5 kontroll \u00f6ver sin egen h\u00e4lsa.<\/p>\n\n\n\n<p class=\"wp-block-paragraph\"><strong>Avgiftsfria hj\u00e4lpmedel och ett likv\u00e4rdigt nationellt utbud<\/strong><\/p>\n\n\n\n<p class=\"wp-block-paragraph\">Personer med kronisk sjukdom eller funktionsneds\u00e4ttning har ofta m\u00e5nga utgifter f\u00f6r v\u00e5rd, sjukresor och hj\u00e4lpmedel. De ska inte d\u00e4rtill bestraffas med avgifter. Hj\u00e4lpmedel \u00e4r en r\u00e4ttighet som ska vara kostnadsfri, och d\u00e4rf\u00f6r vill V\u00e4nsterpartiet p\u00e5 sikt avskaffa avgiften f\u00f6r hj\u00e4lpmedel helt, och till en b\u00f6rjan inf\u00f6ra h\u00f6gkostnadsskydd. Det \u00e4r en j\u00e4mlikhet- och r\u00e4ttighetsfr\u00e5ga, att alla ska ha r\u00e4tt till en meningsfull fritid. Vi tycker inte det ska g\u00f6ras n\u00e5gon skillnad mellan fritidshj\u00e4lpmedel och hj\u00e4lpmedel och vill d\u00e4rf\u00f6r att distinktionen mellan dem tas bort s\u00e5 att de p\u00e5 sikt kan bli avgiftsfria b\u00e5da tv\u00e5.<\/p>\n\n\n\n<p class=\"wp-block-paragraph\"><strong>B\u00e4ttre medvetande om funktionsneds\u00e4ttning inom sjukv\u00e5rden<\/strong><\/p>\n\n\n\n<p class=\"wp-block-paragraph\">Funktionsr\u00e4ttsperspektivet \u00e4r extra viktigt inom Region Stockholms verksamheter. F\u00f6r m\u00e5nga personer med funktionsneds\u00e4ttning \u00e4r en fungerande v\u00e5rd, omsorg och f\u00e4rdtj\u00e4nst direkt avg\u00f6rande f\u00f6r att kunna leva ett bra liv. D\u00e4rf\u00f6r har vi drivit igenom att det vid alla st\u00f6rre beslut ska finnas funktionsr\u00e4ttskonsekvensbeskrivning och funkisorganisationerna ska inkluderas vid beslut. Vi har \u00e4ven lagt en skrivelse nu i juni om vad Regionen kan g\u00f6ra f\u00f6r att mammografiscreeningen ska bli mer tillg\u00e4nglig \u00e4n idag.<\/p>\n\n\n\n<p class=\"wp-block-paragraph\"><strong>Likv\u00e4rdig och r\u00e4ttvis f\u00e4rdtj\u00e4nst<\/strong><\/p>\n\n\n\n<p class=\"wp-block-paragraph\">V\u00e5rt m\u00e5l \u00e4r att f\u00e4rdtj\u00e4nsten, i s\u00e5 stor utstr\u00e4ckning som m\u00f6jligt, ska vara tillg\u00e4nglig p\u00e5 samma s\u00e4tt som f\u00f6r trafikanter som \u00e5ker med 30-dagarskort eller liknande. F\u00f6r dessa finns inga begr\u00e4nsningar, vare sig vad g\u00e4ller resl\u00e4ngd, eller antal resor. Vi tycker att f\u00e4rdtj\u00e4nsten ska fungera p\u00e5 samma s\u00e4tt. Den 1 juli halverade den nuvarande regeringen priset p\u00e5 kollektivtrafiken, men de inkluderade inte dem som reser med f\u00e4rdtj\u00e4nst. Det \u00e4r 90 000 personer bara i Stockholm. Det tycker vi \u00e4r diskriminering. F\u00e4rdtj\u00e4nsten \u00e4r en del av kollektivtrafiken och d\u00e4rf\u00f6r borde den ha samma priss\u00e4nkningar som den \u00f6vriga trafiken. Det ska vara en r\u00e4ttighet att kunna ta sig till jobbet, tr\u00e4ffa v\u00e4nner och delta i samh\u00e4llet \u2013 inte ett privilegium.<\/p>\n\n\n\n<p class=\"wp-block-paragraph\"><strong>Delaktighet inom kulturlivet<\/strong><\/p>\n\n\n\n<p class=\"wp-block-paragraph\">Att g\u00f6ra kultur tillg\u00e4nglig handlar \u00e4ven om att underl\u00e4tta f\u00f6r m\u00e4nniskor med normbrytande funktionsvariationer att kunna tillgodog\u00f6ra sig kulturupplevelser p\u00e5 lika villkor. En l\u00e5ngsiktig ambition \u00e4r d\u00e4rf\u00f6r att fler f\u00f6rest\u00e4llningar och kulturupplevelser spr\u00e5k-, syn- och h\u00f6rseltolkas. M\u00e5nga kulturscener \u00e4r relativt otillg\u00e4ngliga f\u00f6r funktionshindrade trots att enkla l\u00f6sningar och s\u00f6kbara statliga medel finns f\u00f6r anpassningar. Vi anser att kulturf\u00f6rvaltningen ska ges i uppdrag att kunskapssprida och samverka inom befintliga strukturer f\u00f6r att \u00f6ka tillg\u00e4ngligheten utifr\u00e5n funktionsr\u00e4tt vid de verksamheter som Region Stockholm delfinansierar. L\u00e4mpliga format kan vara den typ av samverkan som redan anv\u00e4nds f\u00f6r kunskapsspridning som webbinarium, seminarium eller n\u00e4tverkstr\u00e4ffar.<\/p>\n\n\n\n<p class=\"wp-block-paragraph\"><\/p>\n","protected":false},"excerpt":{"rendered":"<p>Vi har kontaktat regionpolitikerna f\u00f6r att ta reda p\u00e5 hur de st\u00e4ller sig till de fem punkterna i v\u00e5rt politiska manifest. H\u00e4r kan du l\u00e4sa deras kommentarer till varje punkt. Sidan uppdateras l\u00f6pande n\u00e4r vi f\u00e5r in svar fr\u00e5n fler[&hellip;]<\/p>\n","protected":false},"author":101,"featured_media":0,"parent":8025,"menu_order":0,"comment_status":"closed","ping_status":"closed","template":"template-side-menu.php","meta":{"_acf_changed":false,"_monsterinsights_skip_tracking":false,"footnotes":""},"class_list":["post-8200","page","type-page","status-publish","hentry"],"acf":[],"yoast_head":"<!-- This site is optimized with the Yoast SEO plugin v28.3 - https:\/\/yoast.com\/product\/yoast-seo-wordpress\/ -->\n<title>Vad tycker regionpolitikerna om v\u00e5rt manifest? - DHR - Region Stockholm<\/title>\n<meta name=\"robots\" content=\"index, follow, max-snippet:-1, max-image-preview:large, max-video-preview:-1\" \/>\n<link rel=\"canonical\" href=\"https:\/\/dhr.se\/stockholmslan\/valet-2026\/vad-tycker-regionpolitikerna-om-vart-manifest\/\" \/>\n<meta property=\"og:locale\" content=\"sv_SE\" \/>\n<meta property=\"og:type\" content=\"article\" \/>\n<meta property=\"og:title\" content=\"Vad tycker regionpolitikerna om v\u00e5rt manifest? - DHR - Region Stockholm\" \/>\n<meta property=\"og:description\" content=\"Vi har kontaktat regionpolitikerna f\u00f6r att ta reda p\u00e5 hur de st\u00e4ller sig till de fem punkterna i v\u00e5rt politiska manifest. H\u00e4r kan du l\u00e4sa deras kommentarer till varje punkt. Sidan uppdateras l\u00f6pande n\u00e4r vi f\u00e5r in svar fr\u00e5n fler[&hellip;]\" \/>\n<meta property=\"og:url\" content=\"https:\/\/dhr.se\/stockholmslan\/valet-2026\/vad-tycker-regionpolitikerna-om-vart-manifest\/\" \/>\n<meta property=\"og:site_name\" content=\"DHR - Region Stockholm\" \/>\n<meta property=\"article:publisher\" content=\"https:\/\/www.facebook.com\/DHRStockholmsLan\" \/>\n<meta property=\"article:modified_time\" content=\"2026-09-04T13:59:34+00:00\" \/>\n<meta name=\"twitter:card\" content=\"summary_large_image\" \/>\n<meta name=\"twitter:label1\" content=\"Ber\u00e4knad l\u00e4stid\" \/>\n\t<meta name=\"twitter:data1\" content=\"10 minuter\" \/>\n<script type=\"application\/ld+json\" class=\"yoast-schema-graph\">{\"@context\":\"https:\\\/\\\/schema.org\",\"@graph\":[{\"@type\":\"WebPage\",\"@id\":\"https:\\\/\\\/dhr.se\\\/stockholmslan\\\/valet-2026\\\/vad-tycker-regionpolitikerna-om-vart-manifest\\\/\",\"url\":\"https:\\\/\\\/dhr.se\\\/stockholmslan\\\/valet-2026\\\/vad-tycker-regionpolitikerna-om-vart-manifest\\\/\",\"name\":\"Vad tycker regionpolitikerna om v\u00e5rt manifest? - DHR - Region Stockholm\",\"isPartOf\":{\"@id\":\"https:\\\/\\\/dhr.se\\\/stockholmslan\\\/#website\"},\"datePublished\":\"2026-09-04T13:24:24+00:00\",\"dateModified\":\"2026-09-04T13:59:34+00:00\",\"breadcrumb\":{\"@id\":\"https:\\\/\\\/dhr.se\\\/stockholmslan\\\/valet-2026\\\/vad-tycker-regionpolitikerna-om-vart-manifest\\\/#breadcrumb\"},\"inLanguage\":\"sv-SE\",\"potentialAction\":[{\"@type\":\"ReadAction\",\"target\":[\"https:\\\/\\\/dhr.se\\\/stockholmslan\\\/valet-2026\\\/vad-tycker-regionpolitikerna-om-vart-manifest\\\/\"]}]},{\"@type\":\"BreadcrumbList\",\"@id\":\"https:\\\/\\\/dhr.se\\\/stockholmslan\\\/valet-2026\\\/vad-tycker-regionpolitikerna-om-vart-manifest\\\/#breadcrumb\",\"itemListElement\":[{\"@type\":\"ListItem\",\"position\":1,\"name\":\"Hem\",\"item\":\"https:\\\/\\\/dhr.se\\\/stockholmslan\\\/\"},{\"@type\":\"ListItem\",\"position\":2,\"name\":\"Valet 2026\",\"item\":\"https:\\\/\\\/dhr.se\\\/stockholmslan\\\/valet-2026\\\/\"},{\"@type\":\"ListItem\",\"position\":3,\"name\":\"Vad tycker regionpolitikerna om v\u00e5rt manifest?\"}]},{\"@type\":\"WebSite\",\"@id\":\"https:\\\/\\\/dhr.se\\\/stockholmslan\\\/#website\",\"url\":\"https:\\\/\\\/dhr.se\\\/stockholmslan\\\/\",\"name\":\"DHR - Region Stockholm\",\"description\":\"Delaktighet - Handlingskraft - R\u00f6relsefrihet\",\"publisher\":{\"@id\":\"https:\\\/\\\/dhr.se\\\/stockholmslan\\\/#organization\"},\"potentialAction\":[{\"@type\":\"SearchAction\",\"target\":{\"@type\":\"EntryPoint\",\"urlTemplate\":\"https:\\\/\\\/dhr.se\\\/stockholmslan\\\/?s={search_term_string}\"},\"query-input\":{\"@type\":\"PropertyValueSpecification\",\"valueRequired\":true,\"valueName\":\"search_term_string\"}}],\"inLanguage\":\"sv-SE\"},{\"@type\":\"Organization\",\"@id\":\"https:\\\/\\\/dhr.se\\\/stockholmslan\\\/#organization\",\"name\":\"DHR Region Stockholm\",\"url\":\"https:\\\/\\\/dhr.se\\\/stockholmslan\\\/\",\"logo\":{\"@type\":\"ImageObject\",\"inLanguage\":\"sv-SE\",\"@id\":\"https:\\\/\\\/dhr.se\\\/stockholmslan\\\/#\\\/schema\\\/logo\\\/image\\\/\",\"url\":\"https:\\\/\\\/dhr.se\\\/stockholmslan\\\/wp-content\\\/uploads\\\/sites\\\/5\\\/2021\\\/12\\\/REGION-STOCKHOLM-orange-48-p.jpg\",\"contentUrl\":\"https:\\\/\\\/dhr.se\\\/stockholmslan\\\/wp-content\\\/uploads\\\/sites\\\/5\\\/2021\\\/12\\\/REGION-STOCKHOLM-orange-48-p.jpg\",\"width\":891,\"height\":694,\"caption\":\"DHR Region Stockholm\"},\"image\":{\"@id\":\"https:\\\/\\\/dhr.se\\\/stockholmslan\\\/#\\\/schema\\\/logo\\\/image\\\/\"},\"sameAs\":[\"https:\\\/\\\/www.facebook.com\\\/DHRStockholmsLan\",\"https:\\\/\\\/www.instagram.com\\\/dhr_sld\\\/\"]}]}<\/script>\n<!-- \/ Yoast SEO plugin. -->","yoast_head_json":{"title":"Vad tycker regionpolitikerna om v\u00e5rt manifest? - DHR - Region Stockholm","robots":{"index":"index","follow":"follow","max-snippet":"max-snippet:-1","max-image-preview":"max-image-preview:large","max-video-preview":"max-video-preview:-1"},"canonical":"https:\/\/dhr.se\/stockholmslan\/valet-2026\/vad-tycker-regionpolitikerna-om-vart-manifest\/","og_locale":"sv_SE","og_type":"article","og_title":"Vad tycker regionpolitikerna om v\u00e5rt manifest? - DHR - Region Stockholm","og_description":"Vi har kontaktat regionpolitikerna f\u00f6r att ta reda p\u00e5 hur de st\u00e4ller sig till de fem punkterna i v\u00e5rt politiska manifest. H\u00e4r kan du l\u00e4sa deras kommentarer till varje punkt. Sidan uppdateras l\u00f6pande n\u00e4r vi f\u00e5r in svar fr\u00e5n fler[&hellip;]","og_url":"https:\/\/dhr.se\/stockholmslan\/valet-2026\/vad-tycker-regionpolitikerna-om-vart-manifest\/","og_site_name":"DHR - Region Stockholm","article_publisher":"https:\/\/www.facebook.com\/DHRStockholmsLan","article_modified_time":"2026-09-04T13:59:34+00:00","twitter_card":"summary_large_image","twitter_misc":{"Ber\u00e4knad l\u00e4stid":"10 minuter"},"schema":{"@context":"https:\/\/schema.org","@graph":[{"@type":"WebPage","@id":"https:\/\/dhr.se\/stockholmslan\/valet-2026\/vad-tycker-regionpolitikerna-om-vart-manifest\/","url":"https:\/\/dhr.se\/stockholmslan\/valet-2026\/vad-tycker-regionpolitikerna-om-vart-manifest\/","name":"Vad tycker regionpolitikerna om v\u00e5rt manifest? - DHR - Region Stockholm","isPartOf":{"@id":"https:\/\/dhr.se\/stockholmslan\/#website"},"datePublished":"2026-09-04T13:24:24+00:00","dateModified":"2026-09-04T13:59:34+00:00","breadcrumb":{"@id":"https:\/\/dhr.se\/stockholmslan\/valet-2026\/vad-tycker-regionpolitikerna-om-vart-manifest\/#breadcrumb"},"inLanguage":"sv-SE","potentialAction":[{"@type":"ReadAction","target":["https:\/\/dhr.se\/stockholmslan\/valet-2026\/vad-tycker-regionpolitikerna-om-vart-manifest\/"]}]},{"@type":"BreadcrumbList","@id":"https:\/\/dhr.se\/stockholmslan\/valet-2026\/vad-tycker-regionpolitikerna-om-vart-manifest\/#breadcrumb","itemListElement":[{"@type":"ListItem","position":1,"name":"Hem","item":"https:\/\/dhr.se\/stockholmslan\/"},{"@type":"ListItem","position":2,"name":"Valet 2026","item":"https:\/\/dhr.se\/stockholmslan\/valet-2026\/"},{"@type":"ListItem","position":3,"name":"Vad tycker regionpolitikerna om v\u00e5rt manifest?"}]},{"@type":"WebSite","@id":"https:\/\/dhr.se\/stockholmslan\/#website","url":"https:\/\/dhr.se\/stockholmslan\/","name":"DHR - Region Stockholm","description":"Delaktighet - Handlingskraft - R\u00f6relsefrihet","publisher":{"@id":"https:\/\/dhr.se\/stockholmslan\/#organization"},"potentialAction":[{"@type":"SearchAction","target":{"@type":"EntryPoint","urlTemplate":"https:\/\/dhr.se\/stockholmslan\/?s={search_term_string}"},"query-input":{"@type":"PropertyValueSpecification","valueRequired":true,"valueName":"search_term_string"}}],"inLanguage":"sv-SE"},{"@type":"Organization","@id":"https:\/\/dhr.se\/stockholmslan\/#organization","name":"DHR Region Stockholm","url":"https:\/\/dhr.se\/stockholmslan\/","logo":{"@type":"ImageObject","inLanguage":"sv-SE","@id":"https:\/\/dhr.se\/stockholmslan\/#\/schema\/logo\/image\/","url":"https:\/\/dhr.se\/stockholmslan\/wp-content\/uploads\/sites\/5\/2021\/12\/REGION-STOCKHOLM-orange-48-p.jpg","contentUrl":"https:\/\/dhr.se\/stockholmslan\/wp-content\/uploads\/sites\/5\/2021\/12\/REGION-STOCKHOLM-orange-48-p.jpg","width":891,"height":694,"caption":"DHR Region Stockholm"},"image":{"@id":"https:\/\/dhr.se\/stockholmslan\/#\/schema\/logo\/image\/"},"sameAs":["https:\/\/www.facebook.com\/DHRStockholmsLan","https:\/\/www.instagram.com\/dhr_sld\/"]}]}},"publishpress_future_action":{"enabled":false,"date":"2026-09-13 23:57:15","action":"change-status","newStatus":"draft","terms":[],"taxonomy":"translation_priority","extraData":[]},"publishpress_future_workflow_manual_trigger":{"enabledWorkflows":[]},"_links":{"self":[{"href":"https:\/\/dhr.se\/stockholmslan\/wp-json\/wp\/v2\/pages\/8200","targetHints":{"allow":["GET"]}}],"collection":[{"href":"https:\/\/dhr.se\/stockholmslan\/wp-json\/wp\/v2\/pages"}],"about":[{"href":"https:\/\/dhr.se\/stockholmslan\/wp-json\/wp\/v2\/types\/page"}],"author":[{"embeddable":true,"href":"https:\/\/dhr.se\/stockholmslan\/wp-json\/wp\/v2\/users\/101"}],"replies":[{"embeddable":true,"href":"https:\/\/dhr.se\/stockholmslan\/wp-json\/wp\/v2\/comments?post=8200"}],"version-history":[{"count":15,"href":"https:\/\/dhr.se\/stockholmslan\/wp-json\/wp\/v2\/pages\/8200\/revisions"}],"predecessor-version":[{"id":8218,"href":"https:\/\/dhr.se\/stockholmslan\/wp-json\/wp\/v2\/pages\/8200\/revisions\/8218"}],"up":[{"embeddable":true,"href":"https:\/\/dhr.se\/stockholmslan\/wp-json\/wp\/v2\/pages\/8025"}],"wp:attachment":[{"href":"https:\/\/dhr.se\/stockholmslan\/wp-json\/wp\/v2\/media?parent=8200"}],"curies":[{"name":"wp","href":"https:\/\/api.w.org\/{rel}","templated":true}]}}